{"id":4785,"date":"2018-09-10T17:32:23","date_gmt":"2018-09-10T17:32:23","guid":{"rendered":"http:\/\/www.inesmedina.com\/?page_id=4785"},"modified":"2018-11-05T10:55:09","modified_gmt":"2018-11-05T10:55:09","slug":"series-02-abstract-spatiality-sensorial-aspects-of-matter-1979-1980","status":"publish","type":"page","link":"https:\/\/www.inesmedina.com\/es\/las-21-series-de-la-investigacion-artistica-el-concepto-de-division\/series-02-abstract-spatiality-sensorial-aspects-of-matter-1979-1980\/","title":{"rendered":"Serie 02: Espacialidad abstracta, aspectos sensoriales de la materia, 1979-1980"},"content":{"rendered":"\n\t\t<style type=\"text\/css\">\n\t\t\t#gallery-2 {\n\t\t\t\tmargin: auto;\n\t\t\t}\n\t\t\t#gallery-2 .gallery-item {\n\t\t\t\tfloat: left;\n\t\t\t\tmargin-top: 10px;\n\t\t\t\ttext-align: center;\n\t\t\t\twidth: 50%;\n\t\t\t}\n\t\t\t#gallery-2 img {\n\t\t\t\tborder: 2px solid #cfcfcf;\n\t\t\t}\n\t\t\t#gallery-2 .gallery-caption {\n\t\t\t\tmargin-left: 0;\n\t\t\t}\n\t\t\t\/* see gallery_shortcode() in wp-includes\/media.php *\/\n\t\t<\/style>\n\t\t<div id='gallery-2' class='gallery galleryid-4785 gallery-columns-2 gallery-size-medium'><dl class='gallery-item'>\n\t\t\t<dt class='gallery-icon portrait'>\n\t\t\t\t<a href='https:\/\/www.inesmedina.com\/wp-content\/uploads\/2018\/07\/02-01-1.jpg'><img loading=\"lazy\" decoding=\"async\" width=\"221\" height=\"300\" src=\"https:\/\/www.inesmedina.com\/wp-content\/uploads\/2018\/07\/02-01-1-221x300.jpg\" class=\"attachment-medium size-medium\" alt=\"\" aria-describedby=\"gallery-2-4914\" srcset=\"https:\/\/www.inesmedina.com\/wp-content\/uploads\/2018\/07\/02-01-1-221x300.jpg 221w, https:\/\/www.inesmedina.com\/wp-content\/uploads\/2018\/07\/02-01-1.jpg 589w\" sizes=\"auto, (max-width: 221px) 100vw, 221px\" \/><\/a>\n\t\t\t<\/dt>\n\t\t\t\t<dd class='wp-caption-text gallery-caption' id='gallery-2-4914'>\n\t\t\t\t02-01\n\t\t\t\t<\/dd><\/dl><dl class='gallery-item'>\n\t\t\t<dt class='gallery-icon portrait'>\n\t\t\t\t<a href='https:\/\/www.inesmedina.com\/wp-content\/uploads\/2018\/07\/02-02-1.jpg'><img loading=\"lazy\" decoding=\"async\" width=\"240\" height=\"300\" src=\"https:\/\/www.inesmedina.com\/wp-content\/uploads\/2018\/07\/02-02-1-240x300.jpg\" class=\"attachment-medium size-medium\" alt=\"\" aria-describedby=\"gallery-2-4913\" srcset=\"https:\/\/www.inesmedina.com\/wp-content\/uploads\/2018\/07\/02-02-1-240x300.jpg 240w, https:\/\/www.inesmedina.com\/wp-content\/uploads\/2018\/07\/02-02-1.jpg 640w\" sizes=\"auto, (max-width: 240px) 100vw, 240px\" \/><\/a>\n\t\t\t<\/dt>\n\t\t\t\t<dd class='wp-caption-text gallery-caption' id='gallery-2-4913'>\n\t\t\t\t02-02\n\t\t\t\t<\/dd><\/dl><br style=\"clear: both\" \/><dl class='gallery-item'>\n\t\t\t<dt class='gallery-icon portrait'>\n\t\t\t\t<a href='https:\/\/www.inesmedina.com\/wp-content\/uploads\/2018\/07\/02-03-1.jpg'><img loading=\"lazy\" decoding=\"async\" width=\"240\" height=\"300\" src=\"https:\/\/www.inesmedina.com\/wp-content\/uploads\/2018\/07\/02-03-1-240x300.jpg\" class=\"attachment-medium size-medium\" alt=\"\" aria-describedby=\"gallery-2-4915\" srcset=\"https:\/\/www.inesmedina.com\/wp-content\/uploads\/2018\/07\/02-03-1-240x300.jpg 240w, https:\/\/www.inesmedina.com\/wp-content\/uploads\/2018\/07\/02-03-1.jpg 640w\" sizes=\"auto, (max-width: 240px) 100vw, 240px\" \/><\/a>\n\t\t\t<\/dt>\n\t\t\t\t<dd class='wp-caption-text gallery-caption' id='gallery-2-4915'>\n\t\t\t\t02-03\n\t\t\t\t<\/dd><\/dl><dl class='gallery-item'>\n\t\t\t<dt class='gallery-icon portrait'>\n\t\t\t\t<a href='https:\/\/www.inesmedina.com\/wp-content\/uploads\/2018\/07\/02-04-1.jpg'><img loading=\"lazy\" decoding=\"async\" width=\"240\" height=\"300\" src=\"https:\/\/www.inesmedina.com\/wp-content\/uploads\/2018\/07\/02-04-1-240x300.jpg\" class=\"attachment-medium size-medium\" alt=\"\" aria-describedby=\"gallery-2-4916\" srcset=\"https:\/\/www.inesmedina.com\/wp-content\/uploads\/2018\/07\/02-04-1-240x300.jpg 240w, https:\/\/www.inesmedina.com\/wp-content\/uploads\/2018\/07\/02-04-1.jpg 640w\" sizes=\"auto, (max-width: 240px) 100vw, 240px\" \/><\/a>\n\t\t\t<\/dt>\n\t\t\t\t<dd class='wp-caption-text gallery-caption' id='gallery-2-4916'>\n\t\t\t\t02-04\n\t\t\t\t<\/dd><\/dl><br style=\"clear: both\" \/><dl class='gallery-item'>\n\t\t\t<dt class='gallery-icon portrait'>\n\t\t\t\t<a href='https:\/\/www.inesmedina.com\/wp-content\/uploads\/2018\/07\/02-05.jpg'><img loading=\"lazy\" decoding=\"async\" width=\"240\" height=\"300\" src=\"https:\/\/www.inesmedina.com\/wp-content\/uploads\/2018\/07\/02-05-240x300.jpg\" class=\"attachment-medium size-medium\" alt=\"\" aria-describedby=\"gallery-2-4917\" srcset=\"https:\/\/www.inesmedina.com\/wp-content\/uploads\/2018\/07\/02-05-240x300.jpg 240w, https:\/\/www.inesmedina.com\/wp-content\/uploads\/2018\/07\/02-05.jpg 640w\" sizes=\"auto, (max-width: 240px) 100vw, 240px\" \/><\/a>\n\t\t\t<\/dt>\n\t\t\t\t<dd class='wp-caption-text gallery-caption' id='gallery-2-4917'>\n\t\t\t\t02-05\n\t\t\t\t<\/dd><\/dl>\n\t\t\t<br style='clear: both' \/>\n\t\t<\/div>\n\n<p align=\"justify\">Serie 02: Espacialidad abstracta, aspectos sensoriales de la materia, 1979-1980<\/p>\n<p align=\"justify\">Se inici\u00f3 esta serie con el incontenible deseo de pintar un cuadro de un intenso y totalmente saturado color amarillo cadmio. Con el, iniciaba el estudio de una dimensi\u00f3n m\u00e1s, respecto a las estudiadas con la serie anterior: La espacialidad. Para ello tensaba a\u00fan mucho m\u00e1s la forma, llegando \u00e9sta a desaparecer totalmente, o a ser l\u00edmite abstracto geom\u00e9trico, contenedor de la carga saturada de color puro, aplicado con pigmentos mezclados con algo de l\u00e1tex y agua, sobre telas v\u00edrgenes. Impregnadas en su reverso con selladora. Las cualidades del color puro, juntamente con las cualidades de las sensaciones t\u00e1ctiles de la materia, pigmentos apenas mezclados con algo de l\u00e1tex y agua, en unos soportes de dimensiones mucho mayores, a\u00f1ad\u00edan una sensaci\u00f3n de espacialidad a los cuadros de esta serie.<\/p>\n<p align=\"justify\">\n","protected":false},"excerpt":{"rendered":"<p>Serie 02: Espacialidad abstracta, aspectos sensoriales de la materia, 1979-1980 Se inici\u00f3 esta serie con el incontenible deseo de pintar un cuadro de un intenso y totalmente saturado color amarillo cadmio. Con el, iniciaba el estudio de una dimensi\u00f3n m\u00e1s, respecto a las estudiadas con&#8230;<\/p>\n","protected":false},"author":1,"featured_media":0,"parent":4859,"menu_order":0,"comment_status":"open","ping_status":"open","template":"","meta":{"footnotes":""},"class_list":["post-4785","page","type-page","status-publish","hentry"],"_links":{"self":[{"href":"https:\/\/www.inesmedina.com\/es\/wp-json\/wp\/v2\/pages\/4785","targetHints":{"allow":["GET"]}}],"collection":[{"href":"https:\/\/www.inesmedina.com\/es\/wp-json\/wp\/v2\/pages"}],"about":[{"href":"https:\/\/www.inesmedina.com\/es\/wp-json\/wp\/v2\/types\/page"}],"author":[{"embeddable":true,"href":"https:\/\/www.inesmedina.com\/es\/wp-json\/wp\/v2\/users\/1"}],"replies":[{"embeddable":true,"href":"https:\/\/www.inesmedina.com\/es\/wp-json\/wp\/v2\/comments?post=4785"}],"version-history":[{"count":3,"href":"https:\/\/www.inesmedina.com\/es\/wp-json\/wp\/v2\/pages\/4785\/revisions"}],"predecessor-version":[{"id":5802,"href":"https:\/\/www.inesmedina.com\/es\/wp-json\/wp\/v2\/pages\/4785\/revisions\/5802"}],"up":[{"embeddable":true,"href":"https:\/\/www.inesmedina.com\/es\/wp-json\/wp\/v2\/pages\/4859"}],"wp:attachment":[{"href":"https:\/\/www.inesmedina.com\/es\/wp-json\/wp\/v2\/media?parent=4785"}],"curies":[{"name":"wp","href":"https:\/\/api.w.org\/{rel}","templated":true}]}}