{"id":4800,"date":"2018-09-12T13:54:19","date_gmt":"2018-09-12T13:54:19","guid":{"rendered":"http:\/\/www.inesmedina.com\/?page_id=4800"},"modified":"2018-11-05T10:34:36","modified_gmt":"2018-11-05T10:34:36","slug":"series-01-my-first-abstract-explorations-abstract-expressionism-and-some-sensorial-aspects-of-the-material-1979-1980","status":"publish","type":"page","link":"https:\/\/www.inesmedina.com\/es\/las-21-series-de-la-investigacion-artistica-el-concepto-de-division\/series-01-my-first-abstract-explorations-abstract-expressionism-and-some-sensorial-aspects-of-the-material-1979-1980\/","title":{"rendered":"Serie 01: Mis primeras investigaciones abstractas. El expresionismo abstracto y aspectos sensoriales de la materia, 1979-1980"},"content":{"rendered":"\n\t\t<style type=\"text\/css\">\n\t\t\t#gallery-2 {\n\t\t\t\tmargin: auto;\n\t\t\t}\n\t\t\t#gallery-2 .gallery-item {\n\t\t\t\tfloat: left;\n\t\t\t\tmargin-top: 10px;\n\t\t\t\ttext-align: center;\n\t\t\t\twidth: 33%;\n\t\t\t}\n\t\t\t#gallery-2 img {\n\t\t\t\tborder: 2px solid #cfcfcf;\n\t\t\t}\n\t\t\t#gallery-2 .gallery-caption {\n\t\t\t\tmargin-left: 0;\n\t\t\t}\n\t\t\t\/* see gallery_shortcode() in wp-includes\/media.php *\/\n\t\t<\/style>\n\t\t<div id='gallery-2' class='gallery galleryid-4800 gallery-columns-3 gallery-size-medium'><dl class='gallery-item'>\n\t\t\t<dt class='gallery-icon portrait'>\n\t\t\t\t<a href='https:\/\/www.inesmedina.com\/wp-content\/uploads\/2018\/07\/01-01-1.jpg'><img loading=\"lazy\" decoding=\"async\" width=\"224\" height=\"300\" src=\"https:\/\/www.inesmedina.com\/wp-content\/uploads\/2018\/07\/01-01-1-224x300.jpg\" class=\"attachment-medium size-medium\" alt=\"\" aria-describedby=\"gallery-2-4805\" srcset=\"https:\/\/www.inesmedina.com\/wp-content\/uploads\/2018\/07\/01-01-1-224x300.jpg 224w, https:\/\/www.inesmedina.com\/wp-content\/uploads\/2018\/07\/01-01-1.jpg 596w\" sizes=\"auto, (max-width: 224px) 100vw, 224px\" \/><\/a>\n\t\t\t<\/dt>\n\t\t\t\t<dd class='wp-caption-text gallery-caption' id='gallery-2-4805'>\n\t\t\t\t01-01\n\t\t\t\t<\/dd><\/dl><dl class='gallery-item'>\n\t\t\t<dt class='gallery-icon portrait'>\n\t\t\t\t<a href='https:\/\/www.inesmedina.com\/wp-content\/uploads\/2018\/07\/01-02-1.jpg'><img loading=\"lazy\" decoding=\"async\" width=\"215\" height=\"300\" src=\"https:\/\/www.inesmedina.com\/wp-content\/uploads\/2018\/07\/01-02-1-215x300.jpg\" class=\"attachment-medium size-medium\" alt=\"\" aria-describedby=\"gallery-2-4804\" srcset=\"https:\/\/www.inesmedina.com\/wp-content\/uploads\/2018\/07\/01-02-1-215x300.jpg 215w, https:\/\/www.inesmedina.com\/wp-content\/uploads\/2018\/07\/01-02-1.jpg 572w\" sizes=\"auto, (max-width: 215px) 100vw, 215px\" \/><\/a>\n\t\t\t<\/dt>\n\t\t\t\t<dd class='wp-caption-text gallery-caption' id='gallery-2-4804'>\n\t\t\t\t01-02\n\t\t\t\t<\/dd><\/dl><dl class='gallery-item'>\n\t\t\t<dt class='gallery-icon portrait'>\n\t\t\t\t<a href='https:\/\/www.inesmedina.com\/wp-content\/uploads\/2018\/07\/01-03-1.jpg'><img loading=\"lazy\" decoding=\"async\" width=\"239\" height=\"300\" src=\"https:\/\/www.inesmedina.com\/wp-content\/uploads\/2018\/07\/01-03-1-239x300.jpg\" class=\"attachment-medium size-medium\" alt=\"\" aria-describedby=\"gallery-2-4803\" srcset=\"https:\/\/www.inesmedina.com\/wp-content\/uploads\/2018\/07\/01-03-1-239x300.jpg 239w, https:\/\/www.inesmedina.com\/wp-content\/uploads\/2018\/07\/01-03-1.jpg 637w\" sizes=\"auto, (max-width: 239px) 100vw, 239px\" \/><\/a>\n\t\t\t<\/dt>\n\t\t\t\t<dd class='wp-caption-text gallery-caption' id='gallery-2-4803'>\n\t\t\t\t01-03\n\t\t\t\t<\/dd><\/dl><br style=\"clear: both\" \/><dl class='gallery-item'>\n\t\t\t<dt class='gallery-icon portrait'>\n\t\t\t\t<a href='https:\/\/www.inesmedina.com\/wp-content\/uploads\/2018\/07\/01-04-1.jpg'><img loading=\"lazy\" decoding=\"async\" width=\"239\" height=\"300\" src=\"https:\/\/www.inesmedina.com\/wp-content\/uploads\/2018\/07\/01-04-1-239x300.jpg\" class=\"attachment-medium size-medium\" alt=\"\" aria-describedby=\"gallery-2-4802\" srcset=\"https:\/\/www.inesmedina.com\/wp-content\/uploads\/2018\/07\/01-04-1-239x300.jpg 239w, https:\/\/www.inesmedina.com\/wp-content\/uploads\/2018\/07\/01-04-1.jpg 638w\" sizes=\"auto, (max-width: 239px) 100vw, 239px\" \/><\/a>\n\t\t\t<\/dt>\n\t\t\t\t<dd class='wp-caption-text gallery-caption' id='gallery-2-4802'>\n\t\t\t\t01-04\n\t\t\t\t<\/dd><\/dl><dl class='gallery-item'>\n\t\t\t<dt class='gallery-icon portrait'>\n\t\t\t\t<a href='https:\/\/www.inesmedina.com\/wp-content\/uploads\/2018\/07\/01-05-1.jpg'><img loading=\"lazy\" decoding=\"async\" width=\"242\" height=\"300\" src=\"https:\/\/www.inesmedina.com\/wp-content\/uploads\/2018\/07\/01-05-1-242x300.jpg\" class=\"attachment-medium size-medium\" alt=\"\" aria-describedby=\"gallery-2-4801\" srcset=\"https:\/\/www.inesmedina.com\/wp-content\/uploads\/2018\/07\/01-05-1-242x300.jpg 242w, https:\/\/www.inesmedina.com\/wp-content\/uploads\/2018\/07\/01-05-1.jpg 646w\" sizes=\"auto, (max-width: 242px) 100vw, 242px\" \/><\/a>\n\t\t\t<\/dt>\n\t\t\t\t<dd class='wp-caption-text gallery-caption' id='gallery-2-4801'>\n\t\t\t\t01-05\n\t\t\t\t<\/dd><\/dl><dl class='gallery-item'>\n\t\t\t<dt class='gallery-icon portrait'>\n\t\t\t\t<a href='https:\/\/www.inesmedina.com\/wp-content\/uploads\/2018\/07\/01-06.jpg'><img loading=\"lazy\" decoding=\"async\" width=\"241\" height=\"300\" src=\"https:\/\/www.inesmedina.com\/wp-content\/uploads\/2018\/07\/01-06-241x300.jpg\" class=\"attachment-medium size-medium\" alt=\"\" aria-describedby=\"gallery-2-4806\" srcset=\"https:\/\/www.inesmedina.com\/wp-content\/uploads\/2018\/07\/01-06-241x300.jpg 241w, https:\/\/www.inesmedina.com\/wp-content\/uploads\/2018\/07\/01-06.jpg 642w\" sizes=\"auto, (max-width: 241px) 100vw, 241px\" \/><\/a>\n\t\t\t<\/dt>\n\t\t\t\t<dd class='wp-caption-text gallery-caption' id='gallery-2-4806'>\n\t\t\t\t01-06\n\t\t\t\t<\/dd><\/dl><br style=\"clear: both\" \/>\n\t\t<\/div>\n\n<p align=\"justify\">Serie 01: Mis primeras investigaciones abstractas. El expresionismo abstracto y aspectos sensoriales de la materia, 1979-1980<\/p>\n<p align=\"justify\">Asimilados los conceptos cl\u00e1sicos y no tan cl\u00e1sicos de la representaci\u00f3n del natural, con las disciplinas de dibujo, la pintura y la escultura, transmut\u00e9 mi inter\u00e9s, que se dirigi\u00f3 exactamente a la expresi\u00f3n por medio del color, con pigmentos puros fi jados con algo de l\u00e1tex y agua sobre lienzos crudos, impresos con selladora por el rev\u00e9s de la tela. Rechac\u00e9 totalmente cualquier tema, forma o cosa a representar. La actitud del pintar, fue expresarme directamente con el color puro en pigmento, apenas diluido en agua y l\u00e1tex sobre el lienzo crudo. El resultado de estas experimentaciones fue una sensibilizaci\u00f3n profunda con el signifi cado y expresi\u00f3n del color en s\u00ed, de cada color en s\u00ed y de la materia en s\u00ed. Los tama\u00f1os de estas experimentaciones, sus soportes, fueron de peque\u00f1o y mediano. Fundamentalmente sobre tela, pero tambi\u00e9n sobre papel y cart\u00f3n. Fue una etapa corta, seguida de otra inmediata en la que me planteaba ya una abstracci\u00f3n total de la forma, pero continuando con la investigaci\u00f3n del color y de la textura de la materia en relaci\u00f3n con la tela, sobre soportes de mayor tama\u00f1o.<\/p>\n<p align=\"justify\">\n","protected":false},"excerpt":{"rendered":"<p>Serie 01: Mis primeras investigaciones abstractas. El expresionismo abstracto y aspectos sensoriales de la materia, 1979-1980 Asimilados los conceptos cl\u00e1sicos y no tan cl\u00e1sicos de la representaci\u00f3n del natural, con las disciplinas de dibujo, la pintura y la escultura, transmut\u00e9 mi inter\u00e9s, que se dirigi\u00f3&#8230;<\/p>\n","protected":false},"author":2,"featured_media":0,"parent":4859,"menu_order":0,"comment_status":"open","ping_status":"open","template":"","meta":{"footnotes":""},"class_list":["post-4800","page","type-page","status-publish","hentry"],"_links":{"self":[{"href":"https:\/\/www.inesmedina.com\/es\/wp-json\/wp\/v2\/pages\/4800","targetHints":{"allow":["GET"]}}],"collection":[{"href":"https:\/\/www.inesmedina.com\/es\/wp-json\/wp\/v2\/pages"}],"about":[{"href":"https:\/\/www.inesmedina.com\/es\/wp-json\/wp\/v2\/types\/page"}],"author":[{"embeddable":true,"href":"https:\/\/www.inesmedina.com\/es\/wp-json\/wp\/v2\/users\/2"}],"replies":[{"embeddable":true,"href":"https:\/\/www.inesmedina.com\/es\/wp-json\/wp\/v2\/comments?post=4800"}],"version-history":[{"count":5,"href":"https:\/\/www.inesmedina.com\/es\/wp-json\/wp\/v2\/pages\/4800\/revisions"}],"predecessor-version":[{"id":5800,"href":"https:\/\/www.inesmedina.com\/es\/wp-json\/wp\/v2\/pages\/4800\/revisions\/5800"}],"up":[{"embeddable":true,"href":"https:\/\/www.inesmedina.com\/es\/wp-json\/wp\/v2\/pages\/4859"}],"wp:attachment":[{"href":"https:\/\/www.inesmedina.com\/es\/wp-json\/wp\/v2\/media?parent=4800"}],"curies":[{"name":"wp","href":"https:\/\/api.w.org\/{rel}","templated":true}]}}