{"id":4978,"date":"2018-11-04T06:50:38","date_gmt":"2018-11-04T06:50:38","guid":{"rendered":"http:\/\/www.inesmedina.com\/?page_id=4978"},"modified":"2018-11-05T11:41:41","modified_gmt":"2018-11-05T11:41:41","slug":"series-06-the-potential-image-1983-1991","status":"publish","type":"page","link":"https:\/\/www.inesmedina.com\/es\/las-21-series-de-la-investigacion-artistica-el-concepto-de-division\/series-06-the-potential-image-1983-1991\/","title":{"rendered":"Serie 06: La Imagen Potencial, 1983-1991"},"content":{"rendered":"\n\t\t<style type=\"text\/css\">\n\t\t\t#gallery-2 {\n\t\t\t\tmargin: auto;\n\t\t\t}\n\t\t\t#gallery-2 .gallery-item {\n\t\t\t\tfloat: left;\n\t\t\t\tmargin-top: 10px;\n\t\t\t\ttext-align: center;\n\t\t\t\twidth: 33%;\n\t\t\t}\n\t\t\t#gallery-2 img {\n\t\t\t\tborder: 2px solid #cfcfcf;\n\t\t\t}\n\t\t\t#gallery-2 .gallery-caption {\n\t\t\t\tmargin-left: 0;\n\t\t\t}\n\t\t\t\/* see gallery_shortcode() in wp-includes\/media.php *\/\n\t\t<\/style>\n\t\t<div id='gallery-2' class='gallery galleryid-4978 gallery-columns-3 gallery-size-medium'><dl class='gallery-item'>\n\t\t\t<dt class='gallery-icon portrait'>\n\t\t\t\t<a href='https:\/\/www.inesmedina.com\/wp-content\/uploads\/2018\/07\/06-02-1.jpg'><img loading=\"lazy\" decoding=\"async\" width=\"245\" height=\"300\" src=\"https:\/\/www.inesmedina.com\/wp-content\/uploads\/2018\/07\/06-02-1-245x300.jpg\" class=\"attachment-medium size-medium\" alt=\"\" aria-describedby=\"gallery-2-4981\" srcset=\"https:\/\/www.inesmedina.com\/wp-content\/uploads\/2018\/07\/06-02-1-245x300.jpg 245w, https:\/\/www.inesmedina.com\/wp-content\/uploads\/2018\/07\/06-02-1.jpg 652w\" sizes=\"auto, (max-width: 245px) 100vw, 245px\" \/><\/a>\n\t\t\t<\/dt>\n\t\t\t\t<dd class='wp-caption-text gallery-caption' id='gallery-2-4981'>\n\t\t\t\t06-01\n\t\t\t\t<\/dd><\/dl><dl class='gallery-item'>\n\t\t\t<dt class='gallery-icon portrait'>\n\t\t\t\t<a href='https:\/\/www.inesmedina.com\/wp-content\/uploads\/2018\/07\/06-05-1.jpg'><img loading=\"lazy\" decoding=\"async\" width=\"242\" height=\"300\" src=\"https:\/\/www.inesmedina.com\/wp-content\/uploads\/2018\/07\/06-05-1-242x300.jpg\" class=\"attachment-medium size-medium\" alt=\"\" aria-describedby=\"gallery-2-4984\" srcset=\"https:\/\/www.inesmedina.com\/wp-content\/uploads\/2018\/07\/06-05-1-242x300.jpg 242w, https:\/\/www.inesmedina.com\/wp-content\/uploads\/2018\/07\/06-05-1.jpg 646w\" sizes=\"auto, (max-width: 242px) 100vw, 242px\" \/><\/a>\n\t\t\t<\/dt>\n\t\t\t\t<dd class='wp-caption-text gallery-caption' id='gallery-2-4984'>\n\t\t\t\t06-02\n\t\t\t\t<\/dd><\/dl><dl class='gallery-item'>\n\t\t\t<dt class='gallery-icon portrait'>\n\t\t\t\t<a href='https:\/\/www.inesmedina.com\/wp-content\/uploads\/2018\/07\/06-16-1.jpg'><img loading=\"lazy\" decoding=\"async\" width=\"239\" height=\"300\" src=\"https:\/\/www.inesmedina.com\/wp-content\/uploads\/2018\/07\/06-16-1-239x300.jpg\" class=\"attachment-medium size-medium\" alt=\"\" aria-describedby=\"gallery-2-4995\" srcset=\"https:\/\/www.inesmedina.com\/wp-content\/uploads\/2018\/07\/06-16-1-239x300.jpg 239w, https:\/\/www.inesmedina.com\/wp-content\/uploads\/2018\/07\/06-16-1.jpg 636w\" sizes=\"auto, (max-width: 239px) 100vw, 239px\" \/><\/a>\n\t\t\t<\/dt>\n\t\t\t\t<dd class='wp-caption-text gallery-caption' id='gallery-2-4995'>\n\t\t\t\t06-03\n\t\t\t\t<\/dd><\/dl><br style=\"clear: both\" \/><dl class='gallery-item'>\n\t\t\t<dt class='gallery-icon portrait'>\n\t\t\t\t<a href='https:\/\/www.inesmedina.com\/wp-content\/uploads\/2018\/07\/06-17-1.jpg'><img loading=\"lazy\" decoding=\"async\" width=\"221\" height=\"300\" src=\"https:\/\/www.inesmedina.com\/wp-content\/uploads\/2018\/07\/06-17-1-221x300.jpg\" class=\"attachment-medium size-medium\" alt=\"\" aria-describedby=\"gallery-2-4996\" srcset=\"https:\/\/www.inesmedina.com\/wp-content\/uploads\/2018\/07\/06-17-1-221x300.jpg 221w, https:\/\/www.inesmedina.com\/wp-content\/uploads\/2018\/07\/06-17-1.jpg 590w\" sizes=\"auto, (max-width: 221px) 100vw, 221px\" \/><\/a>\n\t\t\t<\/dt>\n\t\t\t\t<dd class='wp-caption-text gallery-caption' id='gallery-2-4996'>\n\t\t\t\t06-04\n\t\t\t\t<\/dd><\/dl><dl class='gallery-item'>\n\t\t\t<dt class='gallery-icon portrait'>\n\t\t\t\t<a href='https:\/\/www.inesmedina.com\/wp-content\/uploads\/2018\/07\/06-14-1.jpg'><img loading=\"lazy\" decoding=\"async\" width=\"201\" height=\"300\" src=\"https:\/\/www.inesmedina.com\/wp-content\/uploads\/2018\/07\/06-14-1-201x300.jpg\" class=\"attachment-medium size-medium\" alt=\"\" aria-describedby=\"gallery-2-4993\" srcset=\"https:\/\/www.inesmedina.com\/wp-content\/uploads\/2018\/07\/06-14-1-201x300.jpg 201w, https:\/\/www.inesmedina.com\/wp-content\/uploads\/2018\/07\/06-14-1.jpg 535w\" sizes=\"auto, (max-width: 201px) 100vw, 201px\" \/><\/a>\n\t\t\t<\/dt>\n\t\t\t\t<dd class='wp-caption-text gallery-caption' id='gallery-2-4993'>\n\t\t\t\t06-05\n\t\t\t\t<\/dd><\/dl><dl class='gallery-item'>\n\t\t\t<dt class='gallery-icon portrait'>\n\t\t\t\t<a href='https:\/\/www.inesmedina.com\/wp-content\/uploads\/2018\/07\/06-15-1.jpg'><img loading=\"lazy\" decoding=\"async\" width=\"252\" height=\"300\" src=\"https:\/\/www.inesmedina.com\/wp-content\/uploads\/2018\/07\/06-15-1-252x300.jpg\" class=\"attachment-medium size-medium\" alt=\"\" aria-describedby=\"gallery-2-4994\" srcset=\"https:\/\/www.inesmedina.com\/wp-content\/uploads\/2018\/07\/06-15-1-252x300.jpg 252w, https:\/\/www.inesmedina.com\/wp-content\/uploads\/2018\/07\/06-15-1.jpg 673w\" sizes=\"auto, (max-width: 252px) 100vw, 252px\" \/><\/a>\n\t\t\t<\/dt>\n\t\t\t\t<dd class='wp-caption-text gallery-caption' id='gallery-2-4994'>\n\t\t\t\t06-06\n\t\t\t\t<\/dd><\/dl><br style=\"clear: both\" \/><dl class='gallery-item'>\n\t\t\t<dt class='gallery-icon landscape'>\n\t\t\t\t<a href='https:\/\/www.inesmedina.com\/wp-content\/uploads\/2018\/07\/06-06-1.jpg'><img loading=\"lazy\" decoding=\"async\" width=\"300\" height=\"297\" src=\"https:\/\/www.inesmedina.com\/wp-content\/uploads\/2018\/07\/06-06-1-300x297.jpg\" class=\"attachment-medium size-medium\" alt=\"\" aria-describedby=\"gallery-2-4985\" srcset=\"https:\/\/www.inesmedina.com\/wp-content\/uploads\/2018\/07\/06-06-1-300x297.jpg 300w, https:\/\/www.inesmedina.com\/wp-content\/uploads\/2018\/07\/06-06-1-150x150.jpg 150w, https:\/\/www.inesmedina.com\/wp-content\/uploads\/2018\/07\/06-06-1-768x759.jpg 768w, https:\/\/www.inesmedina.com\/wp-content\/uploads\/2018\/07\/06-06-1-700x692.jpg 700w, https:\/\/www.inesmedina.com\/wp-content\/uploads\/2018\/07\/06-06-1.jpg 800w\" sizes=\"auto, (max-width: 300px) 100vw, 300px\" \/><\/a>\n\t\t\t<\/dt>\n\t\t\t\t<dd class='wp-caption-text gallery-caption' id='gallery-2-4985'>\n\t\t\t\t06-07\n\t\t\t\t<\/dd><\/dl><dl class='gallery-item'>\n\t\t\t<dt class='gallery-icon landscape'>\n\t\t\t\t<a href='https:\/\/www.inesmedina.com\/wp-content\/uploads\/2018\/07\/06-19.jpg'><img loading=\"lazy\" decoding=\"async\" width=\"300\" height=\"234\" src=\"https:\/\/www.inesmedina.com\/wp-content\/uploads\/2018\/07\/06-19-300x234.jpg\" class=\"attachment-medium size-medium\" alt=\"\" aria-describedby=\"gallery-2-4998\" srcset=\"https:\/\/www.inesmedina.com\/wp-content\/uploads\/2018\/07\/06-19-300x234.jpg 300w, https:\/\/www.inesmedina.com\/wp-content\/uploads\/2018\/07\/06-19-768x599.jpg 768w, https:\/\/www.inesmedina.com\/wp-content\/uploads\/2018\/07\/06-19-700x546.jpg 700w, https:\/\/www.inesmedina.com\/wp-content\/uploads\/2018\/07\/06-19.jpg 800w\" sizes=\"auto, (max-width: 300px) 100vw, 300px\" \/><\/a>\n\t\t\t<\/dt>\n\t\t\t\t<dd class='wp-caption-text gallery-caption' id='gallery-2-4998'>\n\t\t\t\t06-08\n\t\t\t\t<\/dd><\/dl><dl class='gallery-item'>\n\t\t\t<dt class='gallery-icon landscape'>\n\t\t\t\t<a href='https:\/\/www.inesmedina.com\/wp-content\/uploads\/2018\/07\/06-09-1.jpg'><img loading=\"lazy\" decoding=\"async\" width=\"300\" height=\"297\" src=\"https:\/\/www.inesmedina.com\/wp-content\/uploads\/2018\/07\/06-09-1-300x297.jpg\" class=\"attachment-medium size-medium\" alt=\"\" aria-describedby=\"gallery-2-4988\" srcset=\"https:\/\/www.inesmedina.com\/wp-content\/uploads\/2018\/07\/06-09-1-300x297.jpg 300w, https:\/\/www.inesmedina.com\/wp-content\/uploads\/2018\/07\/06-09-1-150x150.jpg 150w, https:\/\/www.inesmedina.com\/wp-content\/uploads\/2018\/07\/06-09-1-768x760.jpg 768w, https:\/\/www.inesmedina.com\/wp-content\/uploads\/2018\/07\/06-09-1-700x693.jpg 700w, https:\/\/www.inesmedina.com\/wp-content\/uploads\/2018\/07\/06-09-1.jpg 800w\" sizes=\"auto, (max-width: 300px) 100vw, 300px\" \/><\/a>\n\t\t\t<\/dt>\n\t\t\t\t<dd class='wp-caption-text gallery-caption' id='gallery-2-4988'>\n\t\t\t\t06-09\n\t\t\t\t<\/dd><\/dl><br style=\"clear: both\" \/><dl class='gallery-item'>\n\t\t\t<dt class='gallery-icon portrait'>\n\t\t\t\t<a href='https:\/\/www.inesmedina.com\/wp-content\/uploads\/2018\/07\/06-03-1.jpg'><img loading=\"lazy\" decoding=\"async\" width=\"300\" height=\"300\" src=\"https:\/\/www.inesmedina.com\/wp-content\/uploads\/2018\/07\/06-03-1-300x300.jpg\" class=\"attachment-medium size-medium\" alt=\"\" aria-describedby=\"gallery-2-4982\" srcset=\"https:\/\/www.inesmedina.com\/wp-content\/uploads\/2018\/07\/06-03-1-300x300.jpg 300w, https:\/\/www.inesmedina.com\/wp-content\/uploads\/2018\/07\/06-03-1-150x150.jpg 150w, https:\/\/www.inesmedina.com\/wp-content\/uploads\/2018\/07\/06-03-1-768x769.jpg 768w, https:\/\/www.inesmedina.com\/wp-content\/uploads\/2018\/07\/06-03-1-570x570.jpg 570w, https:\/\/www.inesmedina.com\/wp-content\/uploads\/2018\/07\/06-03-1-500x500.jpg 500w, https:\/\/www.inesmedina.com\/wp-content\/uploads\/2018\/07\/06-03-1-700x701.jpg 700w, https:\/\/www.inesmedina.com\/wp-content\/uploads\/2018\/07\/06-03-1.jpg 799w\" sizes=\"auto, (max-width: 300px) 100vw, 300px\" \/><\/a>\n\t\t\t<\/dt>\n\t\t\t\t<dd class='wp-caption-text gallery-caption' id='gallery-2-4982'>\n\t\t\t\t06-10\n\t\t\t\t<\/dd><\/dl><dl class='gallery-item'>\n\t\t\t<dt class='gallery-icon landscape'>\n\t\t\t\t<a href='https:\/\/www.inesmedina.com\/wp-content\/uploads\/2018\/07\/06-12-1.jpg'><img loading=\"lazy\" decoding=\"async\" width=\"300\" height=\"300\" src=\"https:\/\/www.inesmedina.com\/wp-content\/uploads\/2018\/07\/06-12-1-300x300.jpg\" class=\"attachment-medium size-medium\" alt=\"\" aria-describedby=\"gallery-2-4991\" srcset=\"https:\/\/www.inesmedina.com\/wp-content\/uploads\/2018\/07\/06-12-1-300x300.jpg 300w, https:\/\/www.inesmedina.com\/wp-content\/uploads\/2018\/07\/06-12-1-150x150.jpg 150w, https:\/\/www.inesmedina.com\/wp-content\/uploads\/2018\/07\/06-12-1-570x570.jpg 570w, https:\/\/www.inesmedina.com\/wp-content\/uploads\/2018\/07\/06-12-1-500x500.jpg 500w, https:\/\/www.inesmedina.com\/wp-content\/uploads\/2018\/07\/06-12-1-700x697.jpg 700w, https:\/\/www.inesmedina.com\/wp-content\/uploads\/2018\/07\/06-12-1.jpg 800w\" sizes=\"auto, (max-width: 300px) 100vw, 300px\" \/><\/a>\n\t\t\t<\/dt>\n\t\t\t\t<dd class='wp-caption-text gallery-caption' id='gallery-2-4991'>\n\t\t\t\t06-11\n\t\t\t\t<\/dd><\/dl><dl class='gallery-item'>\n\t\t\t<dt class='gallery-icon portrait'>\n\t\t\t\t<a href='https:\/\/www.inesmedina.com\/wp-content\/uploads\/2018\/07\/06-04-1.jpg'><img loading=\"lazy\" decoding=\"async\" width=\"298\" height=\"300\" src=\"https:\/\/www.inesmedina.com\/wp-content\/uploads\/2018\/07\/06-04-1-298x300.jpg\" class=\"attachment-medium size-medium\" alt=\"\" aria-describedby=\"gallery-2-4983\" srcset=\"https:\/\/www.inesmedina.com\/wp-content\/uploads\/2018\/07\/06-04-1-298x300.jpg 298w, https:\/\/www.inesmedina.com\/wp-content\/uploads\/2018\/07\/06-04-1-150x150.jpg 150w, https:\/\/www.inesmedina.com\/wp-content\/uploads\/2018\/07\/06-04-1-768x773.jpg 768w, https:\/\/www.inesmedina.com\/wp-content\/uploads\/2018\/07\/06-04-1-700x704.jpg 700w, https:\/\/www.inesmedina.com\/wp-content\/uploads\/2018\/07\/06-04-1.jpg 795w\" sizes=\"auto, (max-width: 298px) 100vw, 298px\" \/><\/a>\n\t\t\t<\/dt>\n\t\t\t\t<dd class='wp-caption-text gallery-caption' id='gallery-2-4983'>\n\t\t\t\t06-12\n\t\t\t\t<\/dd><\/dl><br style=\"clear: both\" \/><dl class='gallery-item'>\n\t\t\t<dt class='gallery-icon portrait'>\n\t\t\t\t<a href='https:\/\/www.inesmedina.com\/wp-content\/uploads\/2018\/07\/06-07-1.jpg'><img loading=\"lazy\" decoding=\"async\" width=\"294\" height=\"300\" src=\"https:\/\/www.inesmedina.com\/wp-content\/uploads\/2018\/07\/06-07-1-294x300.jpg\" class=\"attachment-medium size-medium\" alt=\"\" aria-describedby=\"gallery-2-4986\" srcset=\"https:\/\/www.inesmedina.com\/wp-content\/uploads\/2018\/07\/06-07-1-294x300.jpg 294w, https:\/\/www.inesmedina.com\/wp-content\/uploads\/2018\/07\/06-07-1-768x785.jpg 768w, https:\/\/www.inesmedina.com\/wp-content\/uploads\/2018\/07\/06-07-1-700x715.jpg 700w, https:\/\/www.inesmedina.com\/wp-content\/uploads\/2018\/07\/06-07-1.jpg 783w\" sizes=\"auto, (max-width: 294px) 100vw, 294px\" \/><\/a>\n\t\t\t<\/dt>\n\t\t\t\t<dd class='wp-caption-text gallery-caption' id='gallery-2-4986'>\n\t\t\t\t06-13\n\t\t\t\t<\/dd><\/dl><dl class='gallery-item'>\n\t\t\t<dt class='gallery-icon landscape'>\n\t\t\t\t<a href='https:\/\/www.inesmedina.com\/wp-content\/uploads\/2018\/07\/06-20.jpg'><img loading=\"lazy\" decoding=\"async\" width=\"300\" height=\"239\" src=\"https:\/\/www.inesmedina.com\/wp-content\/uploads\/2018\/07\/06-20-300x239.jpg\" class=\"attachment-medium size-medium\" alt=\"\" aria-describedby=\"gallery-2-4999\" srcset=\"https:\/\/www.inesmedina.com\/wp-content\/uploads\/2018\/07\/06-20-300x239.jpg 300w, https:\/\/www.inesmedina.com\/wp-content\/uploads\/2018\/07\/06-20-768x612.jpg 768w, https:\/\/www.inesmedina.com\/wp-content\/uploads\/2018\/07\/06-20-700x557.jpg 700w, https:\/\/www.inesmedina.com\/wp-content\/uploads\/2018\/07\/06-20.jpg 800w\" sizes=\"auto, (max-width: 300px) 100vw, 300px\" \/><\/a>\n\t\t\t<\/dt>\n\t\t\t\t<dd class='wp-caption-text gallery-caption' id='gallery-2-4999'>\n\t\t\t\t06-14\n\t\t\t\t<\/dd><\/dl><dl class='gallery-item'>\n\t\t\t<dt class='gallery-icon portrait'>\n\t\t\t\t<a href='https:\/\/www.inesmedina.com\/wp-content\/uploads\/2018\/07\/06-08-1.jpg'><img loading=\"lazy\" decoding=\"async\" width=\"298\" height=\"300\" src=\"https:\/\/www.inesmedina.com\/wp-content\/uploads\/2018\/07\/06-08-1-298x300.jpg\" class=\"attachment-medium size-medium\" alt=\"\" aria-describedby=\"gallery-2-4987\" srcset=\"https:\/\/www.inesmedina.com\/wp-content\/uploads\/2018\/07\/06-08-1-298x300.jpg 298w, https:\/\/www.inesmedina.com\/wp-content\/uploads\/2018\/07\/06-08-1-150x150.jpg 150w, https:\/\/www.inesmedina.com\/wp-content\/uploads\/2018\/07\/06-08-1-768x774.jpg 768w, https:\/\/www.inesmedina.com\/wp-content\/uploads\/2018\/07\/06-08-1-700x705.jpg 700w, https:\/\/www.inesmedina.com\/wp-content\/uploads\/2018\/07\/06-08-1.jpg 794w\" sizes=\"auto, (max-width: 298px) 100vw, 298px\" \/><\/a>\n\t\t\t<\/dt>\n\t\t\t\t<dd class='wp-caption-text gallery-caption' id='gallery-2-4987'>\n\t\t\t\t06-15\n\t\t\t\t<\/dd><\/dl><br style=\"clear: both\" \/><dl class='gallery-item'>\n\t\t\t<dt class='gallery-icon portrait'>\n\t\t\t\t<a href='https:\/\/www.inesmedina.com\/wp-content\/uploads\/2018\/07\/06-11-1.jpg'><img loading=\"lazy\" decoding=\"async\" width=\"300\" height=\"300\" src=\"https:\/\/www.inesmedina.com\/wp-content\/uploads\/2018\/07\/06-11-1-300x300.jpg\" class=\"attachment-medium size-medium\" alt=\"\" aria-describedby=\"gallery-2-4990\" srcset=\"https:\/\/www.inesmedina.com\/wp-content\/uploads\/2018\/07\/06-11-1-300x300.jpg 300w, https:\/\/www.inesmedina.com\/wp-content\/uploads\/2018\/07\/06-11-1-150x150.jpg 150w, https:\/\/www.inesmedina.com\/wp-content\/uploads\/2018\/07\/06-11-1-768x770.jpg 768w, https:\/\/www.inesmedina.com\/wp-content\/uploads\/2018\/07\/06-11-1-570x570.jpg 570w, https:\/\/www.inesmedina.com\/wp-content\/uploads\/2018\/07\/06-11-1-500x500.jpg 500w, https:\/\/www.inesmedina.com\/wp-content\/uploads\/2018\/07\/06-11-1-700x702.jpg 700w, https:\/\/www.inesmedina.com\/wp-content\/uploads\/2018\/07\/06-11-1.jpg 798w\" sizes=\"auto, (max-width: 300px) 100vw, 300px\" \/><\/a>\n\t\t\t<\/dt>\n\t\t\t\t<dd class='wp-caption-text gallery-caption' id='gallery-2-4990'>\n\t\t\t\t06-16\n\t\t\t\t<\/dd><\/dl><dl class='gallery-item'>\n\t\t\t<dt class='gallery-icon landscape'>\n\t\t\t\t<a href='https:\/\/www.inesmedina.com\/wp-content\/uploads\/2018\/07\/06-21.jpg'><img loading=\"lazy\" decoding=\"async\" width=\"300\" height=\"240\" src=\"https:\/\/www.inesmedina.com\/wp-content\/uploads\/2018\/07\/06-21-300x240.jpg\" class=\"attachment-medium size-medium\" alt=\"\" aria-describedby=\"gallery-2-5000\" srcset=\"https:\/\/www.inesmedina.com\/wp-content\/uploads\/2018\/07\/06-21-300x240.jpg 300w, https:\/\/www.inesmedina.com\/wp-content\/uploads\/2018\/07\/06-21-768x614.jpg 768w, https:\/\/www.inesmedina.com\/wp-content\/uploads\/2018\/07\/06-21-700x560.jpg 700w, https:\/\/www.inesmedina.com\/wp-content\/uploads\/2018\/07\/06-21.jpg 800w\" sizes=\"auto, (max-width: 300px) 100vw, 300px\" \/><\/a>\n\t\t\t<\/dt>\n\t\t\t\t<dd class='wp-caption-text gallery-caption' id='gallery-2-5000'>\n\t\t\t\t06-17\n\t\t\t\t<\/dd><\/dl><dl class='gallery-item'>\n\t\t\t<dt class='gallery-icon landscape'>\n\t\t\t\t<a href='https:\/\/www.inesmedina.com\/wp-content\/uploads\/2018\/07\/06-10-1.jpg'><img loading=\"lazy\" decoding=\"async\" width=\"300\" height=\"298\" src=\"https:\/\/www.inesmedina.com\/wp-content\/uploads\/2018\/07\/06-10-1-300x298.jpg\" class=\"attachment-medium size-medium\" alt=\"\" aria-describedby=\"gallery-2-4989\" srcset=\"https:\/\/www.inesmedina.com\/wp-content\/uploads\/2018\/07\/06-10-1-300x298.jpg 300w, https:\/\/www.inesmedina.com\/wp-content\/uploads\/2018\/07\/06-10-1-150x150.jpg 150w, https:\/\/www.inesmedina.com\/wp-content\/uploads\/2018\/07\/06-10-1-768x763.jpg 768w, https:\/\/www.inesmedina.com\/wp-content\/uploads\/2018\/07\/06-10-1-700x696.jpg 700w, https:\/\/www.inesmedina.com\/wp-content\/uploads\/2018\/07\/06-10-1.jpg 800w\" sizes=\"auto, (max-width: 300px) 100vw, 300px\" \/><\/a>\n\t\t\t<\/dt>\n\t\t\t\t<dd class='wp-caption-text gallery-caption' id='gallery-2-4989'>\n\t\t\t\t06-18\n\t\t\t\t<\/dd><\/dl><br style=\"clear: both\" \/><dl class='gallery-item'>\n\t\t\t<dt class='gallery-icon portrait'>\n\t\t\t\t<a href='https:\/\/www.inesmedina.com\/wp-content\/uploads\/2018\/07\/06-18-1.jpg'><img loading=\"lazy\" decoding=\"async\" width=\"235\" height=\"300\" src=\"https:\/\/www.inesmedina.com\/wp-content\/uploads\/2018\/07\/06-18-1-235x300.jpg\" class=\"attachment-medium size-medium\" alt=\"\" aria-describedby=\"gallery-2-4997\" srcset=\"https:\/\/www.inesmedina.com\/wp-content\/uploads\/2018\/07\/06-18-1-235x300.jpg 235w, https:\/\/www.inesmedina.com\/wp-content\/uploads\/2018\/07\/06-18-1.jpg 626w\" sizes=\"auto, (max-width: 235px) 100vw, 235px\" \/><\/a>\n\t\t\t<\/dt>\n\t\t\t\t<dd class='wp-caption-text gallery-caption' id='gallery-2-4997'>\n\t\t\t\t06-19\n\t\t\t\t<\/dd><\/dl><dl class='gallery-item'>\n\t\t\t<dt class='gallery-icon landscape'>\n\t\t\t\t<a href='https:\/\/www.inesmedina.com\/wp-content\/uploads\/2018\/07\/06-22.jpg'><img loading=\"lazy\" decoding=\"async\" width=\"300\" height=\"186\" src=\"https:\/\/www.inesmedina.com\/wp-content\/uploads\/2018\/07\/06-22-300x186.jpg\" class=\"attachment-medium size-medium\" alt=\"\" aria-describedby=\"gallery-2-5001\" srcset=\"https:\/\/www.inesmedina.com\/wp-content\/uploads\/2018\/07\/06-22-300x186.jpg 300w, https:\/\/www.inesmedina.com\/wp-content\/uploads\/2018\/07\/06-22-768x475.jpg 768w, https:\/\/www.inesmedina.com\/wp-content\/uploads\/2018\/07\/06-22.jpg 800w, https:\/\/www.inesmedina.com\/wp-content\/uploads\/2018\/07\/06-22-700x433.jpg 700w\" sizes=\"auto, (max-width: 300px) 100vw, 300px\" \/><\/a>\n\t\t\t<\/dt>\n\t\t\t\t<dd class='wp-caption-text gallery-caption' id='gallery-2-5001'>\n\t\t\t\t06-20\n\t\t\t\t<\/dd><\/dl><dl class='gallery-item'>\n\t\t\t<dt class='gallery-icon portrait'>\n\t\t\t\t<a href='https:\/\/www.inesmedina.com\/wp-content\/uploads\/2018\/07\/06-13-1.jpg'><img loading=\"lazy\" decoding=\"async\" width=\"188\" height=\"300\" src=\"https:\/\/www.inesmedina.com\/wp-content\/uploads\/2018\/07\/06-13-1-188x300.jpg\" class=\"attachment-medium size-medium\" alt=\"\" aria-describedby=\"gallery-2-4992\" srcset=\"https:\/\/www.inesmedina.com\/wp-content\/uploads\/2018\/07\/06-13-1-188x300.jpg 188w, https:\/\/www.inesmedina.com\/wp-content\/uploads\/2018\/07\/06-13-1.jpg 501w, https:\/\/www.inesmedina.com\/wp-content\/uploads\/2018\/07\/06-13-1-500x800.jpg 500w\" sizes=\"auto, (max-width: 188px) 100vw, 188px\" \/><\/a>\n\t\t\t<\/dt>\n\t\t\t\t<dd class='wp-caption-text gallery-caption' id='gallery-2-4992'>\n\t\t\t\t06-21\n\t\t\t\t<\/dd><\/dl><br style=\"clear: both\" \/><dl class='gallery-item'>\n\t\t\t<dt class='gallery-icon landscape'>\n\t\t\t\t<a href='https:\/\/www.inesmedina.com\/wp-content\/uploads\/2018\/07\/06-01-1.jpg'><img loading=\"lazy\" decoding=\"async\" width=\"300\" height=\"228\" src=\"https:\/\/www.inesmedina.com\/wp-content\/uploads\/2018\/07\/06-01-1-300x228.jpg\" class=\"attachment-medium size-medium\" alt=\"\" aria-describedby=\"gallery-2-4980\" srcset=\"https:\/\/www.inesmedina.com\/wp-content\/uploads\/2018\/07\/06-01-1-300x228.jpg 300w, https:\/\/www.inesmedina.com\/wp-content\/uploads\/2018\/07\/06-01-1-768x583.jpg 768w, https:\/\/www.inesmedina.com\/wp-content\/uploads\/2018\/07\/06-01-1-500x380.jpg 500w, https:\/\/www.inesmedina.com\/wp-content\/uploads\/2018\/07\/06-01-1-700x531.jpg 700w, https:\/\/www.inesmedina.com\/wp-content\/uploads\/2018\/07\/06-01-1.jpg 800w\" sizes=\"auto, (max-width: 300px) 100vw, 300px\" \/><\/a>\n\t\t\t<\/dt>\n\t\t\t\t<dd class='wp-caption-text gallery-caption' id='gallery-2-4980'>\n\t\t\t\t06-22\n\t\t\t\t<\/dd><\/dl>\n\t\t\t<br style='clear: both' \/>\n\t\t<\/div>\n\n<p>Serie 6: La Imagen Potencial, 1983-1991<\/p>\n<p>Part\u00ed de un lienzo dividido verticalmente en dos partes iguales blanco y negro. La investigaci\u00f3n consist\u00eda en buscar soluciones pl\u00e1sticas a la escisi\u00f3n, creando, consiguiendo tridimensionalidad y espacios puros, s\u00f3lo con los elementos formales pl\u00e1sticos puros: planos rectos verticales y horizontales y los colores primarios, amarillo, rojo y azul. Es decir, partiendo del neoplasticismo de Mondrian, evolucion\u00e1ndolo, a trav\u00e9s de la medida sint\u00e9tica, hasta la consecuci\u00f3n de m\u00faltiples dimensionalidades puras interiorizadas, hasta convertirlas en virtuales, las diagonales y las curvas cl\u00e1sicas.<\/p>\n<p>El escrito que present\u00e9 en su d\u00eda, defi niendo esta serie de la Imagen Potencial, lo adjunto seguidamente.<\/p>\n<p><strong>SERIE: \u201cLA IMAGEN POTENCIAL\u201d<\/strong><\/p>\n<p style=\"padding-left: 30px;\">MI RETO ART\u00cdSTICO, cuando inici\u00e9 este \u00faltimo trabajo de investigaci\u00f3n hace tres a\u00f1os, evoluci\u00f3n de otros muchos anteriores de aprendizaje, an\u00e1lisis, b\u00fasqueda de identifi caci\u00f3n de actitud y de situaci\u00f3n y compromiso hist\u00f3rico, era:<\/p>\n<p style=\"padding-left: 30px;\">CONSEGUIR RESCATAR TODA LA RIQUEZA Y COMPLEJIDAD DE LA PINTURA CL\u00c1SICA, A PARTIR DEL AN\u00c1LISIS Y DE LAS ESENCIAS MINIMAS, HEREDADAS DE LA \u00c9POCA CONTEMPOR\u00c1NEA.<\/p>\n<p style=\"padding-left: 30px;\">ENLAZAR, sin escisiones, porque as\u00ed entend\u00eda yo, deb\u00eda de ser, LA APARENTE RUPTURA DE LA MODERNIDAD DEL SIGLO XX, CON TODAS LAS INQUIETUDES REALISTAS DE LOS SIGLOS PASADOS.<\/p>\n<p style=\"padding-left: 30px;\">La estructura de la investigaci\u00f3n a realizar, era la siguiente:<\/p>\n<p style=\"padding-left: 60px;\"><strong>1.- TE\u00d3RICA<\/strong>:<\/p>\n<p style=\"padding-left: 60px;\">&#8211; Redactado en lenguaje escrito. (Tesis Doctoral).<\/p>\n<p style=\"padding-left: 60px;\">&#8211; HERENCIA<\/p>\n<p style=\"padding-left: 60px;\">&#8211; Avances pl\u00e1sticos siglo XX.<\/p>\n<p style=\"padding-left: 60px;\">&#8211; PUNTO DE PARTIDA<\/p>\n<p style=\"padding-left: 60px;\">&#8211; Mondrian<\/p>\n<p style=\"padding-left: 60px;\">\u2013 Malevitch &#8211; Kandinsky<\/p>\n<p style=\"padding-left: 60px;\">&#8211; Conceptual &#8211; Minimal<\/p>\n<p style=\"padding-left: 60px;\">&#8211; TEOR\u00cdA DE LA ENERG\u00cdA PL\u00c1STICA<\/p>\n<p style=\"padding-left: 60px;\">&#8211; Concepto de la divisi\u00f3n<\/p>\n<p style=\"padding-left: 60px;\">&#8211; Concepto de la medida<\/p>\n<p style=\"padding-left: 60px;\">&#8211; Concepto de ubicaci\u00f3n<\/p>\n<p style=\"padding-left: 60px;\">&#8211; Concepto de inseparatividad<\/p>\n<p style=\"padding-left: 60px;\">&#8211; Concepto de l\u00edmite<\/p>\n<p style=\"padding-left: 60px;\">&#8211; Concepto de luz \u2013 color &#8211; materia &#8211;<\/p>\n<p style=\"padding-left: 60px;\">DEFINICI\u00d3N DE IMAGEN POTENCIAL<\/p>\n<p style=\"padding-left: 60px;\"><strong>2.- PR\u00c1CTICA:<\/strong><\/p>\n<p style=\"padding-left: 60px;\">&#8211; Im\u00e1genes realizadas con ordenador.<\/p>\n<p style=\"padding-left: 60px;\">&#8211; Obra realizada sobre soporte tradicional.<\/p>\n<p style=\"padding-left: 30px;\">Todos los temas tratados te\u00f3ricamente, los experimento y analizo con ordenador y, algunos, los presento impresos con impresora a color.<\/p>\n<p style=\"padding-left: 30px;\">De todas las im\u00e1genes conseguidas por ordenador, realizo una selecci\u00f3n, que defi na m\u00e1s n\u00edtidamente las caracter\u00edsticas y posibilidades de la IMAGEN POTENCIAL, y las realizo en soporte tradicional con las t\u00e9cnicas: sint\u00e9ticas, acr\u00edlicos, tintas mates, tintas transparentes, manipuladas con paletinas, rodillos y aerograf\u00eda.<\/p>\n<p style=\"padding-left: 30px;\">La defi nici\u00f3n de IMAGEN POTENCIAL, la sintetizo aqu\u00ed, a trav\u00e9s de los siguientes enunciados:<\/p>\n<p style=\"padding-left: 90px;\">\u2022 Por el conocimiento consciente de cada uno de los elementos formales y conceptuales que organizan la imagen pl\u00e1stica.<\/p>\n<p style=\"padding-left: 90px;\">\u2022 Por la toma de conciencia de la Teor\u00eda de la Energ\u00eda Pl\u00e1stica como elemento Unifi cador de la Composici\u00f3n.<\/p>\n<p style=\"padding-left: 90px;\">\u2022 Se adquiere una capacidad de control y dominio de los componentes pl\u00e1sticos que defi no como \u201cnueva potencialidad pl\u00e1stica\u201d.<\/p>\n<p style=\"padding-left: 90px;\">\u2022 Las im\u00e1genes conseguidas, contienen todas las caracter\u00edsticas pl\u00e1sticas de las tradicionales, pero al ser construidas con los m\u00ednimos elementos pl\u00e1sticos, potenciados por la virtualidad y pureza de los mismos, eliminando artifi cios e incoherencias (naturalismos, diagonales y curvas), ADQUIEREN CAPACIDAD DE COMUNICACI\u00d3N: INMEDIATA &#8211; ESPONT\u00c1NEA &#8211; DIRECTA.<\/p>\n<p style=\"padding-left: 90px;\">\u2022 Y, precisamente, por la concienciaci\u00f3n de la Teor\u00eda de la Energ\u00eda Pl\u00e1stica, se consiguen EXPRESIONES NUEVAS, de desplazamientos y movimientos, con velocidades diferentes.<\/p>\n<p style=\"padding-left: 90px;\">\u2022 Por lo que, LOS CONTENIDOS de las im\u00e1genes, vuelven a suponer, un gran VALOR SIMB\u00d3LICO FUNCIONAL.<\/p>\n<p style=\"padding-left: 90px;\">\u2022 Para que , las preocupaciones universales, por el Esp\u00edritu y la Materia, adquieren una NUEVA DIMENSI\u00d3N m\u00e1s fl uida, por el conocimiento adquirido de su INTERRELACI\u00d3N y RELATIVIDAD.<\/p>\n<p style=\"padding-left: 90px;\">\u2022 Y, por contener, en su origen, preocupaciones: FILOS\u00d3FICAS &#8211; ART\u00cdSTICAS &#8211; CIENT\u00cdFICAS<\/p>\n<p>&nbsp;<\/p>\n<p align=\"justify\">\n","protected":false},"excerpt":{"rendered":"<p>Serie 6: La Imagen Potencial, 1983-1991 Part\u00ed de un lienzo dividido verticalmente en dos partes iguales blanco y negro. La investigaci\u00f3n consist\u00eda en buscar soluciones pl\u00e1sticas a la escisi\u00f3n, creando, consiguiendo tridimensionalidad y espacios puros, s\u00f3lo con los elementos formales pl\u00e1sticos puros: planos rectos verticales&#8230;<\/p>\n","protected":false},"author":2,"featured_media":0,"parent":4859,"menu_order":0,"comment_status":"open","ping_status":"open","template":"","meta":{"footnotes":""},"class_list":["post-4978","page","type-page","status-publish","hentry"],"_links":{"self":[{"href":"https:\/\/www.inesmedina.com\/es\/wp-json\/wp\/v2\/pages\/4978","targetHints":{"allow":["GET"]}}],"collection":[{"href":"https:\/\/www.inesmedina.com\/es\/wp-json\/wp\/v2\/pages"}],"about":[{"href":"https:\/\/www.inesmedina.com\/es\/wp-json\/wp\/v2\/types\/page"}],"author":[{"embeddable":true,"href":"https:\/\/www.inesmedina.com\/es\/wp-json\/wp\/v2\/users\/2"}],"replies":[{"embeddable":true,"href":"https:\/\/www.inesmedina.com\/es\/wp-json\/wp\/v2\/comments?post=4978"}],"version-history":[{"count":3,"href":"https:\/\/www.inesmedina.com\/es\/wp-json\/wp\/v2\/pages\/4978\/revisions"}],"predecessor-version":[{"id":5816,"href":"https:\/\/www.inesmedina.com\/es\/wp-json\/wp\/v2\/pages\/4978\/revisions\/5816"}],"up":[{"embeddable":true,"href":"https:\/\/www.inesmedina.com\/es\/wp-json\/wp\/v2\/pages\/4859"}],"wp:attachment":[{"href":"https:\/\/www.inesmedina.com\/es\/wp-json\/wp\/v2\/media?parent=4978"}],"curies":[{"name":"wp","href":"https:\/\/api.w.org\/{rel}","templated":true}]}}