{"id":5269,"date":"2018-11-04T09:38:55","date_gmt":"2018-11-04T09:38:55","guid":{"rendered":"http:\/\/www.inesmedina.com\/?page_id=5269"},"modified":"2019-03-01T17:45:00","modified_gmt":"2019-03-01T17:45:00","slug":"series-20-the-transmutation-of-the-mind-the-capacity-to-visualize-the-totality-identification-visualization-and-integration-of-genuinely-feminine-values-2010-2014-drawings-and-paintings-on-paper","status":"publish","type":"page","link":"https:\/\/www.inesmedina.com\/es\/las-21-series-de-la-investigacion-artistica-el-concepto-de-division\/series-20-the-transmutation-of-the-mind-the-capacity-to-visualize-the-totality-identification-visualization-and-integration-of-genuinely-feminine-values-2010-2014-drawings-and-paintings-on-paper\/","title":{"rendered":"Serie 20: La Transmutaci\u00f3n de la Mente. La Capacidad de Visualizar la Totalidad. Identificaci\u00f3n, Visualizaci\u00f3n e Integraci\u00f3n de los Valores Genuinos Femeninos. 2010-2016 dibujos y pinturas sobre papel"},"content":{"rendered":"<section class=\"wpb-content-wrapper\"><p>[vc_row css_animation=\u00bb\u00bb row_type=\u00bbrow\u00bb use_row_as_full_screen_section=\u00bbno\u00bb type=\u00bbfull_width\u00bb angled_section=\u00bbno\u00bb text_align=\u00bbleft\u00bb background_image_as_pattern=\u00bbwithout_pattern\u00bb][vc_column][vc_column_text]<\/p>\n\n\t\t<style type=\"text\/css\">\n\t\t\t#gallery-2 {\n\t\t\t\tmargin: auto;\n\t\t\t}\n\t\t\t#gallery-2 .gallery-item {\n\t\t\t\tfloat: left;\n\t\t\t\tmargin-top: 10px;\n\t\t\t\ttext-align: center;\n\t\t\t\twidth: 33%;\n\t\t\t}\n\t\t\t#gallery-2 img {\n\t\t\t\tborder: 2px solid #cfcfcf;\n\t\t\t}\n\t\t\t#gallery-2 .gallery-caption {\n\t\t\t\tmargin-left: 0;\n\t\t\t}\n\t\t\t\/* see gallery_shortcode() in wp-includes\/media.php *\/\n\t\t<\/style>\n\t\t<div id='gallery-2' class='gallery galleryid-5269 gallery-columns-3 gallery-size-medium'><dl class='gallery-item'>\n\t\t\t<dt class='gallery-icon landscape'>\n\t\t\t\t<a href='https:\/\/www.inesmedina.com\/wp-content\/uploads\/2018\/07\/1-vida-viviendose.jpg'><img loading=\"lazy\" decoding=\"async\" width=\"300\" height=\"228\" src=\"https:\/\/www.inesmedina.com\/wp-content\/uploads\/2018\/07\/1-vida-viviendose-300x228.jpg\" class=\"attachment-medium size-medium\" alt=\"\" aria-describedby=\"gallery-2-5292\" srcset=\"https:\/\/www.inesmedina.com\/wp-content\/uploads\/2018\/07\/1-vida-viviendose-300x228.jpg 300w, https:\/\/www.inesmedina.com\/wp-content\/uploads\/2018\/07\/1-vida-viviendose-768x584.jpg 768w, https:\/\/www.inesmedina.com\/wp-content\/uploads\/2018\/07\/1-vida-viviendose-500x380.jpg 500w, https:\/\/www.inesmedina.com\/wp-content\/uploads\/2018\/07\/1-vida-viviendose-700x532.jpg 700w, https:\/\/www.inesmedina.com\/wp-content\/uploads\/2018\/07\/1-vida-viviendose.jpg 800w\" sizes=\"auto, (max-width: 300px) 100vw, 300px\" \/><\/a>\n\t\t\t<\/dt>\n\t\t\t\t<dd class='wp-caption-text gallery-caption' id='gallery-2-5292'>\n\t\t\t\t20-d-01\n\t\t\t\t<\/dd><\/dl><dl class='gallery-item'>\n\t\t\t<dt class='gallery-icon portrait'>\n\t\t\t\t<a href='https:\/\/www.inesmedina.com\/wp-content\/uploads\/2018\/07\/3-transcendiendo-.jpg'><img loading=\"lazy\" decoding=\"async\" width=\"267\" height=\"300\" src=\"https:\/\/www.inesmedina.com\/wp-content\/uploads\/2018\/07\/3-transcendiendo--267x300.jpg\" class=\"attachment-medium size-medium\" alt=\"\" aria-describedby=\"gallery-2-5286\" srcset=\"https:\/\/www.inesmedina.com\/wp-content\/uploads\/2018\/07\/3-transcendiendo--267x300.jpg 267w, https:\/\/www.inesmedina.com\/wp-content\/uploads\/2018\/07\/3-transcendiendo--700x785.jpg 700w, https:\/\/www.inesmedina.com\/wp-content\/uploads\/2018\/07\/3-transcendiendo-.jpg 713w\" sizes=\"auto, (max-width: 267px) 100vw, 267px\" \/><\/a>\n\t\t\t<\/dt>\n\t\t\t\t<dd class='wp-caption-text gallery-caption' id='gallery-2-5286'>\n\t\t\t\t20-d-02\n\t\t\t\t<\/dd><\/dl><dl class='gallery-item'>\n\t\t\t<dt class='gallery-icon landscape'>\n\t\t\t\t<a href='https:\/\/www.inesmedina.com\/wp-content\/uploads\/2018\/07\/2-expresi\u00f3n-transparente.jpg'><img loading=\"lazy\" decoding=\"async\" width=\"300\" height=\"214\" src=\"https:\/\/www.inesmedina.com\/wp-content\/uploads\/2018\/07\/2-expresi\u00f3n-transparente-300x214.jpg\" class=\"attachment-medium size-medium\" alt=\"\" aria-describedby=\"gallery-2-5293\" srcset=\"https:\/\/www.inesmedina.com\/wp-content\/uploads\/2018\/07\/2-expresi\u00f3n-transparente-300x214.jpg 300w, https:\/\/www.inesmedina.com\/wp-content\/uploads\/2018\/07\/2-expresi\u00f3n-transparente-768x548.jpg 768w, https:\/\/www.inesmedina.com\/wp-content\/uploads\/2018\/07\/2-expresi\u00f3n-transparente.jpg 800w, https:\/\/www.inesmedina.com\/wp-content\/uploads\/2018\/07\/2-expresi\u00f3n-transparente-700x500.jpg 700w\" sizes=\"auto, (max-width: 300px) 100vw, 300px\" \/><\/a>\n\t\t\t<\/dt>\n\t\t\t\t<dd class='wp-caption-text gallery-caption' id='gallery-2-5293'>\n\t\t\t\t20-d-03\n\t\t\t\t<\/dd><\/dl><br style=\"clear: both\" \/><dl class='gallery-item'>\n\t\t\t<dt class='gallery-icon landscape'>\n\t\t\t\t<a href='https:\/\/www.inesmedina.com\/wp-content\/uploads\/2018\/07\/5-sintiendo-la-locura-de-la-seducci\u00f3n-pordel-poder.jpg'><img loading=\"lazy\" decoding=\"async\" width=\"300\" height=\"231\" src=\"https:\/\/www.inesmedina.com\/wp-content\/uploads\/2018\/07\/5-sintiendo-la-locura-de-la-seducci\u00f3n-pordel-poder-300x231.jpg\" class=\"attachment-medium size-medium\" alt=\"\" aria-describedby=\"gallery-2-5287\" srcset=\"https:\/\/www.inesmedina.com\/wp-content\/uploads\/2018\/07\/5-sintiendo-la-locura-de-la-seducci\u00f3n-pordel-poder-300x231.jpg 300w, https:\/\/www.inesmedina.com\/wp-content\/uploads\/2018\/07\/5-sintiendo-la-locura-de-la-seducci\u00f3n-pordel-poder-768x591.jpg 768w, https:\/\/www.inesmedina.com\/wp-content\/uploads\/2018\/07\/5-sintiendo-la-locura-de-la-seducci\u00f3n-pordel-poder-700x539.jpg 700w, https:\/\/www.inesmedina.com\/wp-content\/uploads\/2018\/07\/5-sintiendo-la-locura-de-la-seducci\u00f3n-pordel-poder.jpg 800w\" sizes=\"auto, (max-width: 300px) 100vw, 300px\" \/><\/a>\n\t\t\t<\/dt>\n\t\t\t\t<dd class='wp-caption-text gallery-caption' id='gallery-2-5287'>\n\t\t\t\t20-d-04\n\t\t\t\t<\/dd><\/dl><dl class='gallery-item'>\n\t\t\t<dt class='gallery-icon landscape'>\n\t\t\t\t<a href='https:\/\/www.inesmedina.com\/wp-content\/uploads\/2018\/07\/6-Lo-que-la-luz-transparenta-miedo.jpg'><img loading=\"lazy\" decoding=\"async\" width=\"300\" height=\"290\" src=\"https:\/\/www.inesmedina.com\/wp-content\/uploads\/2018\/07\/6-Lo-que-la-luz-transparenta-miedo-300x290.jpg\" class=\"attachment-medium size-medium\" alt=\"\" aria-describedby=\"gallery-2-5288\" srcset=\"https:\/\/www.inesmedina.com\/wp-content\/uploads\/2018\/07\/6-Lo-que-la-luz-transparenta-miedo-300x290.jpg 300w, https:\/\/www.inesmedina.com\/wp-content\/uploads\/2018\/07\/6-Lo-que-la-luz-transparenta-miedo-768x743.jpg 768w, https:\/\/www.inesmedina.com\/wp-content\/uploads\/2018\/07\/6-Lo-que-la-luz-transparenta-miedo-700x677.jpg 700w, https:\/\/www.inesmedina.com\/wp-content\/uploads\/2018\/07\/6-Lo-que-la-luz-transparenta-miedo.jpg 800w\" sizes=\"auto, (max-width: 300px) 100vw, 300px\" \/><\/a>\n\t\t\t<\/dt>\n\t\t\t\t<dd class='wp-caption-text gallery-caption' id='gallery-2-5288'>\n\t\t\t\t20-d-05\n\t\t\t\t<\/dd><\/dl><dl class='gallery-item'>\n\t\t\t<dt class='gallery-icon landscape'>\n\t\t\t\t<a href='https:\/\/www.inesmedina.com\/wp-content\/uploads\/2018\/07\/7-viviendo-desde-el-Ser-los-otros-niveles-fisico-emocional-y-mental.jpg'><img loading=\"lazy\" decoding=\"async\" width=\"300\" height=\"218\" src=\"https:\/\/www.inesmedina.com\/wp-content\/uploads\/2018\/07\/7-viviendo-desde-el-Ser-los-otros-niveles-fisico-emocional-y-mental-300x218.jpg\" class=\"attachment-medium size-medium\" alt=\"\" aria-describedby=\"gallery-2-5289\" srcset=\"https:\/\/www.inesmedina.com\/wp-content\/uploads\/2018\/07\/7-viviendo-desde-el-Ser-los-otros-niveles-fisico-emocional-y-mental-300x218.jpg 300w, https:\/\/www.inesmedina.com\/wp-content\/uploads\/2018\/07\/7-viviendo-desde-el-Ser-los-otros-niveles-fisico-emocional-y-mental-768x558.jpg 768w, https:\/\/www.inesmedina.com\/wp-content\/uploads\/2018\/07\/7-viviendo-desde-el-Ser-los-otros-niveles-fisico-emocional-y-mental.jpg 800w, https:\/\/www.inesmedina.com\/wp-content\/uploads\/2018\/07\/7-viviendo-desde-el-Ser-los-otros-niveles-fisico-emocional-y-mental-700x508.jpg 700w\" sizes=\"auto, (max-width: 300px) 100vw, 300px\" \/><\/a>\n\t\t\t<\/dt>\n\t\t\t\t<dd class='wp-caption-text gallery-caption' id='gallery-2-5289'>\n\t\t\t\t20-d-06\n\t\t\t\t<\/dd><\/dl><br style=\"clear: both\" \/><dl class='gallery-item'>\n\t\t\t<dt class='gallery-icon landscape'>\n\t\t\t\t<a href='https:\/\/www.inesmedina.com\/wp-content\/uploads\/2018\/07\/9-Preguntas-sobre-interrelaci\u00f3n-vida-material-espiritual.jpg'><img loading=\"lazy\" decoding=\"async\" width=\"300\" height=\"231\" src=\"https:\/\/www.inesmedina.com\/wp-content\/uploads\/2018\/07\/9-Preguntas-sobre-interrelaci\u00f3n-vida-material-espiritual-300x231.jpg\" class=\"attachment-medium size-medium\" alt=\"\" aria-describedby=\"gallery-2-5291\" srcset=\"https:\/\/www.inesmedina.com\/wp-content\/uploads\/2018\/07\/9-Preguntas-sobre-interrelaci\u00f3n-vida-material-espiritual-300x231.jpg 300w, https:\/\/www.inesmedina.com\/wp-content\/uploads\/2018\/07\/9-Preguntas-sobre-interrelaci\u00f3n-vida-material-espiritual-768x591.jpg 768w, https:\/\/www.inesmedina.com\/wp-content\/uploads\/2018\/07\/9-Preguntas-sobre-interrelaci\u00f3n-vida-material-espiritual-700x539.jpg 700w, https:\/\/www.inesmedina.com\/wp-content\/uploads\/2018\/07\/9-Preguntas-sobre-interrelaci\u00f3n-vida-material-espiritual.jpg 800w\" sizes=\"auto, (max-width: 300px) 100vw, 300px\" \/><\/a>\n\t\t\t<\/dt>\n\t\t\t\t<dd class='wp-caption-text gallery-caption' id='gallery-2-5291'>\n\t\t\t\t20-d-07\n\t\t\t\t<\/dd><\/dl><dl class='gallery-item'>\n\t\t\t<dt class='gallery-icon portrait'>\n\t\t\t\t<a href='https:\/\/www.inesmedina.com\/wp-content\/uploads\/2018\/07\/8-Saliendo-de-la-estructura-de-los-espejos.jpg'><img loading=\"lazy\" decoding=\"async\" width=\"218\" height=\"300\" src=\"https:\/\/www.inesmedina.com\/wp-content\/uploads\/2018\/07\/8-Saliendo-de-la-estructura-de-los-espejos-218x300.jpg\" class=\"attachment-medium size-medium\" alt=\"\" aria-describedby=\"gallery-2-5290\" srcset=\"https:\/\/www.inesmedina.com\/wp-content\/uploads\/2018\/07\/8-Saliendo-de-la-estructura-de-los-espejos-218x300.jpg 218w, https:\/\/www.inesmedina.com\/wp-content\/uploads\/2018\/07\/8-Saliendo-de-la-estructura-de-los-espejos.jpg 581w\" sizes=\"auto, (max-width: 218px) 100vw, 218px\" \/><\/a>\n\t\t\t<\/dt>\n\t\t\t\t<dd class='wp-caption-text gallery-caption' id='gallery-2-5290'>\n\t\t\t\t20-d-08\n\t\t\t\t<\/dd><\/dl><dl class='gallery-item'>\n\t\t\t<dt class='gallery-icon portrait'>\n\t\t\t\t<a href='https:\/\/www.inesmedina.com\/wp-content\/uploads\/2018\/07\/10-pasion-en-la-cabeza-1.jpg'><img loading=\"lazy\" decoding=\"async\" width=\"288\" height=\"300\" src=\"https:\/\/www.inesmedina.com\/wp-content\/uploads\/2018\/07\/10-pasion-en-la-cabeza-1-288x300.jpg\" class=\"attachment-medium size-medium\" alt=\"\" aria-describedby=\"gallery-2-5282\" srcset=\"https:\/\/www.inesmedina.com\/wp-content\/uploads\/2018\/07\/10-pasion-en-la-cabeza-1-288x300.jpg 288w, https:\/\/www.inesmedina.com\/wp-content\/uploads\/2018\/07\/10-pasion-en-la-cabeza-1-700x730.jpg 700w, https:\/\/www.inesmedina.com\/wp-content\/uploads\/2018\/07\/10-pasion-en-la-cabeza-1.jpg 767w\" sizes=\"auto, (max-width: 288px) 100vw, 288px\" \/><\/a>\n\t\t\t<\/dt>\n\t\t\t\t<dd class='wp-caption-text gallery-caption' id='gallery-2-5282'>\n\t\t\t\t20-d-09\n\t\t\t\t<\/dd><\/dl><br style=\"clear: both\" \/><dl class='gallery-item'>\n\t\t\t<dt class='gallery-icon landscape'>\n\t\t\t\t<a href='https:\/\/www.inesmedina.com\/wp-content\/uploads\/2018\/07\/11-la-interacci\u00f3n-con-los-espejos.jpg'><img loading=\"lazy\" decoding=\"async\" width=\"300\" height=\"212\" src=\"https:\/\/www.inesmedina.com\/wp-content\/uploads\/2018\/07\/11-la-interacci\u00f3n-con-los-espejos-300x212.jpg\" class=\"attachment-medium size-medium\" alt=\"\" aria-describedby=\"gallery-2-5283\" srcset=\"https:\/\/www.inesmedina.com\/wp-content\/uploads\/2018\/07\/11-la-interacci\u00f3n-con-los-espejos-300x212.jpg 300w, https:\/\/www.inesmedina.com\/wp-content\/uploads\/2018\/07\/11-la-interacci\u00f3n-con-los-espejos-768x541.jpg 768w, https:\/\/www.inesmedina.com\/wp-content\/uploads\/2018\/07\/11-la-interacci\u00f3n-con-los-espejos.jpg 800w, https:\/\/www.inesmedina.com\/wp-content\/uploads\/2018\/07\/11-la-interacci\u00f3n-con-los-espejos-700x494.jpg 700w\" sizes=\"auto, (max-width: 300px) 100vw, 300px\" \/><\/a>\n\t\t\t<\/dt>\n\t\t\t\t<dd class='wp-caption-text gallery-caption' id='gallery-2-5283'>\n\t\t\t\t20-d-10\n\t\t\t\t<\/dd><\/dl><dl class='gallery-item'>\n\t\t\t<dt class='gallery-icon portrait'>\n\t\t\t\t<a href='https:\/\/www.inesmedina.com\/wp-content\/uploads\/2018\/07\/14-el-muro-fondo-del-miedo.jpg'><img loading=\"lazy\" decoding=\"async\" width=\"212\" height=\"300\" src=\"https:\/\/www.inesmedina.com\/wp-content\/uploads\/2018\/07\/14-el-muro-fondo-del-miedo-212x300.jpg\" class=\"attachment-medium size-medium\" alt=\"\" aria-describedby=\"gallery-2-5284\" srcset=\"https:\/\/www.inesmedina.com\/wp-content\/uploads\/2018\/07\/14-el-muro-fondo-del-miedo-212x300.jpg 212w, https:\/\/www.inesmedina.com\/wp-content\/uploads\/2018\/07\/14-el-muro-fondo-del-miedo.jpg 564w\" sizes=\"auto, (max-width: 212px) 100vw, 212px\" \/><\/a>\n\t\t\t<\/dt>\n\t\t\t\t<dd class='wp-caption-text gallery-caption' id='gallery-2-5284'>\n\t\t\t\t20-d-11\n\t\t\t\t<\/dd><\/dl><dl class='gallery-item'>\n\t\t\t<dt class='gallery-icon portrait'>\n\t\t\t\t<a href='https:\/\/www.inesmedina.com\/wp-content\/uploads\/2018\/07\/17-Interesante.jpg'><img loading=\"lazy\" decoding=\"async\" width=\"183\" height=\"300\" src=\"https:\/\/www.inesmedina.com\/wp-content\/uploads\/2018\/07\/17-Interesante-183x300.jpg\" class=\"attachment-medium size-medium\" alt=\"\" aria-describedby=\"gallery-2-5285\" srcset=\"https:\/\/www.inesmedina.com\/wp-content\/uploads\/2018\/07\/17-Interesante-183x300.jpg 183w, https:\/\/www.inesmedina.com\/wp-content\/uploads\/2018\/07\/17-Interesante.jpg 487w\" sizes=\"auto, (max-width: 183px) 100vw, 183px\" \/><\/a>\n\t\t\t<\/dt>\n\t\t\t\t<dd class='wp-caption-text gallery-caption' id='gallery-2-5285'>\n\t\t\t\t20-d-12\n\t\t\t\t<\/dd><\/dl><br style=\"clear: both\" \/><dl class='gallery-item'>\n\t\t\t<dt class='gallery-icon landscape'>\n\t\t\t\t<a href='https:\/\/www.inesmedina.com\/wp-content\/uploads\/2018\/07\/20-percibiendo-la-luz-del-Ser.jpg'><img loading=\"lazy\" decoding=\"async\" width=\"300\" height=\"212\" src=\"https:\/\/www.inesmedina.com\/wp-content\/uploads\/2018\/07\/20-percibiendo-la-luz-del-Ser-300x212.jpg\" class=\"attachment-medium size-medium\" alt=\"\" aria-describedby=\"gallery-2-5295\" srcset=\"https:\/\/www.inesmedina.com\/wp-content\/uploads\/2018\/07\/20-percibiendo-la-luz-del-Ser-300x212.jpg 300w, https:\/\/www.inesmedina.com\/wp-content\/uploads\/2018\/07\/20-percibiendo-la-luz-del-Ser-768x543.jpg 768w, https:\/\/www.inesmedina.com\/wp-content\/uploads\/2018\/07\/20-percibiendo-la-luz-del-Ser.jpg 800w, https:\/\/www.inesmedina.com\/wp-content\/uploads\/2018\/07\/20-percibiendo-la-luz-del-Ser-700x495.jpg 700w\" sizes=\"auto, (max-width: 300px) 100vw, 300px\" \/><\/a>\n\t\t\t<\/dt>\n\t\t\t\t<dd class='wp-caption-text gallery-caption' id='gallery-2-5295'>\n\t\t\t\t20-d-13\n\t\t\t\t<\/dd><\/dl><dl class='gallery-item'>\n\t\t\t<dt class='gallery-icon landscape'>\n\t\t\t\t<a href='https:\/\/www.inesmedina.com\/wp-content\/uploads\/2018\/07\/22-multidimensionalidad-real-o-infinito.jpg'><img loading=\"lazy\" decoding=\"async\" width=\"300\" height=\"218\" src=\"https:\/\/www.inesmedina.com\/wp-content\/uploads\/2018\/07\/22-multidimensionalidad-real-o-infinito-300x218.jpg\" class=\"attachment-medium size-medium\" alt=\"\" aria-describedby=\"gallery-2-5279\" srcset=\"https:\/\/www.inesmedina.com\/wp-content\/uploads\/2018\/07\/22-multidimensionalidad-real-o-infinito-300x218.jpg 300w, https:\/\/www.inesmedina.com\/wp-content\/uploads\/2018\/07\/22-multidimensionalidad-real-o-infinito-768x558.jpg 768w, https:\/\/www.inesmedina.com\/wp-content\/uploads\/2018\/07\/22-multidimensionalidad-real-o-infinito.jpg 800w, https:\/\/www.inesmedina.com\/wp-content\/uploads\/2018\/07\/22-multidimensionalidad-real-o-infinito-700x508.jpg 700w\" sizes=\"auto, (max-width: 300px) 100vw, 300px\" \/><\/a>\n\t\t\t<\/dt>\n\t\t\t\t<dd class='wp-caption-text gallery-caption' id='gallery-2-5279'>\n\t\t\t\t20-d-14\n\t\t\t\t<\/dd><\/dl><dl class='gallery-item'>\n\t\t\t<dt class='gallery-icon landscape'>\n\t\t\t\t<a href='https:\/\/www.inesmedina.com\/wp-content\/uploads\/2018\/07\/23-multidimensionalid.-real-o-infinito-A-1.jpg'><img loading=\"lazy\" decoding=\"async\" width=\"300\" height=\"218\" src=\"https:\/\/www.inesmedina.com\/wp-content\/uploads\/2018\/07\/23-multidimensionalid.-real-o-infinito-A-1-300x218.jpg\" class=\"attachment-medium size-medium\" alt=\"\" aria-describedby=\"gallery-2-5280\" srcset=\"https:\/\/www.inesmedina.com\/wp-content\/uploads\/2018\/07\/23-multidimensionalid.-real-o-infinito-A-1-300x218.jpg 300w, https:\/\/www.inesmedina.com\/wp-content\/uploads\/2018\/07\/23-multidimensionalid.-real-o-infinito-A-1-768x558.jpg 768w, https:\/\/www.inesmedina.com\/wp-content\/uploads\/2018\/07\/23-multidimensionalid.-real-o-infinito-A-1.jpg 800w, https:\/\/www.inesmedina.com\/wp-content\/uploads\/2018\/07\/23-multidimensionalid.-real-o-infinito-A-1-700x508.jpg 700w\" sizes=\"auto, (max-width: 300px) 100vw, 300px\" \/><\/a>\n\t\t\t<\/dt>\n\t\t\t\t<dd class='wp-caption-text gallery-caption' id='gallery-2-5280'>\n\t\t\t\t20-d-15\n\t\t\t\t<\/dd><\/dl><br style=\"clear: both\" \/><dl class='gallery-item'>\n\t\t\t<dt class='gallery-icon portrait'>\n\t\t\t\t<a href='https:\/\/www.inesmedina.com\/wp-content\/uploads\/2018\/07\/24-Momentos-de-confusi\u00f3n.jpg'><img loading=\"lazy\" decoding=\"async\" width=\"206\" height=\"300\" src=\"https:\/\/www.inesmedina.com\/wp-content\/uploads\/2018\/07\/24-Momentos-de-confusi\u00f3n-206x300.jpg\" class=\"attachment-medium size-medium\" alt=\"\" aria-describedby=\"gallery-2-5281\" srcset=\"https:\/\/www.inesmedina.com\/wp-content\/uploads\/2018\/07\/24-Momentos-de-confusi\u00f3n-206x300.jpg 206w, https:\/\/www.inesmedina.com\/wp-content\/uploads\/2018\/07\/24-Momentos-de-confusi\u00f3n.jpg 548w\" sizes=\"auto, (max-width: 206px) 100vw, 206px\" \/><\/a>\n\t\t\t<\/dt>\n\t\t\t\t<dd class='wp-caption-text gallery-caption' id='gallery-2-5281'>\n\t\t\t\t20-d-16\n\t\t\t\t<\/dd><\/dl><dl class='gallery-item'>\n\t\t\t<dt class='gallery-icon portrait'>\n\t\t\t\t<a href='https:\/\/www.inesmedina.com\/wp-content\/uploads\/2018\/07\/27-.....jpg'><img loading=\"lazy\" decoding=\"async\" width=\"224\" height=\"300\" src=\"https:\/\/www.inesmedina.com\/wp-content\/uploads\/2018\/07\/27-....-224x300.jpg\" class=\"attachment-medium size-medium\" alt=\"\" aria-describedby=\"gallery-2-5272\" srcset=\"https:\/\/www.inesmedina.com\/wp-content\/uploads\/2018\/07\/27-....-224x300.jpg 224w, https:\/\/www.inesmedina.com\/wp-content\/uploads\/2018\/07\/27-.....jpg 598w\" sizes=\"auto, (max-width: 224px) 100vw, 224px\" \/><\/a>\n\t\t\t<\/dt>\n\t\t\t\t<dd class='wp-caption-text gallery-caption' id='gallery-2-5272'>\n\t\t\t\t20-d-17\n\t\t\t\t<\/dd><\/dl><dl class='gallery-item'>\n\t\t\t<dt class='gallery-icon landscape'>\n\t\t\t\t<a href='https:\/\/www.inesmedina.com\/wp-content\/uploads\/2018\/07\/26-el-perrito.jpg'><img loading=\"lazy\" decoding=\"async\" width=\"300\" height=\"220\" src=\"https:\/\/www.inesmedina.com\/wp-content\/uploads\/2018\/07\/26-el-perrito-300x220.jpg\" class=\"attachment-medium size-medium\" alt=\"\" aria-describedby=\"gallery-2-5271\" srcset=\"https:\/\/www.inesmedina.com\/wp-content\/uploads\/2018\/07\/26-el-perrito-300x220.jpg 300w, https:\/\/www.inesmedina.com\/wp-content\/uploads\/2018\/07\/26-el-perrito-768x563.jpg 768w, https:\/\/www.inesmedina.com\/wp-content\/uploads\/2018\/07\/26-el-perrito.jpg 800w, https:\/\/www.inesmedina.com\/wp-content\/uploads\/2018\/07\/26-el-perrito-700x513.jpg 700w\" sizes=\"auto, (max-width: 300px) 100vw, 300px\" \/><\/a>\n\t\t\t<\/dt>\n\t\t\t\t<dd class='wp-caption-text gallery-caption' id='gallery-2-5271'>\n\t\t\t\t20-d-18\n\t\t\t\t<\/dd><\/dl><br style=\"clear: both\" \/><dl class='gallery-item'>\n\t\t\t<dt class='gallery-icon landscape'>\n\t\t\t\t<a href='https:\/\/www.inesmedina.com\/wp-content\/uploads\/2018\/07\/28-deseo-de-paz.jpg'><img loading=\"lazy\" decoding=\"async\" width=\"300\" height=\"207\" src=\"https:\/\/www.inesmedina.com\/wp-content\/uploads\/2018\/07\/28-deseo-de-paz-300x207.jpg\" class=\"attachment-medium size-medium\" alt=\"\" aria-describedby=\"gallery-2-5273\" srcset=\"https:\/\/www.inesmedina.com\/wp-content\/uploads\/2018\/07\/28-deseo-de-paz-300x207.jpg 300w, https:\/\/www.inesmedina.com\/wp-content\/uploads\/2018\/07\/28-deseo-de-paz-768x530.jpg 768w, https:\/\/www.inesmedina.com\/wp-content\/uploads\/2018\/07\/28-deseo-de-paz.jpg 800w, https:\/\/www.inesmedina.com\/wp-content\/uploads\/2018\/07\/28-deseo-de-paz-700x483.jpg 700w\" sizes=\"auto, (max-width: 300px) 100vw, 300px\" \/><\/a>\n\t\t\t<\/dt>\n\t\t\t\t<dd class='wp-caption-text gallery-caption' id='gallery-2-5273'>\n\t\t\t\t20-d-19\n\t\t\t\t<\/dd><\/dl><dl class='gallery-item'>\n\t\t\t<dt class='gallery-icon landscape'>\n\t\t\t\t<a href='https:\/\/www.inesmedina.com\/wp-content\/uploads\/2018\/07\/32-.....jpg'><img loading=\"lazy\" decoding=\"async\" width=\"300\" height=\"252\" src=\"https:\/\/www.inesmedina.com\/wp-content\/uploads\/2018\/07\/32-....-300x252.jpg\" class=\"attachment-medium size-medium\" alt=\"\" aria-describedby=\"gallery-2-5275\" srcset=\"https:\/\/www.inesmedina.com\/wp-content\/uploads\/2018\/07\/32-....-300x252.jpg 300w, https:\/\/www.inesmedina.com\/wp-content\/uploads\/2018\/07\/32-....-768x646.jpg 768w, https:\/\/www.inesmedina.com\/wp-content\/uploads\/2018\/07\/32-....-700x589.jpg 700w, https:\/\/www.inesmedina.com\/wp-content\/uploads\/2018\/07\/32-.....jpg 800w\" sizes=\"auto, (max-width: 300px) 100vw, 300px\" \/><\/a>\n\t\t\t<\/dt>\n\t\t\t\t<dd class='wp-caption-text gallery-caption' id='gallery-2-5275'>\n\t\t\t\t20-d-20\n\t\t\t\t<\/dd><\/dl><dl class='gallery-item'>\n\t\t\t<dt class='gallery-icon landscape'>\n\t\t\t\t<a href='https:\/\/www.inesmedina.com\/wp-content\/uploads\/2018\/07\/31-concavo-convexo.jpg'><img loading=\"lazy\" decoding=\"async\" width=\"300\" height=\"218\" src=\"https:\/\/www.inesmedina.com\/wp-content\/uploads\/2018\/07\/31-concavo-convexo-300x218.jpg\" class=\"attachment-medium size-medium\" alt=\"\" aria-describedby=\"gallery-2-5274\" srcset=\"https:\/\/www.inesmedina.com\/wp-content\/uploads\/2018\/07\/31-concavo-convexo-300x218.jpg 300w, https:\/\/www.inesmedina.com\/wp-content\/uploads\/2018\/07\/31-concavo-convexo-768x558.jpg 768w, https:\/\/www.inesmedina.com\/wp-content\/uploads\/2018\/07\/31-concavo-convexo.jpg 800w, https:\/\/www.inesmedina.com\/wp-content\/uploads\/2018\/07\/31-concavo-convexo-700x508.jpg 700w\" sizes=\"auto, (max-width: 300px) 100vw, 300px\" \/><\/a>\n\t\t\t<\/dt>\n\t\t\t\t<dd class='wp-caption-text gallery-caption' id='gallery-2-5274'>\n\t\t\t\t20-d-21\n\t\t\t\t<\/dd><\/dl><br style=\"clear: both\" \/><dl class='gallery-item'>\n\t\t\t<dt class='gallery-icon landscape'>\n\t\t\t\t<a href='https:\/\/www.inesmedina.com\/wp-content\/uploads\/2018\/07\/043.jpg'><img loading=\"lazy\" decoding=\"async\" width=\"300\" height=\"218\" src=\"https:\/\/www.inesmedina.com\/wp-content\/uploads\/2018\/07\/043-300x218.jpg\" class=\"attachment-medium size-medium\" alt=\"\" aria-describedby=\"gallery-2-5276\" srcset=\"https:\/\/www.inesmedina.com\/wp-content\/uploads\/2018\/07\/043-300x218.jpg 300w, https:\/\/www.inesmedina.com\/wp-content\/uploads\/2018\/07\/043-768x558.jpg 768w, https:\/\/www.inesmedina.com\/wp-content\/uploads\/2018\/07\/043.jpg 800w, https:\/\/www.inesmedina.com\/wp-content\/uploads\/2018\/07\/043-700x508.jpg 700w\" sizes=\"auto, (max-width: 300px) 100vw, 300px\" \/><\/a>\n\t\t\t<\/dt>\n\t\t\t\t<dd class='wp-caption-text gallery-caption' id='gallery-2-5276'>\n\t\t\t\t20-d-22\n\t\t\t\t<\/dd><\/dl><dl class='gallery-item'>\n\t\t\t<dt class='gallery-icon portrait'>\n\t\t\t\t<a href='https:\/\/www.inesmedina.com\/wp-content\/uploads\/2018\/07\/050.jpg'><img loading=\"lazy\" decoding=\"async\" width=\"212\" height=\"300\" src=\"https:\/\/www.inesmedina.com\/wp-content\/uploads\/2018\/07\/050-212x300.jpg\" class=\"attachment-medium size-medium\" alt=\"\" aria-describedby=\"gallery-2-5294\" srcset=\"https:\/\/www.inesmedina.com\/wp-content\/uploads\/2018\/07\/050-212x300.jpg 212w, https:\/\/www.inesmedina.com\/wp-content\/uploads\/2018\/07\/050.jpg 565w\" sizes=\"auto, (max-width: 212px) 100vw, 212px\" \/><\/a>\n\t\t\t<\/dt>\n\t\t\t\t<dd class='wp-caption-text gallery-caption' id='gallery-2-5294'>\n\t\t\t\t20-d-23\n\t\t\t\t<\/dd><\/dl><dl class='gallery-item'>\n\t\t\t<dt class='gallery-icon landscape'>\n\t\t\t\t<a href='https:\/\/www.inesmedina.com\/wp-content\/uploads\/2018\/07\/045.jpg'><img loading=\"lazy\" decoding=\"async\" width=\"300\" height=\"277\" src=\"https:\/\/www.inesmedina.com\/wp-content\/uploads\/2018\/07\/045-300x277.jpg\" class=\"attachment-medium size-medium\" alt=\"\" aria-describedby=\"gallery-2-5277\" srcset=\"https:\/\/www.inesmedina.com\/wp-content\/uploads\/2018\/07\/045-300x277.jpg 300w, https:\/\/www.inesmedina.com\/wp-content\/uploads\/2018\/07\/045-768x708.jpg 768w, https:\/\/www.inesmedina.com\/wp-content\/uploads\/2018\/07\/045-700x646.jpg 700w, https:\/\/www.inesmedina.com\/wp-content\/uploads\/2018\/07\/045.jpg 800w\" sizes=\"auto, (max-width: 300px) 100vw, 300px\" \/><\/a>\n\t\t\t<\/dt>\n\t\t\t\t<dd class='wp-caption-text gallery-caption' id='gallery-2-5277'>\n\t\t\t\t20-d-24\n\t\t\t\t<\/dd><\/dl><br style=\"clear: both\" \/><dl class='gallery-item'>\n\t\t\t<dt class='gallery-icon portrait'>\n\t\t\t\t<a href='https:\/\/www.inesmedina.com\/wp-content\/uploads\/2018\/07\/051.jpg'><img loading=\"lazy\" decoding=\"async\" width=\"197\" height=\"300\" src=\"https:\/\/www.inesmedina.com\/wp-content\/uploads\/2018\/07\/051-197x300.jpg\" class=\"attachment-medium size-medium\" alt=\"\" aria-describedby=\"gallery-2-5278\" srcset=\"https:\/\/www.inesmedina.com\/wp-content\/uploads\/2018\/07\/051-197x300.jpg 197w, https:\/\/www.inesmedina.com\/wp-content\/uploads\/2018\/07\/051.jpg 525w\" sizes=\"auto, (max-width: 197px) 100vw, 197px\" \/><\/a>\n\t\t\t<\/dt>\n\t\t\t\t<dd class='wp-caption-text gallery-caption' id='gallery-2-5278'>\n\t\t\t\t20-d-25\n\t\t\t\t<\/dd><\/dl><dl class='gallery-item'>\n\t\t\t<dt class='gallery-icon portrait'>\n\t\t\t\t<a href='https:\/\/www.inesmedina.com\/wp-content\/uploads\/2018\/07\/052.jpg'><img loading=\"lazy\" decoding=\"async\" width=\"200\" height=\"300\" src=\"https:\/\/www.inesmedina.com\/wp-content\/uploads\/2018\/07\/052-200x300.jpg\" class=\"attachment-medium size-medium\" alt=\"\" aria-describedby=\"gallery-2-5296\" srcset=\"https:\/\/www.inesmedina.com\/wp-content\/uploads\/2018\/07\/052-200x300.jpg 200w, https:\/\/www.inesmedina.com\/wp-content\/uploads\/2018\/07\/052.jpg 514w\" sizes=\"auto, (max-width: 200px) 100vw, 200px\" \/><\/a>\n\t\t\t<\/dt>\n\t\t\t\t<dd class='wp-caption-text gallery-caption' id='gallery-2-5296'>\n\t\t\t\t20-d-26\n\t\t\t\t<\/dd><\/dl><dl class='gallery-item'>\n\t\t\t<dt class='gallery-icon portrait'>\n\t\t\t\t<a href='https:\/\/www.inesmedina.com\/wp-content\/uploads\/2018\/07\/060.jpg'><img loading=\"lazy\" decoding=\"async\" width=\"137\" height=\"300\" src=\"https:\/\/www.inesmedina.com\/wp-content\/uploads\/2018\/07\/060-137x300.jpg\" class=\"attachment-medium size-medium\" alt=\"\" aria-describedby=\"gallery-2-5297\" srcset=\"https:\/\/www.inesmedina.com\/wp-content\/uploads\/2018\/07\/060-137x300.jpg 137w, https:\/\/www.inesmedina.com\/wp-content\/uploads\/2018\/07\/060.jpg 365w\" sizes=\"auto, (max-width: 137px) 100vw, 137px\" \/><\/a>\n\t\t\t<\/dt>\n\t\t\t\t<dd class='wp-caption-text gallery-caption' id='gallery-2-5297'>\n\t\t\t\t20-d-27\n\t\t\t\t<\/dd><\/dl><br style=\"clear: both\" \/><dl class='gallery-item'>\n\t\t\t<dt class='gallery-icon portrait'>\n\t\t\t\t<a href='https:\/\/www.inesmedina.com\/wp-content\/uploads\/2018\/07\/065.jpg'><img loading=\"lazy\" decoding=\"async\" width=\"171\" height=\"300\" src=\"https:\/\/www.inesmedina.com\/wp-content\/uploads\/2018\/07\/065-171x300.jpg\" class=\"attachment-medium size-medium\" alt=\"\" aria-describedby=\"gallery-2-5298\" srcset=\"https:\/\/www.inesmedina.com\/wp-content\/uploads\/2018\/07\/065-171x300.jpg 171w, https:\/\/www.inesmedina.com\/wp-content\/uploads\/2018\/07\/065.jpg 455w\" sizes=\"auto, (max-width: 171px) 100vw, 171px\" \/><\/a>\n\t\t\t<\/dt>\n\t\t\t\t<dd class='wp-caption-text gallery-caption' id='gallery-2-5298'>\n\t\t\t\t20-d-28\n\t\t\t\t<\/dd><\/dl><dl class='gallery-item'>\n\t\t\t<dt class='gallery-icon portrait'>\n\t\t\t\t<a href='https:\/\/www.inesmedina.com\/wp-content\/uploads\/2018\/07\/072.jpg'><img loading=\"lazy\" decoding=\"async\" width=\"218\" height=\"300\" src=\"https:\/\/www.inesmedina.com\/wp-content\/uploads\/2018\/07\/072-218x300.jpg\" class=\"attachment-medium size-medium\" alt=\"\" aria-describedby=\"gallery-2-5299\" srcset=\"https:\/\/www.inesmedina.com\/wp-content\/uploads\/2018\/07\/072-218x300.jpg 218w, https:\/\/www.inesmedina.com\/wp-content\/uploads\/2018\/07\/072.jpg 581w\" sizes=\"auto, (max-width: 218px) 100vw, 218px\" \/><\/a>\n\t\t\t<\/dt>\n\t\t\t\t<dd class='wp-caption-text gallery-caption' id='gallery-2-5299'>\n\t\t\t\t20-d-29\n\t\t\t\t<\/dd><\/dl><dl class='gallery-item'>\n\t\t\t<dt class='gallery-icon portrait'>\n\t\t\t\t<a href='https:\/\/www.inesmedina.com\/wp-content\/uploads\/2018\/07\/074.jpg'><img loading=\"lazy\" decoding=\"async\" width=\"195\" height=\"300\" src=\"https:\/\/www.inesmedina.com\/wp-content\/uploads\/2018\/07\/074-195x300.jpg\" class=\"attachment-medium size-medium\" alt=\"\" aria-describedby=\"gallery-2-5300\" srcset=\"https:\/\/www.inesmedina.com\/wp-content\/uploads\/2018\/07\/074-195x300.jpg 195w, https:\/\/www.inesmedina.com\/wp-content\/uploads\/2018\/07\/074.jpg 521w\" sizes=\"auto, (max-width: 195px) 100vw, 195px\" \/><\/a>\n\t\t\t<\/dt>\n\t\t\t\t<dd class='wp-caption-text gallery-caption' id='gallery-2-5300'>\n\t\t\t\t20-d-30\n\t\t\t\t<\/dd><\/dl><br style=\"clear: both\" \/><dl class='gallery-item'>\n\t\t\t<dt class='gallery-icon landscape'>\n\t\t\t\t<a href='https:\/\/www.inesmedina.com\/wp-content\/uploads\/2018\/07\/076.jpg'><img loading=\"lazy\" decoding=\"async\" width=\"300\" height=\"285\" src=\"https:\/\/www.inesmedina.com\/wp-content\/uploads\/2018\/07\/076-300x285.jpg\" class=\"attachment-medium size-medium\" alt=\"\" aria-describedby=\"gallery-2-5302\" srcset=\"https:\/\/www.inesmedina.com\/wp-content\/uploads\/2018\/07\/076-300x285.jpg 300w, https:\/\/www.inesmedina.com\/wp-content\/uploads\/2018\/07\/076-768x730.jpg 768w, https:\/\/www.inesmedina.com\/wp-content\/uploads\/2018\/07\/076-700x665.jpg 700w, https:\/\/www.inesmedina.com\/wp-content\/uploads\/2018\/07\/076.jpg 800w\" sizes=\"auto, (max-width: 300px) 100vw, 300px\" \/><\/a>\n\t\t\t<\/dt>\n\t\t\t\t<dd class='wp-caption-text gallery-caption' id='gallery-2-5302'>\n\t\t\t\t20-d-31\n\t\t\t\t<\/dd><\/dl><dl class='gallery-item'>\n\t\t\t<dt class='gallery-icon portrait'>\n\t\t\t\t<a href='https:\/\/www.inesmedina.com\/wp-content\/uploads\/2018\/07\/075.jpg'><img loading=\"lazy\" decoding=\"async\" width=\"249\" height=\"300\" src=\"https:\/\/www.inesmedina.com\/wp-content\/uploads\/2018\/07\/075-249x300.jpg\" class=\"attachment-medium size-medium\" alt=\"\" aria-describedby=\"gallery-2-5301\" srcset=\"https:\/\/www.inesmedina.com\/wp-content\/uploads\/2018\/07\/075-249x300.jpg 249w, https:\/\/www.inesmedina.com\/wp-content\/uploads\/2018\/07\/075.jpg 663w\" sizes=\"auto, (max-width: 249px) 100vw, 249px\" \/><\/a>\n\t\t\t<\/dt>\n\t\t\t\t<dd class='wp-caption-text gallery-caption' id='gallery-2-5301'>\n\t\t\t\t20-d-32\n\t\t\t\t<\/dd><\/dl><dl class='gallery-item'>\n\t\t\t<dt class='gallery-icon landscape'>\n\t\t\t\t<a href='https:\/\/www.inesmedina.com\/wp-content\/uploads\/2018\/07\/077.jpg'><img loading=\"lazy\" decoding=\"async\" width=\"300\" height=\"282\" src=\"https:\/\/www.inesmedina.com\/wp-content\/uploads\/2018\/07\/077-300x282.jpg\" class=\"attachment-medium size-medium\" alt=\"\" aria-describedby=\"gallery-2-5303\" srcset=\"https:\/\/www.inesmedina.com\/wp-content\/uploads\/2018\/07\/077-300x282.jpg 300w, https:\/\/www.inesmedina.com\/wp-content\/uploads\/2018\/07\/077-768x721.jpg 768w, https:\/\/www.inesmedina.com\/wp-content\/uploads\/2018\/07\/077-700x657.jpg 700w, https:\/\/www.inesmedina.com\/wp-content\/uploads\/2018\/07\/077.jpg 800w\" sizes=\"auto, (max-width: 300px) 100vw, 300px\" \/><\/a>\n\t\t\t<\/dt>\n\t\t\t\t<dd class='wp-caption-text gallery-caption' id='gallery-2-5303'>\n\t\t\t\t20-d-33\n\t\t\t\t<\/dd><\/dl><br style=\"clear: both\" \/><dl class='gallery-item'>\n\t\t\t<dt class='gallery-icon portrait'>\n\t\t\t\t<a href='https:\/\/www.inesmedina.com\/wp-content\/uploads\/2018\/07\/083.jpg'><img loading=\"lazy\" decoding=\"async\" width=\"251\" height=\"300\" src=\"https:\/\/www.inesmedina.com\/wp-content\/uploads\/2018\/07\/083-251x300.jpg\" class=\"attachment-medium size-medium\" alt=\"\" aria-describedby=\"gallery-2-5304\" srcset=\"https:\/\/www.inesmedina.com\/wp-content\/uploads\/2018\/07\/083-251x300.jpg 251w, https:\/\/www.inesmedina.com\/wp-content\/uploads\/2018\/07\/083.jpg 669w\" sizes=\"auto, (max-width: 251px) 100vw, 251px\" \/><\/a>\n\t\t\t<\/dt>\n\t\t\t\t<dd class='wp-caption-text gallery-caption' id='gallery-2-5304'>\n\t\t\t\t20-d-34\n\t\t\t\t<\/dd><\/dl><dl class='gallery-item'>\n\t\t\t<dt class='gallery-icon portrait'>\n\t\t\t\t<a href='https:\/\/www.inesmedina.com\/wp-content\/uploads\/2018\/07\/085.jpg'><img loading=\"lazy\" decoding=\"async\" width=\"267\" height=\"300\" src=\"https:\/\/www.inesmedina.com\/wp-content\/uploads\/2018\/07\/085-267x300.jpg\" class=\"attachment-medium size-medium\" alt=\"\" aria-describedby=\"gallery-2-5306\" srcset=\"https:\/\/www.inesmedina.com\/wp-content\/uploads\/2018\/07\/085-267x300.jpg 267w, https:\/\/www.inesmedina.com\/wp-content\/uploads\/2018\/07\/085-700x785.jpg 700w, https:\/\/www.inesmedina.com\/wp-content\/uploads\/2018\/07\/085.jpg 713w\" sizes=\"auto, (max-width: 267px) 100vw, 267px\" \/><\/a>\n\t\t\t<\/dt>\n\t\t\t\t<dd class='wp-caption-text gallery-caption' id='gallery-2-5306'>\n\t\t\t\t20-d-35\n\t\t\t\t<\/dd><\/dl><dl class='gallery-item'>\n\t\t\t<dt class='gallery-icon portrait'>\n\t\t\t\t<a href='https:\/\/www.inesmedina.com\/wp-content\/uploads\/2018\/07\/086.jpg'><img loading=\"lazy\" decoding=\"async\" width=\"200\" height=\"300\" src=\"https:\/\/www.inesmedina.com\/wp-content\/uploads\/2018\/07\/086-200x300.jpg\" class=\"attachment-medium size-medium\" alt=\"\" aria-describedby=\"gallery-2-5307\" srcset=\"https:\/\/www.inesmedina.com\/wp-content\/uploads\/2018\/07\/086-200x300.jpg 200w, https:\/\/www.inesmedina.com\/wp-content\/uploads\/2018\/07\/086.jpg 532w\" sizes=\"auto, (max-width: 200px) 100vw, 200px\" \/><\/a>\n\t\t\t<\/dt>\n\t\t\t\t<dd class='wp-caption-text gallery-caption' id='gallery-2-5307'>\n\t\t\t\t20-d-36\n\t\t\t\t<\/dd><\/dl><br style=\"clear: both\" \/><dl class='gallery-item'>\n\t\t\t<dt class='gallery-icon portrait'>\n\t\t\t\t<a href='https:\/\/www.inesmedina.com\/wp-content\/uploads\/2018\/07\/087.jpg'><img loading=\"lazy\" decoding=\"async\" width=\"176\" height=\"300\" src=\"https:\/\/www.inesmedina.com\/wp-content\/uploads\/2018\/07\/087-176x300.jpg\" class=\"attachment-medium size-medium\" alt=\"\" aria-describedby=\"gallery-2-5308\" srcset=\"https:\/\/www.inesmedina.com\/wp-content\/uploads\/2018\/07\/087-176x300.jpg 176w, https:\/\/www.inesmedina.com\/wp-content\/uploads\/2018\/07\/087.jpg 470w\" sizes=\"auto, (max-width: 176px) 100vw, 176px\" \/><\/a>\n\t\t\t<\/dt>\n\t\t\t\t<dd class='wp-caption-text gallery-caption' id='gallery-2-5308'>\n\t\t\t\t20-d-37\n\t\t\t\t<\/dd><\/dl><dl class='gallery-item'>\n\t\t\t<dt class='gallery-icon landscape'>\n\t\t\t\t<a href='https:\/\/www.inesmedina.com\/wp-content\/uploads\/2018\/07\/acuarela-c-2013.jpg'><img loading=\"lazy\" decoding=\"async\" width=\"300\" height=\"207\" src=\"https:\/\/www.inesmedina.com\/wp-content\/uploads\/2018\/07\/acuarela-c-2013-300x207.jpg\" class=\"attachment-medium size-medium\" alt=\"\" aria-describedby=\"gallery-2-5309\" srcset=\"https:\/\/www.inesmedina.com\/wp-content\/uploads\/2018\/07\/acuarela-c-2013-300x207.jpg 300w, https:\/\/www.inesmedina.com\/wp-content\/uploads\/2018\/07\/acuarela-c-2013-768x531.jpg 768w, https:\/\/www.inesmedina.com\/wp-content\/uploads\/2018\/07\/acuarela-c-2013.jpg 800w, https:\/\/www.inesmedina.com\/wp-content\/uploads\/2018\/07\/acuarela-c-2013-700x484.jpg 700w\" sizes=\"auto, (max-width: 300px) 100vw, 300px\" \/><\/a>\n\t\t\t<\/dt>\n\t\t\t\t<dd class='wp-caption-text gallery-caption' id='gallery-2-5309'>\n\t\t\t\t20-d-38\n\t\t\t\t<\/dd><\/dl><dl class='gallery-item'>\n\t\t\t<dt class='gallery-icon portrait'>\n\t\t\t\t<a href='https:\/\/www.inesmedina.com\/wp-content\/uploads\/2018\/07\/acuarela-grande-2013.jpg'><img loading=\"lazy\" decoding=\"async\" width=\"195\" height=\"300\" src=\"https:\/\/www.inesmedina.com\/wp-content\/uploads\/2018\/07\/acuarela-grande-2013-195x300.jpg\" class=\"attachment-medium size-medium\" alt=\"\" aria-describedby=\"gallery-2-5310\" srcset=\"https:\/\/www.inesmedina.com\/wp-content\/uploads\/2018\/07\/acuarela-grande-2013-195x300.jpg 195w, https:\/\/www.inesmedina.com\/wp-content\/uploads\/2018\/07\/acuarela-grande-2013.jpg 520w\" sizes=\"auto, (max-width: 195px) 100vw, 195px\" \/><\/a>\n\t\t\t<\/dt>\n\t\t\t\t<dd class='wp-caption-text gallery-caption' id='gallery-2-5310'>\n\t\t\t\t20-d-39\n\t\t\t\t<\/dd><\/dl><br style=\"clear: both\" \/><dl class='gallery-item'>\n\t\t\t<dt class='gallery-icon portrait'>\n\t\t\t\t<a href='https:\/\/www.inesmedina.com\/wp-content\/uploads\/2018\/07\/agradecida.jpg'><img loading=\"lazy\" decoding=\"async\" width=\"218\" height=\"300\" src=\"https:\/\/www.inesmedina.com\/wp-content\/uploads\/2018\/07\/agradecida-218x300.jpg\" class=\"attachment-medium size-medium\" alt=\"\" aria-describedby=\"gallery-2-5311\" srcset=\"https:\/\/www.inesmedina.com\/wp-content\/uploads\/2018\/07\/agradecida-218x300.jpg 218w, https:\/\/www.inesmedina.com\/wp-content\/uploads\/2018\/07\/agradecida.jpg 581w\" sizes=\"auto, (max-width: 218px) 100vw, 218px\" \/><\/a>\n\t\t\t<\/dt>\n\t\t\t\t<dd class='wp-caption-text gallery-caption' id='gallery-2-5311'>\n\t\t\t\t20-d-40\n\t\t\t\t<\/dd><\/dl><dl class='gallery-item'>\n\t\t\t<dt class='gallery-icon landscape'>\n\t\t\t\t<a href='https:\/\/www.inesmedina.com\/wp-content\/uploads\/2018\/07\/apertura-de-conciencia.jpg'><img loading=\"lazy\" decoding=\"async\" width=\"300\" height=\"272\" src=\"https:\/\/www.inesmedina.com\/wp-content\/uploads\/2018\/07\/apertura-de-conciencia-300x272.jpg\" class=\"attachment-medium size-medium\" alt=\"\" aria-describedby=\"gallery-2-5313\" srcset=\"https:\/\/www.inesmedina.com\/wp-content\/uploads\/2018\/07\/apertura-de-conciencia-300x272.jpg 300w, https:\/\/www.inesmedina.com\/wp-content\/uploads\/2018\/07\/apertura-de-conciencia-768x695.jpg 768w, https:\/\/www.inesmedina.com\/wp-content\/uploads\/2018\/07\/apertura-de-conciencia-700x634.jpg 700w, https:\/\/www.inesmedina.com\/wp-content\/uploads\/2018\/07\/apertura-de-conciencia.jpg 800w\" sizes=\"auto, (max-width: 300px) 100vw, 300px\" \/><\/a>\n\t\t\t<\/dt>\n\t\t\t\t<dd class='wp-caption-text gallery-caption' id='gallery-2-5313'>\n\t\t\t\t20-d-41\n\t\t\t\t<\/dd><\/dl><dl class='gallery-item'>\n\t\t\t<dt class='gallery-icon portrait'>\n\t\t\t\t<a href='https:\/\/www.inesmedina.com\/wp-content\/uploads\/2018\/07\/conciencia-del-orden.jpg'><img loading=\"lazy\" decoding=\"async\" width=\"155\" height=\"300\" src=\"https:\/\/www.inesmedina.com\/wp-content\/uploads\/2018\/07\/conciencia-del-orden-155x300.jpg\" class=\"attachment-medium size-medium\" alt=\"\" aria-describedby=\"gallery-2-5314\" srcset=\"https:\/\/www.inesmedina.com\/wp-content\/uploads\/2018\/07\/conciencia-del-orden-155x300.jpg 155w, https:\/\/www.inesmedina.com\/wp-content\/uploads\/2018\/07\/conciencia-del-orden.jpg 413w\" sizes=\"auto, (max-width: 155px) 100vw, 155px\" \/><\/a>\n\t\t\t<\/dt>\n\t\t\t\t<dd class='wp-caption-text gallery-caption' id='gallery-2-5314'>\n\t\t\t\t20-d-42\n\t\t\t\t<\/dd><\/dl><br style=\"clear: both\" \/><dl class='gallery-item'>\n\t\t\t<dt class='gallery-icon portrait'>\n\t\t\t\t<a href='https:\/\/www.inesmedina.com\/wp-content\/uploads\/2018\/07\/dispuesta-a-recibir.jpg'><img loading=\"lazy\" decoding=\"async\" width=\"157\" height=\"300\" src=\"https:\/\/www.inesmedina.com\/wp-content\/uploads\/2018\/07\/dispuesta-a-recibir-157x300.jpg\" class=\"attachment-medium size-medium\" alt=\"\" aria-describedby=\"gallery-2-5316\" srcset=\"https:\/\/www.inesmedina.com\/wp-content\/uploads\/2018\/07\/dispuesta-a-recibir-157x300.jpg 157w, https:\/\/www.inesmedina.com\/wp-content\/uploads\/2018\/07\/dispuesta-a-recibir.jpg 419w\" sizes=\"auto, (max-width: 157px) 100vw, 157px\" \/><\/a>\n\t\t\t<\/dt>\n\t\t\t\t<dd class='wp-caption-text gallery-caption' id='gallery-2-5316'>\n\t\t\t\t20-d-43\n\t\t\t\t<\/dd><\/dl><dl class='gallery-item'>\n\t\t\t<dt class='gallery-icon portrait'>\n\t\t\t\t<a href='https:\/\/www.inesmedina.com\/wp-content\/uploads\/2018\/07\/deseo-de-desarrollo-pleno.jpg'><img loading=\"lazy\" decoding=\"async\" width=\"222\" height=\"300\" src=\"https:\/\/www.inesmedina.com\/wp-content\/uploads\/2018\/07\/deseo-de-desarrollo-pleno-222x300.jpg\" class=\"attachment-medium size-medium\" alt=\"\" aria-describedby=\"gallery-2-5315\" srcset=\"https:\/\/www.inesmedina.com\/wp-content\/uploads\/2018\/07\/deseo-de-desarrollo-pleno-222x300.jpg 222w, https:\/\/www.inesmedina.com\/wp-content\/uploads\/2018\/07\/deseo-de-desarrollo-pleno.jpg 593w\" sizes=\"auto, (max-width: 222px) 100vw, 222px\" \/><\/a>\n\t\t\t<\/dt>\n\t\t\t\t<dd class='wp-caption-text gallery-caption' id='gallery-2-5315'>\n\t\t\t\t20-d-44\n\t\t\t\t<\/dd><\/dl><dl class='gallery-item'>\n\t\t\t<dt class='gallery-icon portrait'>\n\t\t\t\t<a href='https:\/\/www.inesmedina.com\/wp-content\/uploads\/2018\/07\/dolor.jpg'><img loading=\"lazy\" decoding=\"async\" width=\"218\" height=\"300\" src=\"https:\/\/www.inesmedina.com\/wp-content\/uploads\/2018\/07\/dolor-218x300.jpg\" class=\"attachment-medium size-medium\" alt=\"\" aria-describedby=\"gallery-2-5317\" srcset=\"https:\/\/www.inesmedina.com\/wp-content\/uploads\/2018\/07\/dolor-218x300.jpg 218w, https:\/\/www.inesmedina.com\/wp-content\/uploads\/2018\/07\/dolor.jpg 581w\" sizes=\"auto, (max-width: 218px) 100vw, 218px\" \/><\/a>\n\t\t\t<\/dt>\n\t\t\t\t<dd class='wp-caption-text gallery-caption' id='gallery-2-5317'>\n\t\t\t\t20-d-45\n\t\t\t\t<\/dd><\/dl><br style=\"clear: both\" \/><dl class='gallery-item'>\n\t\t\t<dt class='gallery-icon landscape'>\n\t\t\t\t<a href='https:\/\/www.inesmedina.com\/wp-content\/uploads\/2018\/07\/DSC_3436.jpg'><img loading=\"lazy\" decoding=\"async\" width=\"300\" height=\"200\" src=\"https:\/\/www.inesmedina.com\/wp-content\/uploads\/2018\/07\/DSC_3436-300x200.jpg\" class=\"attachment-medium size-medium\" alt=\"\" aria-describedby=\"gallery-2-5320\" srcset=\"https:\/\/www.inesmedina.com\/wp-content\/uploads\/2018\/07\/DSC_3436-300x200.jpg 300w, https:\/\/www.inesmedina.com\/wp-content\/uploads\/2018\/07\/DSC_3436-768x511.jpg 768w, https:\/\/www.inesmedina.com\/wp-content\/uploads\/2018\/07\/DSC_3436.jpg 800w, https:\/\/www.inesmedina.com\/wp-content\/uploads\/2018\/07\/DSC_3436-700x466.jpg 700w\" sizes=\"auto, (max-width: 300px) 100vw, 300px\" \/><\/a>\n\t\t\t<\/dt>\n\t\t\t\t<dd class='wp-caption-text gallery-caption' id='gallery-2-5320'>\n\t\t\t\t20-d-46\n\t\t\t\t<\/dd><\/dl><dl class='gallery-item'>\n\t\t\t<dt class='gallery-icon landscape'>\n\t\t\t\t<a href='https:\/\/www.inesmedina.com\/wp-content\/uploads\/2018\/07\/DSC_3369.jpg'><img loading=\"lazy\" decoding=\"async\" width=\"300\" height=\"222\" src=\"https:\/\/www.inesmedina.com\/wp-content\/uploads\/2018\/07\/DSC_3369-300x222.jpg\" class=\"attachment-medium size-medium\" alt=\"\" aria-describedby=\"gallery-2-5318\" srcset=\"https:\/\/www.inesmedina.com\/wp-content\/uploads\/2018\/07\/DSC_3369-300x222.jpg 300w, https:\/\/www.inesmedina.com\/wp-content\/uploads\/2018\/07\/DSC_3369-768x567.jpg 768w, https:\/\/www.inesmedina.com\/wp-content\/uploads\/2018\/07\/DSC_3369.jpg 800w, https:\/\/www.inesmedina.com\/wp-content\/uploads\/2018\/07\/DSC_3369-700x517.jpg 700w\" sizes=\"auto, (max-width: 300px) 100vw, 300px\" \/><\/a>\n\t\t\t<\/dt>\n\t\t\t\t<dd class='wp-caption-text gallery-caption' id='gallery-2-5318'>\n\t\t\t\t20-d-47\n\t\t\t\t<\/dd><\/dl><dl class='gallery-item'>\n\t\t\t<dt class='gallery-icon landscape'>\n\t\t\t\t<a href='https:\/\/www.inesmedina.com\/wp-content\/uploads\/2018\/07\/DSC_3413.jpg'><img loading=\"lazy\" decoding=\"async\" width=\"300\" height=\"226\" src=\"https:\/\/www.inesmedina.com\/wp-content\/uploads\/2018\/07\/DSC_3413-300x226.jpg\" class=\"attachment-medium size-medium\" alt=\"\" aria-describedby=\"gallery-2-5319\" srcset=\"https:\/\/www.inesmedina.com\/wp-content\/uploads\/2018\/07\/DSC_3413-300x226.jpg 300w, https:\/\/www.inesmedina.com\/wp-content\/uploads\/2018\/07\/DSC_3413-768x578.jpg 768w, https:\/\/www.inesmedina.com\/wp-content\/uploads\/2018\/07\/DSC_3413.jpg 800w, https:\/\/www.inesmedina.com\/wp-content\/uploads\/2018\/07\/DSC_3413-700x527.jpg 700w\" sizes=\"auto, (max-width: 300px) 100vw, 300px\" \/><\/a>\n\t\t\t<\/dt>\n\t\t\t\t<dd class='wp-caption-text gallery-caption' id='gallery-2-5319'>\n\t\t\t\t20-d-48\n\t\t\t\t<\/dd><\/dl><br style=\"clear: both\" \/><dl class='gallery-item'>\n\t\t\t<dt class='gallery-icon portrait'>\n\t\t\t\t<a href='https:\/\/www.inesmedina.com\/wp-content\/uploads\/2018\/07\/DSC_4705.jpg'><img loading=\"lazy\" decoding=\"async\" width=\"214\" height=\"300\" src=\"https:\/\/www.inesmedina.com\/wp-content\/uploads\/2018\/07\/DSC_4705-214x300.jpg\" class=\"attachment-medium size-medium\" alt=\"\" aria-describedby=\"gallery-2-5321\" srcset=\"https:\/\/www.inesmedina.com\/wp-content\/uploads\/2018\/07\/DSC_4705-214x300.jpg 214w, https:\/\/www.inesmedina.com\/wp-content\/uploads\/2018\/07\/DSC_4705.jpg 571w\" sizes=\"auto, (max-width: 214px) 100vw, 214px\" \/><\/a>\n\t\t\t<\/dt>\n\t\t\t\t<dd class='wp-caption-text gallery-caption' id='gallery-2-5321'>\n\t\t\t\t20-d-49\n\t\t\t\t<\/dd><\/dl><dl class='gallery-item'>\n\t\t\t<dt class='gallery-icon landscape'>\n\t\t\t\t<a href='https:\/\/www.inesmedina.com\/wp-content\/uploads\/2018\/07\/20-d-50.jpg'><img loading=\"lazy\" decoding=\"async\" width=\"300\" height=\"214\" src=\"https:\/\/www.inesmedina.com\/wp-content\/uploads\/2018\/07\/20-d-50-300x214.jpg\" class=\"attachment-medium size-medium\" alt=\"\" aria-describedby=\"gallery-2-5340\" srcset=\"https:\/\/www.inesmedina.com\/wp-content\/uploads\/2018\/07\/20-d-50-300x214.jpg 300w, https:\/\/www.inesmedina.com\/wp-content\/uploads\/2018\/07\/20-d-50-768x548.jpg 768w, https:\/\/www.inesmedina.com\/wp-content\/uploads\/2018\/07\/20-d-50.jpg 800w, https:\/\/www.inesmedina.com\/wp-content\/uploads\/2018\/07\/20-d-50-700x500.jpg 700w\" sizes=\"auto, (max-width: 300px) 100vw, 300px\" \/><\/a>\n\t\t\t<\/dt>\n\t\t\t\t<dd class='wp-caption-text gallery-caption' id='gallery-2-5340'>\n\t\t\t\t20-d-50\n\t\t\t\t<\/dd><\/dl><dl class='gallery-item'>\n\t\t\t<dt class='gallery-icon portrait'>\n\t\t\t\t<a href='https:\/\/www.inesmedina.com\/wp-content\/uploads\/2018\/07\/el-miedo-que-produce-las-guerras-y-perdida-de-identidad.jpg'><img loading=\"lazy\" decoding=\"async\" width=\"182\" height=\"300\" src=\"https:\/\/www.inesmedina.com\/wp-content\/uploads\/2018\/07\/el-miedo-que-produce-las-guerras-y-perdida-de-identidad-182x300.jpg\" class=\"attachment-medium size-medium\" alt=\"\" aria-describedby=\"gallery-2-5322\" srcset=\"https:\/\/www.inesmedina.com\/wp-content\/uploads\/2018\/07\/el-miedo-que-produce-las-guerras-y-perdida-de-identidad-182x300.jpg 182w, https:\/\/www.inesmedina.com\/wp-content\/uploads\/2018\/07\/el-miedo-que-produce-las-guerras-y-perdida-de-identidad.jpg 486w\" sizes=\"auto, (max-width: 182px) 100vw, 182px\" \/><\/a>\n\t\t\t<\/dt>\n\t\t\t\t<dd class='wp-caption-text gallery-caption' id='gallery-2-5322'>\n\t\t\t\t20-d-51\n\t\t\t\t<\/dd><\/dl><br style=\"clear: both\" \/><dl class='gallery-item'>\n\t\t\t<dt class='gallery-icon portrait'>\n\t\t\t\t<a href='https:\/\/www.inesmedina.com\/wp-content\/uploads\/2018\/07\/infinito.jpg'><img loading=\"lazy\" decoding=\"async\" width=\"219\" height=\"300\" src=\"https:\/\/www.inesmedina.com\/wp-content\/uploads\/2018\/07\/infinito-219x300.jpg\" class=\"attachment-medium size-medium\" alt=\"\" aria-describedby=\"gallery-2-5324\" srcset=\"https:\/\/www.inesmedina.com\/wp-content\/uploads\/2018\/07\/infinito-219x300.jpg 219w, https:\/\/www.inesmedina.com\/wp-content\/uploads\/2018\/07\/infinito.jpg 583w\" sizes=\"auto, (max-width: 219px) 100vw, 219px\" \/><\/a>\n\t\t\t<\/dt>\n\t\t\t\t<dd class='wp-caption-text gallery-caption' id='gallery-2-5324'>\n\t\t\t\t20-d-52\n\t\t\t\t<\/dd><\/dl><dl class='gallery-item'>\n\t\t\t<dt class='gallery-icon landscape'>\n\t\t\t\t<a href='https:\/\/www.inesmedina.com\/wp-content\/uploads\/2018\/07\/inmenso-dolor.jpg'><img loading=\"lazy\" decoding=\"async\" width=\"300\" height=\"294\" src=\"https:\/\/www.inesmedina.com\/wp-content\/uploads\/2018\/07\/inmenso-dolor-300x294.jpg\" class=\"attachment-medium size-medium\" alt=\"\" aria-describedby=\"gallery-2-5325\" srcset=\"https:\/\/www.inesmedina.com\/wp-content\/uploads\/2018\/07\/inmenso-dolor-300x294.jpg 300w, https:\/\/www.inesmedina.com\/wp-content\/uploads\/2018\/07\/inmenso-dolor-768x754.jpg 768w, https:\/\/www.inesmedina.com\/wp-content\/uploads\/2018\/07\/inmenso-dolor-700x687.jpg 700w, https:\/\/www.inesmedina.com\/wp-content\/uploads\/2018\/07\/inmenso-dolor.jpg 800w\" sizes=\"auto, (max-width: 300px) 100vw, 300px\" \/><\/a>\n\t\t\t<\/dt>\n\t\t\t\t<dd class='wp-caption-text gallery-caption' id='gallery-2-5325'>\n\t\t\t\t20-d-53\n\t\t\t\t<\/dd><\/dl><dl class='gallery-item'>\n\t\t\t<dt class='gallery-icon landscape'>\n\t\t\t\t<a href='https:\/\/www.inesmedina.com\/wp-content\/uploads\/2018\/07\/intentando-maifestar-la-energia-pura-del-ser.jpg'><img loading=\"lazy\" decoding=\"async\" width=\"300\" height=\"218\" src=\"https:\/\/www.inesmedina.com\/wp-content\/uploads\/2018\/07\/intentando-maifestar-la-energia-pura-del-ser-300x218.jpg\" class=\"attachment-medium size-medium\" alt=\"\" aria-describedby=\"gallery-2-5326\" srcset=\"https:\/\/www.inesmedina.com\/wp-content\/uploads\/2018\/07\/intentando-maifestar-la-energia-pura-del-ser-300x218.jpg 300w, https:\/\/www.inesmedina.com\/wp-content\/uploads\/2018\/07\/intentando-maifestar-la-energia-pura-del-ser-768x558.jpg 768w, https:\/\/www.inesmedina.com\/wp-content\/uploads\/2018\/07\/intentando-maifestar-la-energia-pura-del-ser.jpg 800w, https:\/\/www.inesmedina.com\/wp-content\/uploads\/2018\/07\/intentando-maifestar-la-energia-pura-del-ser-700x508.jpg 700w\" sizes=\"auto, (max-width: 300px) 100vw, 300px\" \/><\/a>\n\t\t\t<\/dt>\n\t\t\t\t<dd class='wp-caption-text gallery-caption' id='gallery-2-5326'>\n\t\t\t\t20-d-54\n\t\t\t\t<\/dd><\/dl><br style=\"clear: both\" \/><dl class='gallery-item'>\n\t\t\t<dt class='gallery-icon portrait'>\n\t\t\t\t<a href='https:\/\/www.inesmedina.com\/wp-content\/uploads\/2018\/07\/niveles-de-la-verdad-y-el-amor.jpg'><img loading=\"lazy\" decoding=\"async\" width=\"217\" height=\"300\" src=\"https:\/\/www.inesmedina.com\/wp-content\/uploads\/2018\/07\/niveles-de-la-verdad-y-el-amor-217x300.jpg\" class=\"attachment-medium size-medium\" alt=\"\" aria-describedby=\"gallery-2-5329\" srcset=\"https:\/\/www.inesmedina.com\/wp-content\/uploads\/2018\/07\/niveles-de-la-verdad-y-el-amor-217x300.jpg 217w, https:\/\/www.inesmedina.com\/wp-content\/uploads\/2018\/07\/niveles-de-la-verdad-y-el-amor.jpg 578w\" sizes=\"auto, (max-width: 217px) 100vw, 217px\" \/><\/a>\n\t\t\t<\/dt>\n\t\t\t\t<dd class='wp-caption-text gallery-caption' id='gallery-2-5329'>\n\t\t\t\t20-d-55\n\t\t\t\t<\/dd><\/dl><dl class='gallery-item'>\n\t\t\t<dt class='gallery-icon landscape'>\n\t\t\t\t<a href='https:\/\/www.inesmedina.com\/wp-content\/uploads\/2018\/07\/la-mirada-del-Ser.jpg'><img loading=\"lazy\" decoding=\"async\" width=\"300\" height=\"230\" src=\"https:\/\/www.inesmedina.com\/wp-content\/uploads\/2018\/07\/la-mirada-del-Ser-300x230.jpg\" class=\"attachment-medium size-medium\" alt=\"\" aria-describedby=\"gallery-2-5327\" srcset=\"https:\/\/www.inesmedina.com\/wp-content\/uploads\/2018\/07\/la-mirada-del-Ser-300x230.jpg 300w, https:\/\/www.inesmedina.com\/wp-content\/uploads\/2018\/07\/la-mirada-del-Ser-768x589.jpg 768w, https:\/\/www.inesmedina.com\/wp-content\/uploads\/2018\/07\/la-mirada-del-Ser-700x537.jpg 700w, https:\/\/www.inesmedina.com\/wp-content\/uploads\/2018\/07\/la-mirada-del-Ser.jpg 800w\" sizes=\"auto, (max-width: 300px) 100vw, 300px\" \/><\/a>\n\t\t\t<\/dt>\n\t\t\t\t<dd class='wp-caption-text gallery-caption' id='gallery-2-5327'>\n\t\t\t\t20-d-56\n\t\t\t\t<\/dd><\/dl><dl class='gallery-item'>\n\t\t\t<dt class='gallery-icon portrait'>\n\t\t\t\t<a href='https:\/\/www.inesmedina.com\/wp-content\/uploads\/2018\/07\/principio.jpg'><img loading=\"lazy\" decoding=\"async\" width=\"218\" height=\"300\" src=\"https:\/\/www.inesmedina.com\/wp-content\/uploads\/2018\/07\/principio-218x300.jpg\" class=\"attachment-medium size-medium\" alt=\"\" aria-describedby=\"gallery-2-5330\" srcset=\"https:\/\/www.inesmedina.com\/wp-content\/uploads\/2018\/07\/principio-218x300.jpg 218w, https:\/\/www.inesmedina.com\/wp-content\/uploads\/2018\/07\/principio.jpg 581w\" sizes=\"auto, (max-width: 218px) 100vw, 218px\" \/><\/a>\n\t\t\t<\/dt>\n\t\t\t\t<dd class='wp-caption-text gallery-caption' id='gallery-2-5330'>\n\t\t\t\t20-d-57\n\t\t\t\t<\/dd><\/dl><br style=\"clear: both\" \/><dl class='gallery-item'>\n\t\t\t<dt class='gallery-icon portrait'>\n\t\t\t\t<a href='https:\/\/www.inesmedina.com\/wp-content\/uploads\/2018\/07\/queriendo-ampliar-conciencia.jpg'><img loading=\"lazy\" decoding=\"async\" width=\"227\" height=\"300\" src=\"https:\/\/www.inesmedina.com\/wp-content\/uploads\/2018\/07\/queriendo-ampliar-conciencia-227x300.jpg\" class=\"attachment-medium size-medium\" alt=\"\" aria-describedby=\"gallery-2-5331\" srcset=\"https:\/\/www.inesmedina.com\/wp-content\/uploads\/2018\/07\/queriendo-ampliar-conciencia-227x300.jpg 227w, https:\/\/www.inesmedina.com\/wp-content\/uploads\/2018\/07\/queriendo-ampliar-conciencia.jpg 606w\" sizes=\"auto, (max-width: 227px) 100vw, 227px\" \/><\/a>\n\t\t\t<\/dt>\n\t\t\t\t<dd class='wp-caption-text gallery-caption' id='gallery-2-5331'>\n\t\t\t\t20-d-58\n\t\t\t\t<\/dd><\/dl><dl class='gallery-item'>\n\t\t\t<dt class='gallery-icon landscape'>\n\t\t\t\t<a href='https:\/\/www.inesmedina.com\/wp-content\/uploads\/2018\/07\/solo-quiero-paz.jpg'><img loading=\"lazy\" decoding=\"async\" width=\"300\" height=\"227\" src=\"https:\/\/www.inesmedina.com\/wp-content\/uploads\/2018\/07\/solo-quiero-paz-300x227.jpg\" class=\"attachment-medium size-medium\" alt=\"\" aria-describedby=\"gallery-2-5334\" srcset=\"https:\/\/www.inesmedina.com\/wp-content\/uploads\/2018\/07\/solo-quiero-paz-300x227.jpg 300w, https:\/\/www.inesmedina.com\/wp-content\/uploads\/2018\/07\/solo-quiero-paz-768x581.jpg 768w, https:\/\/www.inesmedina.com\/wp-content\/uploads\/2018\/07\/solo-quiero-paz-500x380.jpg 500w, https:\/\/www.inesmedina.com\/wp-content\/uploads\/2018\/07\/solo-quiero-paz-700x529.jpg 700w, https:\/\/www.inesmedina.com\/wp-content\/uploads\/2018\/07\/solo-quiero-paz.jpg 800w\" sizes=\"auto, (max-width: 300px) 100vw, 300px\" \/><\/a>\n\t\t\t<\/dt>\n\t\t\t\t<dd class='wp-caption-text gallery-caption' id='gallery-2-5334'>\n\t\t\t\t20-d-59\n\t\t\t\t<\/dd><\/dl><dl class='gallery-item'>\n\t\t\t<dt class='gallery-icon portrait'>\n\t\t\t\t<a href='https:\/\/www.inesmedina.com\/wp-content\/uploads\/2018\/07\/Quiero-irme-o-resolviendo-arquetipos-g\u00e9nero.jpg'><img loading=\"lazy\" decoding=\"async\" width=\"219\" height=\"300\" src=\"https:\/\/www.inesmedina.com\/wp-content\/uploads\/2018\/07\/Quiero-irme-o-resolviendo-arquetipos-g\u00e9nero-219x300.jpg\" class=\"attachment-medium size-medium\" alt=\"\" aria-describedby=\"gallery-2-5332\" srcset=\"https:\/\/www.inesmedina.com\/wp-content\/uploads\/2018\/07\/Quiero-irme-o-resolviendo-arquetipos-g\u00e9nero-219x300.jpg 219w, https:\/\/www.inesmedina.com\/wp-content\/uploads\/2018\/07\/Quiero-irme-o-resolviendo-arquetipos-g\u00e9nero.jpg 584w\" sizes=\"auto, (max-width: 219px) 100vw, 219px\" \/><\/a>\n\t\t\t<\/dt>\n\t\t\t\t<dd class='wp-caption-text gallery-caption' id='gallery-2-5332'>\n\t\t\t\t20-d-60\n\t\t\t\t<\/dd><\/dl><br style=\"clear: both\" \/><dl class='gallery-item'>\n\t\t\t<dt class='gallery-icon portrait'>\n\t\t\t\t<a href='https:\/\/www.inesmedina.com\/wp-content\/uploads\/2018\/07\/Relaci\u00f3n-Ser-y-toda-la-materia.jpg'><img loading=\"lazy\" decoding=\"async\" width=\"188\" height=\"300\" src=\"https:\/\/www.inesmedina.com\/wp-content\/uploads\/2018\/07\/Relaci\u00f3n-Ser-y-toda-la-materia-188x300.jpg\" class=\"attachment-medium size-medium\" alt=\"\" aria-describedby=\"gallery-2-5333\" srcset=\"https:\/\/www.inesmedina.com\/wp-content\/uploads\/2018\/07\/Relaci\u00f3n-Ser-y-toda-la-materia-188x300.jpg 188w, https:\/\/www.inesmedina.com\/wp-content\/uploads\/2018\/07\/Relaci\u00f3n-Ser-y-toda-la-materia.jpg 500w\" sizes=\"auto, (max-width: 188px) 100vw, 188px\" \/><\/a>\n\t\t\t<\/dt>\n\t\t\t\t<dd class='wp-caption-text gallery-caption' id='gallery-2-5333'>\n\t\t\t\t20-d-61\n\t\t\t\t<\/dd><\/dl><dl class='gallery-item'>\n\t\t\t<dt class='gallery-icon portrait'>\n\t\t\t\t<a href='https:\/\/www.inesmedina.com\/wp-content\/uploads\/2018\/07\/materia-unificada-y-Ser.jpg'><img loading=\"lazy\" decoding=\"async\" width=\"209\" height=\"300\" src=\"https:\/\/www.inesmedina.com\/wp-content\/uploads\/2018\/07\/materia-unificada-y-Ser-209x300.jpg\" class=\"attachment-medium size-medium\" alt=\"\" aria-describedby=\"gallery-2-5328\" srcset=\"https:\/\/www.inesmedina.com\/wp-content\/uploads\/2018\/07\/materia-unificada-y-Ser-209x300.jpg 209w, https:\/\/www.inesmedina.com\/wp-content\/uploads\/2018\/07\/materia-unificada-y-Ser.jpg 556w\" sizes=\"auto, (max-width: 209px) 100vw, 209px\" \/><\/a>\n\t\t\t<\/dt>\n\t\t\t\t<dd class='wp-caption-text gallery-caption' id='gallery-2-5328'>\n\t\t\t\t20-d-62\n\t\t\t\t<\/dd><\/dl><dl class='gallery-item'>\n\t\t\t<dt class='gallery-icon portrait'>\n\t\t\t\t<a href='https:\/\/www.inesmedina.com\/wp-content\/uploads\/2018\/07\/toda-la-materia-se-unifica-2.jpg'><img loading=\"lazy\" decoding=\"async\" width=\"156\" height=\"300\" src=\"https:\/\/www.inesmedina.com\/wp-content\/uploads\/2018\/07\/toda-la-materia-se-unifica-2-156x300.jpg\" class=\"attachment-medium size-medium\" alt=\"\" aria-describedby=\"gallery-2-5335\" srcset=\"https:\/\/www.inesmedina.com\/wp-content\/uploads\/2018\/07\/toda-la-materia-se-unifica-2-156x300.jpg 156w, https:\/\/www.inesmedina.com\/wp-content\/uploads\/2018\/07\/toda-la-materia-se-unifica-2.jpg 416w\" sizes=\"auto, (max-width: 156px) 100vw, 156px\" \/><\/a>\n\t\t\t<\/dt>\n\t\t\t\t<dd class='wp-caption-text gallery-caption' id='gallery-2-5335'>\n\t\t\t\t20-d-63\n\t\t\t\t<\/dd><\/dl><br style=\"clear: both\" \/><dl class='gallery-item'>\n\t\t\t<dt class='gallery-icon portrait'>\n\t\t\t\t<a href='https:\/\/www.inesmedina.com\/wp-content\/uploads\/2018\/07\/toda-la-materia-se-unifica-3.jpg'><img loading=\"lazy\" decoding=\"async\" width=\"193\" height=\"300\" src=\"https:\/\/www.inesmedina.com\/wp-content\/uploads\/2018\/07\/toda-la-materia-se-unifica-3-193x300.jpg\" class=\"attachment-medium size-medium\" alt=\"\" aria-describedby=\"gallery-2-5336\" srcset=\"https:\/\/www.inesmedina.com\/wp-content\/uploads\/2018\/07\/toda-la-materia-se-unifica-3-193x300.jpg 193w, https:\/\/www.inesmedina.com\/wp-content\/uploads\/2018\/07\/toda-la-materia-se-unifica-3.jpg 514w\" sizes=\"auto, (max-width: 193px) 100vw, 193px\" \/><\/a>\n\t\t\t<\/dt>\n\t\t\t\t<dd class='wp-caption-text gallery-caption' id='gallery-2-5336'>\n\t\t\t\t20-d-64\n\t\t\t\t<\/dd><\/dl><dl class='gallery-item'>\n\t\t\t<dt class='gallery-icon portrait'>\n\t\t\t\t<a href='https:\/\/www.inesmedina.com\/wp-content\/uploads\/2018\/07\/toda-la-materia-se-unifica.jpg'><img loading=\"lazy\" decoding=\"async\" width=\"162\" height=\"300\" src=\"https:\/\/www.inesmedina.com\/wp-content\/uploads\/2018\/07\/toda-la-materia-se-unifica-162x300.jpg\" class=\"attachment-medium size-medium\" alt=\"\" aria-describedby=\"gallery-2-5337\" srcset=\"https:\/\/www.inesmedina.com\/wp-content\/uploads\/2018\/07\/toda-la-materia-se-unifica-162x300.jpg 162w, https:\/\/www.inesmedina.com\/wp-content\/uploads\/2018\/07\/toda-la-materia-se-unifica.jpg 433w\" sizes=\"auto, (max-width: 162px) 100vw, 162px\" \/><\/a>\n\t\t\t<\/dt>\n\t\t\t\t<dd class='wp-caption-text gallery-caption' id='gallery-2-5337'>\n\t\t\t\t20-d-65\n\t\t\t\t<\/dd><\/dl><dl class='gallery-item'>\n\t\t\t<dt class='gallery-icon landscape'>\n\t\t\t\t<a href='https:\/\/www.inesmedina.com\/wp-content\/uploads\/2018\/07\/transparencia-respeto-y.jpg'><img loading=\"lazy\" decoding=\"async\" width=\"300\" height=\"218\" src=\"https:\/\/www.inesmedina.com\/wp-content\/uploads\/2018\/07\/transparencia-respeto-y-300x218.jpg\" class=\"attachment-medium size-medium\" alt=\"\" aria-describedby=\"gallery-2-5338\" srcset=\"https:\/\/www.inesmedina.com\/wp-content\/uploads\/2018\/07\/transparencia-respeto-y-300x218.jpg 300w, https:\/\/www.inesmedina.com\/wp-content\/uploads\/2018\/07\/transparencia-respeto-y-768x558.jpg 768w, https:\/\/www.inesmedina.com\/wp-content\/uploads\/2018\/07\/transparencia-respeto-y.jpg 800w, https:\/\/www.inesmedina.com\/wp-content\/uploads\/2018\/07\/transparencia-respeto-y-700x508.jpg 700w\" sizes=\"auto, (max-width: 300px) 100vw, 300px\" \/><\/a>\n\t\t\t<\/dt>\n\t\t\t\t<dd class='wp-caption-text gallery-caption' id='gallery-2-5338'>\n\t\t\t\t20-d-66\n\t\t\t\t<\/dd><\/dl><br style=\"clear: both\" \/><dl class='gallery-item'>\n\t\t\t<dt class='gallery-icon landscape'>\n\t\t\t\t<a href='https:\/\/www.inesmedina.com\/wp-content\/uploads\/2018\/07\/Untitled-1-copy-2.jpg'><img loading=\"lazy\" decoding=\"async\" width=\"300\" height=\"216\" src=\"https:\/\/www.inesmedina.com\/wp-content\/uploads\/2018\/07\/Untitled-1-copy-2-300x216.jpg\" class=\"attachment-medium size-medium\" alt=\"\" aria-describedby=\"gallery-2-5339\" srcset=\"https:\/\/www.inesmedina.com\/wp-content\/uploads\/2018\/07\/Untitled-1-copy-2-300x216.jpg 300w, https:\/\/www.inesmedina.com\/wp-content\/uploads\/2018\/07\/Untitled-1-copy-2-768x552.jpg 768w, https:\/\/www.inesmedina.com\/wp-content\/uploads\/2018\/07\/Untitled-1-copy-2.jpg 800w, https:\/\/www.inesmedina.com\/wp-content\/uploads\/2018\/07\/Untitled-1-copy-2-700x503.jpg 700w\" sizes=\"auto, (max-width: 300px) 100vw, 300px\" \/><\/a>\n\t\t\t<\/dt>\n\t\t\t\t<dd class='wp-caption-text gallery-caption' id='gallery-2-5339'>\n\t\t\t\t20-d-67\n\t\t\t\t<\/dd><\/dl><dl class='gallery-item'>\n\t\t\t<dt class='gallery-icon landscape'>\n\t\t\t\t<a href='https:\/\/www.inesmedina.com\/wp-content\/uploads\/2018\/07\/20-d-68.jpg'><img loading=\"lazy\" decoding=\"async\" width=\"300\" height=\"212\" src=\"https:\/\/www.inesmedina.com\/wp-content\/uploads\/2018\/07\/20-d-68-300x212.jpg\" class=\"attachment-medium size-medium\" alt=\"\" aria-describedby=\"gallery-2-5341\" srcset=\"https:\/\/www.inesmedina.com\/wp-content\/uploads\/2018\/07\/20-d-68-300x212.jpg 300w, https:\/\/www.inesmedina.com\/wp-content\/uploads\/2018\/07\/20-d-68-768x542.jpg 768w, https:\/\/www.inesmedina.com\/wp-content\/uploads\/2018\/07\/20-d-68.jpg 800w, https:\/\/www.inesmedina.com\/wp-content\/uploads\/2018\/07\/20-d-68-700x494.jpg 700w\" sizes=\"auto, (max-width: 300px) 100vw, 300px\" \/><\/a>\n\t\t\t<\/dt>\n\t\t\t\t<dd class='wp-caption-text gallery-caption' id='gallery-2-5341'>\n\t\t\t\t20-d-68\n\t\t\t\t<\/dd><\/dl><dl class='gallery-item'>\n\t\t\t<dt class='gallery-icon portrait'>\n\t\t\t\t<a href='https:\/\/www.inesmedina.com\/wp-content\/uploads\/2018\/07\/Facing-to-the-monster-of-fear-Zamudio-2011-watercolor-14x10.25-inches-36x26-cm.jpg'><img loading=\"lazy\" decoding=\"async\" width=\"207\" height=\"300\" src=\"https:\/\/www.inesmedina.com\/wp-content\/uploads\/2018\/07\/Facing-to-the-monster-of-fear-Zamudio-2011-watercolor-14x10.25-inches-36x26-cm-207x300.jpg\" class=\"attachment-medium size-medium\" alt=\"\" aria-describedby=\"gallery-2-5323\" srcset=\"https:\/\/www.inesmedina.com\/wp-content\/uploads\/2018\/07\/Facing-to-the-monster-of-fear-Zamudio-2011-watercolor-14x10.25-inches-36x26-cm-207x300.jpg 207w, https:\/\/www.inesmedina.com\/wp-content\/uploads\/2018\/07\/Facing-to-the-monster-of-fear-Zamudio-2011-watercolor-14x10.25-inches-36x26-cm.jpg 553w\" sizes=\"auto, (max-width: 207px) 100vw, 207px\" \/><\/a>\n\t\t\t<\/dt>\n\t\t\t\t<dd class='wp-caption-text gallery-caption' id='gallery-2-5323'>\n\t\t\t\t20-d-69\n\t\t\t\t<\/dd><\/dl><br style=\"clear: both\" \/><dl class='gallery-item'>\n\t\t\t<dt class='gallery-icon landscape'>\n\t\t\t\t<a href='https:\/\/www.inesmedina.com\/wp-content\/uploads\/2018\/07\/amor-al-pais-vasco.jpg'><img loading=\"lazy\" decoding=\"async\" width=\"300\" height=\"218\" src=\"https:\/\/www.inesmedina.com\/wp-content\/uploads\/2018\/07\/amor-al-pais-vasco-300x218.jpg\" class=\"attachment-medium size-medium\" alt=\"\" aria-describedby=\"gallery-2-5312\" srcset=\"https:\/\/www.inesmedina.com\/wp-content\/uploads\/2018\/07\/amor-al-pais-vasco-300x218.jpg 300w, https:\/\/www.inesmedina.com\/wp-content\/uploads\/2018\/07\/amor-al-pais-vasco-768x558.jpg 768w, https:\/\/www.inesmedina.com\/wp-content\/uploads\/2018\/07\/amor-al-pais-vasco.jpg 800w, https:\/\/www.inesmedina.com\/wp-content\/uploads\/2018\/07\/amor-al-pais-vasco-700x508.jpg 700w\" sizes=\"auto, (max-width: 300px) 100vw, 300px\" \/><\/a>\n\t\t\t<\/dt>\n\t\t\t\t<dd class='wp-caption-text gallery-caption' id='gallery-2-5312'>\n\t\t\t\t20-d-70\n\t\t\t\t<\/dd><\/dl><dl class='gallery-item'>\n\t\t\t<dt class='gallery-icon portrait'>\n\t\t\t\t<a href='https:\/\/www.inesmedina.com\/wp-content\/uploads\/2018\/07\/084.jpg'><img loading=\"lazy\" decoding=\"async\" width=\"228\" height=\"300\" src=\"https:\/\/www.inesmedina.com\/wp-content\/uploads\/2018\/07\/084-228x300.jpg\" class=\"attachment-medium size-medium\" alt=\"\" aria-describedby=\"gallery-2-5305\" srcset=\"https:\/\/www.inesmedina.com\/wp-content\/uploads\/2018\/07\/084-228x300.jpg 228w, https:\/\/www.inesmedina.com\/wp-content\/uploads\/2018\/07\/084.jpg 608w\" sizes=\"auto, (max-width: 228px) 100vw, 228px\" \/><\/a>\n\t\t\t<\/dt>\n\t\t\t\t<dd class='wp-caption-text gallery-caption' id='gallery-2-5305'>\n\t\t\t\t20-d-71\n\t\t\t\t<\/dd><\/dl>\n\t\t\t<br style='clear: both' \/>\n\t\t<\/div>\n\n<p><strong>Serie 20: La Transmutaci\u00f3n de la Mente. La Capacidad de Visualizar La Totalidad. Identificaci\u00f3n, Visualizaci\u00f3n e Integraci\u00f3n de los valores genuinos femeninos, 2010-2016, dibujos y pinturas sobre papel.<\/strong><\/p>\n<p>Se trata de una investigaci\u00f3n te\u00f3rica y art\u00edstica iniciada en enero de 2010, sobre los valores femeninos genuinos, con el fin de crear conciencia, luz y presencia de actitudes femeninas que siempre han estado presentes y act\u00faan de manera muy necesaria. Positivamente, sin reconocimiento social, ni hist\u00f3rico. Supongo que estas actitudes, genuinamente femeninas, no son derechos exclusivos de las mujeres, sino que tienen presencia en los hombres y, en muchos casos, son las mujeres las que m\u00e1s dram\u00e1ticamente las rechazan y las niegan, seg\u00fan las conclusiones de mi investigaci\u00f3n art\u00edstica y te\u00f3rica anterior. <em><strong>\u00abBurnt Dolls &#8211; Mu\u00f1ecas Quemadas\u00bb m\u00e1s \u00abGestaci\u00f3n y Parto de Conciencia. El Mimetismo de la Mente\u00bb.<\/strong><\/em><\/p>\n<p><em><strong>\u00a0<\/strong><\/em>Parte de las razones de este rechazo y negaci\u00f3n de los valores femeninos genuinos, su ocultamiento, se explica precisamente por esta falta de actualizaci\u00f3n y reconocimiento como valor social y humano. Los diferentes temas sobre la historia de la humanidad que todas las ni\u00f1as y ni\u00f1os que hemos estudiado siempre, es el reflejo confiable de la ausencia del valor social de la existencia femenina. Sin ir m\u00e1s all\u00e1.<\/p>\n<p>Y no estoy hablando de las ausencias causadas por la negaci\u00f3n de los derechos de estudiar, trabajar o ocupar cargos de decisi\u00f3n pol\u00edticos y sociales (en lo que ya hemos avanzado m\u00e1s y sobre eso hay conciencia social) sino a <strong>c\u00f3mo han funcionado las estructuras femeninas y c\u00f3mo funcionan para el beneficio de todos, con el reconocimiento de nadie<\/strong>. Est\u00e1n trabajando, han estado trabajando siempre, actitudes femeninas humanas de hombres y mujeres sobre las cuales no se habla y no se las reconoce como <strong>valores intr\u00ednsecos de la evoluci\u00f3n de la humanidad.<\/strong><\/p>\n<p>Desde mi punto de vista, el conflicto de la igualdad (no solo de tipo, sino tambi\u00e9n racial, pol\u00edtico, religioso, econ\u00f3mico, etc., que los seres humanos hemos realizado a lo largo de nuestra existencia), finalmente ha revelado la estructura mental humana <strong>obligada a dividirse.<\/strong><\/p>\n<p><strong>El concepto de divisi\u00f3n pl\u00e1stica<\/strong>, es la investigaci\u00f3n art\u00edstica a la que me he dedicado la mayor parte de mi vida, a trav\u00e9s de 20 series que componen la inmensidad de conceptos expresados, analizados y conceptualizados que es necesario mirar para poder ver y comprender. Las cuestiones de la <strong>injusticia humana y la violencia<\/strong>.<\/p>\n<p>Con la serie que se expone tuve que enfrentar temas tales como: <em><strong>La captura de la conciencia de la seducci\u00f3n por el poder de hombres y mujeres y La sumisi\u00f3n complementaria del muro del miedo, como Arquetipos de la acci\u00f3n divisoria del mimetismo de la Mente<\/strong><\/em>.<\/p>\n<p>Llegu\u00e9 a conclusiones tan importantes y trascendentales como: restaurar todos los derechos sociales para la igualdad de mujeres y hombres, <em><strong>La capacidad de visualizaci\u00f3n y asimilaci\u00f3n de la Totalidad<\/strong><\/em>, crear conciencia, luz y presencia de actitudes femeninas que siempre han estado actuando y que tendremos que reconocerlo como <strong>Valor Social Humano,<\/strong> por su cuidado y trascendencia para la vida.<\/p>\n<p>Y para comprender la raz\u00f3n real por la cual la mente humana se ha visto obligada a dividir, produciendo con tanta desigualdad, debemos tener el coraje de interferir incluso en nuestro destino m\u00e1s temido, que s\u00ed nos hace iguales: la muerte. No es el concepto racional de muerte f\u00edsica, sino nuestro sentimiento de muerte inconsciente, solo para ser totalmente honestos y dejar de justificar los medios: divisiones; para el prop\u00f3sito: no tener miedo, tener poder, etc.<\/p>\n<p>Poner luz en este <strong>CONCEPTO DE DIVISI\u00d3N<\/strong> entre la vida y la muerte es el enfoque de mis pinturas m\u00e1s recientes y mi conclusi\u00f3n personal, <em><strong>mi piedra filos\u00f3fica<\/strong><\/em> despu\u00e9s de la intensa investigaci\u00f3n con el La serie 20 que est\u00e1s viendo en la galer\u00eda de Skoto es:<\/p>\n<p><em><strong><u>Si realmente ves La Totalidad, amas; si amas, puedes elegir lo que realmente quieres.<\/u><\/strong><\/em><\/p>\n<p>In\u00e9s Medina<\/p>\n<p>Nueva York, septiembre de 2012.[\/vc_column_text][\/vc_column][\/vc_row]<\/p>\n<\/section>","protected":false},"excerpt":{"rendered":"<p>[vc_row css_animation=\u00bb\u00bb row_type=\u00bbrow\u00bb use_row_as_full_screen_section=\u00bbno\u00bb type=\u00bbfull_width\u00bb angled_section=\u00bbno\u00bb text_align=\u00bbleft\u00bb background_image_as_pattern=\u00bbwithout_pattern\u00bb][vc_column][vc_column_text] Serie 20: La Transmutaci\u00f3n de la Mente. La Capacidad de Visualizar La Totalidad. Identificaci\u00f3n, Visualizaci\u00f3n e Integraci\u00f3n de los valores genuinos femeninos, 2010-2016, dibujos y pinturas sobre papel. Se trata de una investigaci\u00f3n te\u00f3rica y art\u00edstica iniciada&#8230;<\/p>\n","protected":false},"author":2,"featured_media":0,"parent":4859,"menu_order":0,"comment_status":"closed","ping_status":"closed","template":"","meta":{"footnotes":""},"class_list":["post-5269","page","type-page","status-publish","hentry"],"_links":{"self":[{"href":"https:\/\/www.inesmedina.com\/es\/wp-json\/wp\/v2\/pages\/5269","targetHints":{"allow":["GET"]}}],"collection":[{"href":"https:\/\/www.inesmedina.com\/es\/wp-json\/wp\/v2\/pages"}],"about":[{"href":"https:\/\/www.inesmedina.com\/es\/wp-json\/wp\/v2\/types\/page"}],"author":[{"embeddable":true,"href":"https:\/\/www.inesmedina.com\/es\/wp-json\/wp\/v2\/users\/2"}],"replies":[{"embeddable":true,"href":"https:\/\/www.inesmedina.com\/es\/wp-json\/wp\/v2\/comments?post=5269"}],"version-history":[{"count":11,"href":"https:\/\/www.inesmedina.com\/es\/wp-json\/wp\/v2\/pages\/5269\/revisions"}],"predecessor-version":[{"id":6077,"href":"https:\/\/www.inesmedina.com\/es\/wp-json\/wp\/v2\/pages\/5269\/revisions\/6077"}],"up":[{"embeddable":true,"href":"https:\/\/www.inesmedina.com\/es\/wp-json\/wp\/v2\/pages\/4859"}],"wp:attachment":[{"href":"https:\/\/www.inesmedina.com\/es\/wp-json\/wp\/v2\/media?parent=5269"}],"curies":[{"name":"wp","href":"https:\/\/api.w.org\/{rel}","templated":true}]}}