{"id":5723,"date":"2018-11-04T09:47:58","date_gmt":"2018-11-04T09:47:58","guid":{"rendered":"http:\/\/www.inesmedina.com\/?page_id=5723"},"modified":"2019-09-02T16:32:02","modified_gmt":"2019-09-02T16:32:02","slug":"series-21-the-structure-of-creation-the-capacity-to-visualise-the-totality-identification-and-objective-transparency-of-the-rapist-the-torturer-and-the-abuser-of-power-2014-2018-paintings","status":"publish","type":"page","link":"https:\/\/www.inesmedina.com\/es\/las-21-series-de-la-investigacion-artistica-el-concepto-de-division\/series-21-the-structure-of-creation-the-capacity-to-visualise-the-totality-identification-and-objective-transparency-of-the-rapist-the-torturer-and-the-abuser-of-power-2014-2018-paintings\/","title":{"rendered":"Serie 21: Estructura de la Creaci\u00f3n. La Capacidad de Visualizar la Totalidad. Identificaci\u00f3n, Visualizaci\u00f3n y Transparencia de los abusos de poder de la sociedad patriarcal &#8211; machista&#8230;., 2014-2019 pinturas grandes formatos ."},"content":{"rendered":"\n\t\t<style type=\"text\/css\">\n\t\t\t#gallery-2 {\n\t\t\t\tmargin: auto;\n\t\t\t}\n\t\t\t#gallery-2 .gallery-item {\n\t\t\t\tfloat: left;\n\t\t\t\tmargin-top: 10px;\n\t\t\t\ttext-align: center;\n\t\t\t\twidth: 33%;\n\t\t\t}\n\t\t\t#gallery-2 img {\n\t\t\t\tborder: 2px solid #cfcfcf;\n\t\t\t}\n\t\t\t#gallery-2 .gallery-caption {\n\t\t\t\tmargin-left: 0;\n\t\t\t}\n\t\t\t\/* see gallery_shortcode() in wp-includes\/media.php *\/\n\t\t<\/style>\n\t\t<div id='gallery-2' class='gallery galleryid-5723 gallery-columns-3 gallery-size-medium'><dl class='gallery-item'>\n\t\t\t<dt class='gallery-icon portrait'>\n\t\t\t\t<a href='https:\/\/www.inesmedina.com\/wp-content\/uploads\/2018\/05\/21-pc-01.jpg'><img loading=\"lazy\" decoding=\"async\" width=\"245\" height=\"300\" src=\"https:\/\/www.inesmedina.com\/wp-content\/uploads\/2018\/05\/21-pc-01-245x300.jpg\" class=\"attachment-medium size-medium\" alt=\"\" aria-describedby=\"gallery-2-5732\" srcset=\"https:\/\/www.inesmedina.com\/wp-content\/uploads\/2018\/05\/21-pc-01-245x300.jpg 245w, https:\/\/www.inesmedina.com\/wp-content\/uploads\/2018\/05\/21-pc-01.jpg 653w\" sizes=\"auto, (max-width: 245px) 100vw, 245px\" \/><\/a>\n\t\t\t<\/dt>\n\t\t\t\t<dd class='wp-caption-text gallery-caption' id='gallery-2-5732'>\n\t\t\t\t21-pc-01\n\t\t\t\t<\/dd><\/dl><dl class='gallery-item'>\n\t\t\t<dt class='gallery-icon landscape'>\n\t\t\t\t<a href='https:\/\/www.inesmedina.com\/wp-content\/uploads\/2018\/07\/21-pc-02.jpg'><img loading=\"lazy\" decoding=\"async\" width=\"300\" height=\"294\" src=\"https:\/\/www.inesmedina.com\/wp-content\/uploads\/2018\/07\/21-pc-02-300x294.jpg\" class=\"attachment-medium size-medium\" alt=\"\" aria-describedby=\"gallery-2-5734\" srcset=\"https:\/\/www.inesmedina.com\/wp-content\/uploads\/2018\/07\/21-pc-02-300x294.jpg 300w, https:\/\/www.inesmedina.com\/wp-content\/uploads\/2018\/07\/21-pc-02-768x752.jpg 768w, https:\/\/www.inesmedina.com\/wp-content\/uploads\/2018\/07\/21-pc-02-700x685.jpg 700w, https:\/\/www.inesmedina.com\/wp-content\/uploads\/2018\/07\/21-pc-02.jpg 800w\" sizes=\"auto, (max-width: 300px) 100vw, 300px\" \/><\/a>\n\t\t\t<\/dt>\n\t\t\t\t<dd class='wp-caption-text gallery-caption' id='gallery-2-5734'>\n\t\t\t\t21-pc-02\n\t\t\t\t<\/dd><\/dl><dl class='gallery-item'>\n\t\t\t<dt class='gallery-icon portrait'>\n\t\t\t\t<a href='https:\/\/www.inesmedina.com\/wp-content\/uploads\/2018\/07\/5-Atomizada-por-la-violencia-de-los-cr\u00edmenes-de-la-dualidad-existente-en-la-tercera-dimensi\u00f3n.jpg'><img loading=\"lazy\" decoding=\"async\" width=\"234\" height=\"300\" src=\"https:\/\/www.inesmedina.com\/wp-content\/uploads\/2018\/07\/5-Atomizada-por-la-violencia-de-los-cr\u00edmenes-de-la-dualidad-existente-en-la-tercera-dimensi\u00f3n-234x300.jpg\" class=\"attachment-medium size-medium\" alt=\"\" aria-describedby=\"gallery-2-5652\" srcset=\"https:\/\/www.inesmedina.com\/wp-content\/uploads\/2018\/07\/5-Atomizada-por-la-violencia-de-los-cr\u00edmenes-de-la-dualidad-existente-en-la-tercera-dimensi\u00f3n-234x300.jpg 234w, https:\/\/www.inesmedina.com\/wp-content\/uploads\/2018\/07\/5-Atomizada-por-la-violencia-de-los-cr\u00edmenes-de-la-dualidad-existente-en-la-tercera-dimensi\u00f3n.jpg 623w\" sizes=\"auto, (max-width: 234px) 100vw, 234px\" \/><\/a>\n\t\t\t<\/dt>\n\t\t\t\t<dd class='wp-caption-text gallery-caption' id='gallery-2-5652'>\n\t\t\t\t21-pc-03\n\t\t\t\t<\/dd><\/dl><br style=\"clear: both\" \/><dl class='gallery-item'>\n\t\t\t<dt class='gallery-icon landscape'>\n\t\t\t\t<a href='https:\/\/www.inesmedina.com\/wp-content\/uploads\/2018\/07\/21-pc-04.jpg'><img loading=\"lazy\" decoding=\"async\" width=\"300\" height=\"234\" src=\"https:\/\/www.inesmedina.com\/wp-content\/uploads\/2018\/07\/21-pc-04-300x234.jpg\" class=\"attachment-medium size-medium\" alt=\"\" aria-describedby=\"gallery-2-5735\" srcset=\"https:\/\/www.inesmedina.com\/wp-content\/uploads\/2018\/07\/21-pc-04-300x234.jpg 300w, https:\/\/www.inesmedina.com\/wp-content\/uploads\/2018\/07\/21-pc-04-768x600.jpg 768w, https:\/\/www.inesmedina.com\/wp-content\/uploads\/2018\/07\/21-pc-04-700x547.jpg 700w, https:\/\/www.inesmedina.com\/wp-content\/uploads\/2018\/07\/21-pc-04.jpg 800w\" sizes=\"auto, (max-width: 300px) 100vw, 300px\" \/><\/a>\n\t\t\t<\/dt>\n\t\t\t\t<dd class='wp-caption-text gallery-caption' id='gallery-2-5735'>\n\t\t\t\t21-pc-04\n\t\t\t\t<\/dd><\/dl><dl class='gallery-item'>\n\t\t\t<dt class='gallery-icon landscape'>\n\t\t\t\t<a href='https:\/\/www.inesmedina.com\/wp-content\/uploads\/2018\/07\/13-bofetada-desvalorizadora_el-vacio-de-la-joven-esposa.jpg'><img loading=\"lazy\" decoding=\"async\" width=\"300\" height=\"126\" src=\"https:\/\/www.inesmedina.com\/wp-content\/uploads\/2018\/07\/13-bofetada-desvalorizadora_el-vacio-de-la-joven-esposa-300x126.jpg\" class=\"attachment-medium size-medium\" alt=\"\" aria-describedby=\"gallery-2-5663\" srcset=\"https:\/\/www.inesmedina.com\/wp-content\/uploads\/2018\/07\/13-bofetada-desvalorizadora_el-vacio-de-la-joven-esposa-300x126.jpg 300w, https:\/\/www.inesmedina.com\/wp-content\/uploads\/2018\/07\/13-bofetada-desvalorizadora_el-vacio-de-la-joven-esposa-768x323.jpg 768w, https:\/\/www.inesmedina.com\/wp-content\/uploads\/2018\/07\/13-bofetada-desvalorizadora_el-vacio-de-la-joven-esposa.jpg 800w, https:\/\/www.inesmedina.com\/wp-content\/uploads\/2018\/07\/13-bofetada-desvalorizadora_el-vacio-de-la-joven-esposa-700x294.jpg 700w\" sizes=\"auto, (max-width: 300px) 100vw, 300px\" \/><\/a>\n\t\t\t<\/dt>\n\t\t\t\t<dd class='wp-caption-text gallery-caption' id='gallery-2-5663'>\n\t\t\t\t21-pc-05\n\t\t\t\t<\/dd><\/dl><dl class='gallery-item'>\n\t\t\t<dt class='gallery-icon landscape'>\n\t\t\t\t<a href='https:\/\/www.inesmedina.com\/wp-content\/uploads\/2018\/05\/21-pc-06.jpg'><img loading=\"lazy\" decoding=\"async\" width=\"300\" height=\"248\" src=\"https:\/\/www.inesmedina.com\/wp-content\/uploads\/2018\/05\/21-pc-06-300x248.jpg\" class=\"attachment-medium size-medium\" alt=\"\" aria-describedby=\"gallery-2-5728\" srcset=\"https:\/\/www.inesmedina.com\/wp-content\/uploads\/2018\/05\/21-pc-06-300x248.jpg 300w, https:\/\/www.inesmedina.com\/wp-content\/uploads\/2018\/05\/21-pc-06-768x635.jpg 768w, https:\/\/www.inesmedina.com\/wp-content\/uploads\/2018\/05\/21-pc-06-700x578.jpg 700w, https:\/\/www.inesmedina.com\/wp-content\/uploads\/2018\/05\/21-pc-06.jpg 800w\" sizes=\"auto, (max-width: 300px) 100vw, 300px\" \/><\/a>\n\t\t\t<\/dt>\n\t\t\t\t<dd class='wp-caption-text gallery-caption' id='gallery-2-5728'>\n\t\t\t\t21-pc-06\n\t\t\t\t<\/dd><\/dl><br style=\"clear: both\" \/><dl class='gallery-item'>\n\t\t\t<dt class='gallery-icon landscape'>\n\t\t\t\t<a href='https:\/\/www.inesmedina.com\/wp-content\/uploads\/2018\/07\/11-titulo-MAdre-y-cord\u00f3n-grande.jpg'><img loading=\"lazy\" decoding=\"async\" width=\"300\" height=\"198\" src=\"https:\/\/www.inesmedina.com\/wp-content\/uploads\/2018\/07\/11-titulo-MAdre-y-cord\u00f3n-grande-300x198.jpg\" class=\"attachment-medium size-medium\" alt=\"\" aria-describedby=\"gallery-2-5659\" srcset=\"https:\/\/www.inesmedina.com\/wp-content\/uploads\/2018\/07\/11-titulo-MAdre-y-cord\u00f3n-grande-300x198.jpg 300w, https:\/\/www.inesmedina.com\/wp-content\/uploads\/2018\/07\/11-titulo-MAdre-y-cord\u00f3n-grande-768x508.jpg 768w, https:\/\/www.inesmedina.com\/wp-content\/uploads\/2018\/07\/11-titulo-MAdre-y-cord\u00f3n-grande.jpg 800w, https:\/\/www.inesmedina.com\/wp-content\/uploads\/2018\/07\/11-titulo-MAdre-y-cord\u00f3n-grande-700x463.jpg 700w\" sizes=\"auto, (max-width: 300px) 100vw, 300px\" \/><\/a>\n\t\t\t<\/dt>\n\t\t\t\t<dd class='wp-caption-text gallery-caption' id='gallery-2-5659'>\n\t\t\t\t21-pc-07\n\t\t\t\t<\/dd><\/dl><dl class='gallery-item'>\n\t\t\t<dt class='gallery-icon landscape'>\n\t\t\t\t<a href='https:\/\/www.inesmedina.com\/wp-content\/uploads\/2018\/07\/12-La-adolescente-casimuerta.jpg'><img loading=\"lazy\" decoding=\"async\" width=\"300\" height=\"239\" src=\"https:\/\/www.inesmedina.com\/wp-content\/uploads\/2018\/07\/12-La-adolescente-casimuerta-300x239.jpg\" class=\"attachment-medium size-medium\" alt=\"\" aria-describedby=\"gallery-2-5660\" srcset=\"https:\/\/www.inesmedina.com\/wp-content\/uploads\/2018\/07\/12-La-adolescente-casimuerta-300x239.jpg 300w, https:\/\/www.inesmedina.com\/wp-content\/uploads\/2018\/07\/12-La-adolescente-casimuerta-768x612.jpg 768w, https:\/\/www.inesmedina.com\/wp-content\/uploads\/2018\/07\/12-La-adolescente-casimuerta-700x558.jpg 700w, https:\/\/www.inesmedina.com\/wp-content\/uploads\/2018\/07\/12-La-adolescente-casimuerta.jpg 800w\" sizes=\"auto, (max-width: 300px) 100vw, 300px\" \/><\/a>\n\t\t\t<\/dt>\n\t\t\t\t<dd class='wp-caption-text gallery-caption' id='gallery-2-5660'>\n\t\t\t\t21-pc-08\n\t\t\t\t<\/dd><\/dl><dl class='gallery-item'>\n\t\t\t<dt class='gallery-icon landscape'>\n\t\t\t\t<a href='https:\/\/www.inesmedina.com\/wp-content\/uploads\/2018\/07\/14-REPONER-Y-TITULO-1.jpg'><img loading=\"lazy\" decoding=\"async\" width=\"300\" height=\"140\" src=\"https:\/\/www.inesmedina.com\/wp-content\/uploads\/2018\/07\/14-REPONER-Y-TITULO-1-300x140.jpg\" class=\"attachment-medium size-medium\" alt=\"\" aria-describedby=\"gallery-2-5729\" srcset=\"https:\/\/www.inesmedina.com\/wp-content\/uploads\/2018\/07\/14-REPONER-Y-TITULO-1-300x140.jpg 300w, https:\/\/www.inesmedina.com\/wp-content\/uploads\/2018\/07\/14-REPONER-Y-TITULO-1-768x359.jpg 768w, https:\/\/www.inesmedina.com\/wp-content\/uploads\/2018\/07\/14-REPONER-Y-TITULO-1.jpg 800w, https:\/\/www.inesmedina.com\/wp-content\/uploads\/2018\/07\/14-REPONER-Y-TITULO-1-700x327.jpg 700w\" sizes=\"auto, (max-width: 300px) 100vw, 300px\" \/><\/a>\n\t\t\t<\/dt>\n\t\t\t\t<dd class='wp-caption-text gallery-caption' id='gallery-2-5729'>\n\t\t\t\t21-pc-09\n\t\t\t\t<\/dd><\/dl><br style=\"clear: both\" \/><dl class='gallery-item'>\n\t\t\t<dt class='gallery-icon landscape'>\n\t\t\t\t<a href='https:\/\/www.inesmedina.com\/wp-content\/uploads\/2018\/05\/21-pc-10.jpg'><img loading=\"lazy\" decoding=\"async\" width=\"300\" height=\"256\" src=\"https:\/\/www.inesmedina.com\/wp-content\/uploads\/2018\/05\/21-pc-10-300x256.jpg\" class=\"attachment-medium size-medium\" alt=\"\" aria-describedby=\"gallery-2-5730\" srcset=\"https:\/\/www.inesmedina.com\/wp-content\/uploads\/2018\/05\/21-pc-10-300x256.jpg 300w, https:\/\/www.inesmedina.com\/wp-content\/uploads\/2018\/05\/21-pc-10-768x656.jpg 768w, https:\/\/www.inesmedina.com\/wp-content\/uploads\/2018\/05\/21-pc-10-700x598.jpg 700w, https:\/\/www.inesmedina.com\/wp-content\/uploads\/2018\/05\/21-pc-10.jpg 800w\" sizes=\"auto, (max-width: 300px) 100vw, 300px\" \/><\/a>\n\t\t\t<\/dt>\n\t\t\t\t<dd class='wp-caption-text gallery-caption' id='gallery-2-5730'>\n\t\t\t\t21-pc-10\n\t\t\t\t<\/dd><\/dl><dl class='gallery-item'>\n\t\t\t<dt class='gallery-icon portrait'>\n\t\t\t\t<a href='https:\/\/www.inesmedina.com\/wp-content\/uploads\/2018\/07\/9-ver-titulo.jpg'><img loading=\"lazy\" decoding=\"async\" width=\"155\" height=\"300\" src=\"https:\/\/www.inesmedina.com\/wp-content\/uploads\/2018\/07\/9-ver-titulo-155x300.jpg\" class=\"attachment-medium size-medium\" alt=\"\" aria-describedby=\"gallery-2-5657\" srcset=\"https:\/\/www.inesmedina.com\/wp-content\/uploads\/2018\/07\/9-ver-titulo-155x300.jpg 155w, https:\/\/www.inesmedina.com\/wp-content\/uploads\/2018\/07\/9-ver-titulo.jpg 414w\" sizes=\"auto, (max-width: 155px) 100vw, 155px\" \/><\/a>\n\t\t\t<\/dt>\n\t\t\t\t<dd class='wp-caption-text gallery-caption' id='gallery-2-5657'>\n\t\t\t\t21-pc-11\n\t\t\t\t<\/dd><\/dl><dl class='gallery-item'>\n\t\t\t<dt class='gallery-icon landscape'>\n\t\t\t\t<a href='https:\/\/www.inesmedina.com\/wp-content\/uploads\/2018\/07\/2-efectos-de-transparencia.jpg'><img loading=\"lazy\" decoding=\"async\" width=\"300\" height=\"251\" src=\"https:\/\/www.inesmedina.com\/wp-content\/uploads\/2018\/07\/2-efectos-de-transparencia-300x251.jpg\" class=\"attachment-medium size-medium\" alt=\"\" aria-describedby=\"gallery-2-5649\" srcset=\"https:\/\/www.inesmedina.com\/wp-content\/uploads\/2018\/07\/2-efectos-de-transparencia-300x251.jpg 300w, https:\/\/www.inesmedina.com\/wp-content\/uploads\/2018\/07\/2-efectos-de-transparencia-768x642.jpg 768w, https:\/\/www.inesmedina.com\/wp-content\/uploads\/2018\/07\/2-efectos-de-transparencia-700x585.jpg 700w, https:\/\/www.inesmedina.com\/wp-content\/uploads\/2018\/07\/2-efectos-de-transparencia.jpg 800w\" sizes=\"auto, (max-width: 300px) 100vw, 300px\" \/><\/a>\n\t\t\t<\/dt>\n\t\t\t\t<dd class='wp-caption-text gallery-caption' id='gallery-2-5649'>\n\t\t\t\t21-pc-12\n\t\t\t\t<\/dd><\/dl><br style=\"clear: both\" \/><dl class='gallery-item'>\n\t\t\t<dt class='gallery-icon portrait'>\n\t\t\t\t<a href='https:\/\/www.inesmedina.com\/wp-content\/uploads\/2018\/07\/13-AZUL-LARGO.jpg'><img loading=\"lazy\" decoding=\"async\" width=\"130\" height=\"300\" src=\"https:\/\/www.inesmedina.com\/wp-content\/uploads\/2018\/07\/13-AZUL-LARGO-130x300.jpg\" class=\"attachment-medium size-medium\" alt=\"\" aria-describedby=\"gallery-2-5662\" srcset=\"https:\/\/www.inesmedina.com\/wp-content\/uploads\/2018\/07\/13-AZUL-LARGO-130x300.jpg 130w, https:\/\/www.inesmedina.com\/wp-content\/uploads\/2018\/07\/13-AZUL-LARGO.jpg 346w\" sizes=\"auto, (max-width: 130px) 100vw, 130px\" \/><\/a>\n\t\t\t<\/dt>\n\t\t\t\t<dd class='wp-caption-text gallery-caption' id='gallery-2-5662'>\n\t\t\t\t21-pc-13\n\t\t\t\t<\/dd><\/dl><dl class='gallery-item'>\n\t\t\t<dt class='gallery-icon landscape'>\n\t\t\t\t<a href='https:\/\/www.inesmedina.com\/wp-content\/uploads\/2018\/07\/15-muerta-en-el-bosque-ilumiado.jpg'><img loading=\"lazy\" decoding=\"async\" width=\"300\" height=\"242\" src=\"https:\/\/www.inesmedina.com\/wp-content\/uploads\/2018\/07\/15-muerta-en-el-bosque-ilumiado-300x242.jpg\" class=\"attachment-medium size-medium\" alt=\"\" aria-describedby=\"gallery-2-5664\" srcset=\"https:\/\/www.inesmedina.com\/wp-content\/uploads\/2018\/07\/15-muerta-en-el-bosque-ilumiado-300x242.jpg 300w, https:\/\/www.inesmedina.com\/wp-content\/uploads\/2018\/07\/15-muerta-en-el-bosque-ilumiado-768x620.jpg 768w, https:\/\/www.inesmedina.com\/wp-content\/uploads\/2018\/07\/15-muerta-en-el-bosque-ilumiado-700x565.jpg 700w, https:\/\/www.inesmedina.com\/wp-content\/uploads\/2018\/07\/15-muerta-en-el-bosque-ilumiado.jpg 800w\" sizes=\"auto, (max-width: 300px) 100vw, 300px\" \/><\/a>\n\t\t\t<\/dt>\n\t\t\t\t<dd class='wp-caption-text gallery-caption' id='gallery-2-5664'>\n\t\t\t\t21-pc-14\n\t\t\t\t<\/dd><\/dl><dl class='gallery-item'>\n\t\t\t<dt class='gallery-icon portrait'>\n\t\t\t\t<a href='https:\/\/www.inesmedina.com\/wp-content\/uploads\/2018\/07\/13-ARBOL-REPETIR.jpg'><img loading=\"lazy\" decoding=\"async\" width=\"128\" height=\"300\" src=\"https:\/\/www.inesmedina.com\/wp-content\/uploads\/2018\/07\/13-ARBOL-REPETIR-128x300.jpg\" class=\"attachment-medium size-medium\" alt=\"\" aria-describedby=\"gallery-2-5661\" srcset=\"https:\/\/www.inesmedina.com\/wp-content\/uploads\/2018\/07\/13-ARBOL-REPETIR-128x300.jpg 128w, https:\/\/www.inesmedina.com\/wp-content\/uploads\/2018\/07\/13-ARBOL-REPETIR.jpg 342w\" sizes=\"auto, (max-width: 128px) 100vw, 128px\" \/><\/a>\n\t\t\t<\/dt>\n\t\t\t\t<dd class='wp-caption-text gallery-caption' id='gallery-2-5661'>\n\t\t\t\t21-pc-15\n\t\t\t\t<\/dd><\/dl><br style=\"clear: both\" \/><dl class='gallery-item'>\n\t\t\t<dt class='gallery-icon portrait'>\n\t\t\t\t<a href='https:\/\/www.inesmedina.com\/wp-content\/uploads\/2018\/07\/8-amapola.jpg'><img loading=\"lazy\" decoding=\"async\" width=\"129\" height=\"300\" src=\"https:\/\/www.inesmedina.com\/wp-content\/uploads\/2018\/07\/8-amapola-129x300.jpg\" class=\"attachment-medium size-medium\" alt=\"\" aria-describedby=\"gallery-2-5655\" srcset=\"https:\/\/www.inesmedina.com\/wp-content\/uploads\/2018\/07\/8-amapola-129x300.jpg 129w, https:\/\/www.inesmedina.com\/wp-content\/uploads\/2018\/07\/8-amapola.jpg 343w\" sizes=\"auto, (max-width: 129px) 100vw, 129px\" \/><\/a>\n\t\t\t<\/dt>\n\t\t\t\t<dd class='wp-caption-text gallery-caption' id='gallery-2-5655'>\n\t\t\t\t21-pc-16\n\t\t\t\t<\/dd><\/dl><dl class='gallery-item'>\n\t\t\t<dt class='gallery-icon landscape'>\n\t\t\t\t<a href='https:\/\/www.inesmedina.com\/wp-content\/uploads\/2018\/07\/AINHOA.jpg'><img loading=\"lazy\" decoding=\"async\" width=\"300\" height=\"181\" src=\"https:\/\/www.inesmedina.com\/wp-content\/uploads\/2018\/07\/AINHOA-300x181.jpg\" class=\"attachment-medium size-medium\" alt=\"\" aria-describedby=\"gallery-2-5727\" srcset=\"https:\/\/www.inesmedina.com\/wp-content\/uploads\/2018\/07\/AINHOA-300x181.jpg 300w, https:\/\/www.inesmedina.com\/wp-content\/uploads\/2018\/07\/AINHOA-768x463.jpg 768w, https:\/\/www.inesmedina.com\/wp-content\/uploads\/2018\/07\/AINHOA-700x422.jpg 700w, https:\/\/www.inesmedina.com\/wp-content\/uploads\/2018\/07\/AINHOA.jpg 960w\" sizes=\"auto, (max-width: 300px) 100vw, 300px\" \/><\/a>\n\t\t\t<\/dt>\n\t\t\t\t<dd class='wp-caption-text gallery-caption' id='gallery-2-5727'>\n\t\t\t\t21-pc-17\n\t\t\t\t<\/dd><\/dl><dl class='gallery-item'>\n\t\t\t<dt class='gallery-icon portrait'>\n\t\t\t\t<a href='https:\/\/www.inesmedina.com\/wp-content\/uploads\/2018\/07\/10-ver-.jpg'><img loading=\"lazy\" decoding=\"async\" width=\"291\" height=\"300\" src=\"https:\/\/www.inesmedina.com\/wp-content\/uploads\/2018\/07\/10-ver--291x300.jpg\" class=\"attachment-medium size-medium\" alt=\"\" aria-describedby=\"gallery-2-5658\" srcset=\"https:\/\/www.inesmedina.com\/wp-content\/uploads\/2018\/07\/10-ver--291x300.jpg 291w, https:\/\/www.inesmedina.com\/wp-content\/uploads\/2018\/07\/10-ver--768x793.jpg 768w, https:\/\/www.inesmedina.com\/wp-content\/uploads\/2018\/07\/10-ver--700x723.jpg 700w, https:\/\/www.inesmedina.com\/wp-content\/uploads\/2018\/07\/10-ver-.jpg 775w\" sizes=\"auto, (max-width: 291px) 100vw, 291px\" \/><\/a>\n\t\t\t<\/dt>\n\t\t\t\t<dd class='wp-caption-text gallery-caption' id='gallery-2-5658'>\n\t\t\t\t21-pc-18\n\t\t\t\t<\/dd><\/dl><br style=\"clear: both\" \/><dl class='gallery-item'>\n\t\t\t<dt class='gallery-icon landscape'>\n\t\t\t\t<a href='https:\/\/www.inesmedina.com\/wp-content\/uploads\/2018\/07\/25-CABEZA.jpg'><img loading=\"lazy\" decoding=\"async\" width=\"300\" height=\"203\" src=\"https:\/\/www.inesmedina.com\/wp-content\/uploads\/2018\/07\/25-CABEZA-300x203.jpg\" class=\"attachment-medium size-medium\" alt=\"\" aria-describedby=\"gallery-2-5670\" srcset=\"https:\/\/www.inesmedina.com\/wp-content\/uploads\/2018\/07\/25-CABEZA-300x203.jpg 300w, https:\/\/www.inesmedina.com\/wp-content\/uploads\/2018\/07\/25-CABEZA-768x518.jpg 768w, https:\/\/www.inesmedina.com\/wp-content\/uploads\/2018\/07\/25-CABEZA.jpg 800w, https:\/\/www.inesmedina.com\/wp-content\/uploads\/2018\/07\/25-CABEZA-700x473.jpg 700w\" sizes=\"auto, (max-width: 300px) 100vw, 300px\" \/><\/a>\n\t\t\t<\/dt>\n\t\t\t\t<dd class='wp-caption-text gallery-caption' id='gallery-2-5670'>\n\t\t\t\t21-pc-19\n\t\t\t\t<\/dd><\/dl><dl class='gallery-item'>\n\t\t\t<dt class='gallery-icon portrait'>\n\t\t\t\t<a href='https:\/\/www.inesmedina.com\/wp-content\/uploads\/2018\/07\/25-CORAZON.jpg'><img loading=\"lazy\" decoding=\"async\" width=\"278\" height=\"300\" src=\"https:\/\/www.inesmedina.com\/wp-content\/uploads\/2018\/07\/25-CORAZON-278x300.jpg\" class=\"attachment-medium size-medium\" alt=\"\" aria-describedby=\"gallery-2-5671\" srcset=\"https:\/\/www.inesmedina.com\/wp-content\/uploads\/2018\/07\/25-CORAZON-278x300.jpg 278w, https:\/\/www.inesmedina.com\/wp-content\/uploads\/2018\/07\/25-CORAZON-768x828.jpg 768w, https:\/\/www.inesmedina.com\/wp-content\/uploads\/2018\/07\/25-CORAZON-700x755.jpg 700w, https:\/\/www.inesmedina.com\/wp-content\/uploads\/2018\/07\/25-CORAZON.jpg 800w\" sizes=\"auto, (max-width: 278px) 100vw, 278px\" \/><\/a>\n\t\t\t<\/dt>\n\t\t\t\t<dd class='wp-caption-text gallery-caption' id='gallery-2-5671'>\n\t\t\t\t21-pc-20\n\t\t\t\t<\/dd><\/dl><dl class='gallery-item'>\n\t\t\t<dt class='gallery-icon landscape'>\n\t\t\t\t<a href='https:\/\/www.inesmedina.com\/wp-content\/uploads\/2018\/07\/25-ESTOMAGO.jpg'><img loading=\"lazy\" decoding=\"async\" width=\"300\" height=\"242\" src=\"https:\/\/www.inesmedina.com\/wp-content\/uploads\/2018\/07\/25-ESTOMAGO-300x242.jpg\" class=\"attachment-medium size-medium\" alt=\"\" aria-describedby=\"gallery-2-5673\" srcset=\"https:\/\/www.inesmedina.com\/wp-content\/uploads\/2018\/07\/25-ESTOMAGO-300x242.jpg 300w, https:\/\/www.inesmedina.com\/wp-content\/uploads\/2018\/07\/25-ESTOMAGO-768x619.jpg 768w, https:\/\/www.inesmedina.com\/wp-content\/uploads\/2018\/07\/25-ESTOMAGO-700x564.jpg 700w, https:\/\/www.inesmedina.com\/wp-content\/uploads\/2018\/07\/25-ESTOMAGO.jpg 800w\" sizes=\"auto, (max-width: 300px) 100vw, 300px\" \/><\/a>\n\t\t\t<\/dt>\n\t\t\t\t<dd class='wp-caption-text gallery-caption' id='gallery-2-5673'>\n\t\t\t\t21-pc-21\n\t\t\t\t<\/dd><\/dl><br style=\"clear: both\" \/><dl class='gallery-item'>\n\t\t\t<dt class='gallery-icon portrait'>\n\t\t\t\t<a href='https:\/\/www.inesmedina.com\/wp-content\/uploads\/2018\/07\/3-Trnasmutando-el-v\u00f3mito-del-abuso-y-exploaci\u00f3n.jpg'><img loading=\"lazy\" decoding=\"async\" width=\"219\" height=\"300\" src=\"https:\/\/www.inesmedina.com\/wp-content\/uploads\/2018\/07\/3-Trnasmutando-el-v\u00f3mito-del-abuso-y-exploaci\u00f3n-219x300.jpg\" class=\"attachment-medium size-medium\" alt=\"\" aria-describedby=\"gallery-2-5651\" srcset=\"https:\/\/www.inesmedina.com\/wp-content\/uploads\/2018\/07\/3-Trnasmutando-el-v\u00f3mito-del-abuso-y-exploaci\u00f3n-219x300.jpg 219w, https:\/\/www.inesmedina.com\/wp-content\/uploads\/2018\/07\/3-Trnasmutando-el-v\u00f3mito-del-abuso-y-exploaci\u00f3n.jpg 585w\" sizes=\"auto, (max-width: 219px) 100vw, 219px\" \/><\/a>\n\t\t\t<\/dt>\n\t\t\t\t<dd class='wp-caption-text gallery-caption' id='gallery-2-5651'>\n\t\t\t\t21-pc-22\n\t\t\t\t<\/dd><\/dl><dl class='gallery-item'>\n\t\t\t<dt class='gallery-icon landscape'>\n\t\t\t\t<a href='https:\/\/www.inesmedina.com\/wp-content\/uploads\/2018\/07\/20-DIABLO-ROJO.jpg'><img loading=\"lazy\" decoding=\"async\" width=\"300\" height=\"228\" src=\"https:\/\/www.inesmedina.com\/wp-content\/uploads\/2018\/07\/20-DIABLO-ROJO-300x228.jpg\" class=\"attachment-medium size-medium\" alt=\"\" aria-describedby=\"gallery-2-5668\" srcset=\"https:\/\/www.inesmedina.com\/wp-content\/uploads\/2018\/07\/20-DIABLO-ROJO-300x228.jpg 300w, https:\/\/www.inesmedina.com\/wp-content\/uploads\/2018\/07\/20-DIABLO-ROJO-768x585.jpg 768w, https:\/\/www.inesmedina.com\/wp-content\/uploads\/2018\/07\/20-DIABLO-ROJO-500x380.jpg 500w, https:\/\/www.inesmedina.com\/wp-content\/uploads\/2018\/07\/20-DIABLO-ROJO-700x533.jpg 700w, https:\/\/www.inesmedina.com\/wp-content\/uploads\/2018\/07\/20-DIABLO-ROJO.jpg 800w\" sizes=\"auto, (max-width: 300px) 100vw, 300px\" \/><\/a>\n\t\t\t<\/dt>\n\t\t\t\t<dd class='wp-caption-text gallery-caption' id='gallery-2-5668'>\n\t\t\t\t21-pc-23\n\t\t\t\t<\/dd><\/dl><dl class='gallery-item'>\n\t\t\t<dt class='gallery-icon portrait'>\n\t\t\t\t<a href='https:\/\/www.inesmedina.com\/wp-content\/uploads\/2018\/07\/21-artilugio-amarillo.jpg'><img loading=\"lazy\" decoding=\"async\" width=\"237\" height=\"300\" src=\"https:\/\/www.inesmedina.com\/wp-content\/uploads\/2018\/07\/21-artilugio-amarillo-237x300.jpg\" class=\"attachment-medium size-medium\" alt=\"\" aria-describedby=\"gallery-2-5669\" srcset=\"https:\/\/www.inesmedina.com\/wp-content\/uploads\/2018\/07\/21-artilugio-amarillo-237x300.jpg 237w, https:\/\/www.inesmedina.com\/wp-content\/uploads\/2018\/07\/21-artilugio-amarillo.jpg 632w\" sizes=\"auto, (max-width: 237px) 100vw, 237px\" \/><\/a>\n\t\t\t<\/dt>\n\t\t\t\t<dd class='wp-caption-text gallery-caption' id='gallery-2-5669'>\n\t\t\t\t21-pc-24\n\t\t\t\t<\/dd><\/dl><br style=\"clear: both\" \/><dl class='gallery-item'>\n\t\t\t<dt class='gallery-icon portrait'>\n\t\t\t\t<a href='https:\/\/www.inesmedina.com\/wp-content\/uploads\/2018\/07\/20-artilugio-blanco.jpg'><img loading=\"lazy\" decoding=\"async\" width=\"236\" height=\"300\" src=\"https:\/\/www.inesmedina.com\/wp-content\/uploads\/2018\/07\/20-artilugio-blanco-236x300.jpg\" class=\"attachment-medium size-medium\" alt=\"\" aria-describedby=\"gallery-2-5667\" srcset=\"https:\/\/www.inesmedina.com\/wp-content\/uploads\/2018\/07\/20-artilugio-blanco-236x300.jpg 236w, https:\/\/www.inesmedina.com\/wp-content\/uploads\/2018\/07\/20-artilugio-blanco.jpg 630w\" sizes=\"auto, (max-width: 236px) 100vw, 236px\" \/><\/a>\n\t\t\t<\/dt>\n\t\t\t\t<dd class='wp-caption-text gallery-caption' id='gallery-2-5667'>\n\t\t\t\t21-pc-25\n\t\t\t\t<\/dd><\/dl><dl class='gallery-item'>\n\t\t\t<dt class='gallery-icon landscape'>\n\t\t\t\t<a href='https:\/\/www.inesmedina.com\/wp-content\/uploads\/2018\/07\/17-t\u00edtulo-naranja-con-.jpg'><img loading=\"lazy\" decoding=\"async\" width=\"300\" height=\"230\" src=\"https:\/\/www.inesmedina.com\/wp-content\/uploads\/2018\/07\/17-t\u00edtulo-naranja-con--300x230.jpg\" class=\"attachment-medium size-medium\" alt=\"\" aria-describedby=\"gallery-2-5665\" srcset=\"https:\/\/www.inesmedina.com\/wp-content\/uploads\/2018\/07\/17-t\u00edtulo-naranja-con--300x230.jpg 300w, https:\/\/www.inesmedina.com\/wp-content\/uploads\/2018\/07\/17-t\u00edtulo-naranja-con--768x589.jpg 768w, https:\/\/www.inesmedina.com\/wp-content\/uploads\/2018\/07\/17-t\u00edtulo-naranja-con--700x537.jpg 700w, https:\/\/www.inesmedina.com\/wp-content\/uploads\/2018\/07\/17-t\u00edtulo-naranja-con-.jpg 800w\" sizes=\"auto, (max-width: 300px) 100vw, 300px\" \/><\/a>\n\t\t\t<\/dt>\n\t\t\t\t<dd class='wp-caption-text gallery-caption' id='gallery-2-5665'>\n\t\t\t\t21-pc-26\n\t\t\t\t<\/dd><\/dl><dl class='gallery-item'>\n\t\t\t<dt class='gallery-icon landscape'>\n\t\t\t\t<a href='https:\/\/www.inesmedina.com\/wp-content\/uploads\/2018\/07\/ACTUALIZAR2-CAMBIAR-transparencias-geometricas.jpg'><img loading=\"lazy\" decoding=\"async\" width=\"300\" height=\"292\" src=\"https:\/\/www.inesmedina.com\/wp-content\/uploads\/2018\/07\/ACTUALIZAR2-CAMBIAR-transparencias-geometricas-300x292.jpg\" class=\"attachment-medium size-medium\" alt=\"\" aria-describedby=\"gallery-2-5675\" srcset=\"https:\/\/www.inesmedina.com\/wp-content\/uploads\/2018\/07\/ACTUALIZAR2-CAMBIAR-transparencias-geometricas-300x292.jpg 300w, https:\/\/www.inesmedina.com\/wp-content\/uploads\/2018\/07\/ACTUALIZAR2-CAMBIAR-transparencias-geometricas-768x747.jpg 768w, https:\/\/www.inesmedina.com\/wp-content\/uploads\/2018\/07\/ACTUALIZAR2-CAMBIAR-transparencias-geometricas-700x681.jpg 700w, https:\/\/www.inesmedina.com\/wp-content\/uploads\/2018\/07\/ACTUALIZAR2-CAMBIAR-transparencias-geometricas.jpg 800w\" sizes=\"auto, (max-width: 300px) 100vw, 300px\" \/><\/a>\n\t\t\t<\/dt>\n\t\t\t\t<dd class='wp-caption-text gallery-caption' id='gallery-2-5675'>\n\t\t\t\t21-pc-27\n\t\t\t\t<\/dd><\/dl><br style=\"clear: both\" \/><dl class='gallery-item'>\n\t\t\t<dt class='gallery-icon portrait'>\n\t\t\t\t<a href='https:\/\/www.inesmedina.com\/wp-content\/uploads\/2018\/07\/Giro-d\u00e1ndose-la-vuelta-del-pasado-y-encuentro-con-su-beb\u00e9.jpg'><img loading=\"lazy\" decoding=\"async\" width=\"195\" height=\"300\" src=\"https:\/\/www.inesmedina.com\/wp-content\/uploads\/2018\/07\/Giro-d\u00e1ndose-la-vuelta-del-pasado-y-encuentro-con-su-beb\u00e9-195x300.jpg\" class=\"attachment-medium size-medium\" alt=\"\" aria-describedby=\"gallery-2-5689\" srcset=\"https:\/\/www.inesmedina.com\/wp-content\/uploads\/2018\/07\/Giro-d\u00e1ndose-la-vuelta-del-pasado-y-encuentro-con-su-beb\u00e9-195x300.jpg 195w, https:\/\/www.inesmedina.com\/wp-content\/uploads\/2018\/07\/Giro-d\u00e1ndose-la-vuelta-del-pasado-y-encuentro-con-su-beb\u00e9.jpg 521w\" sizes=\"auto, (max-width: 195px) 100vw, 195px\" \/><\/a>\n\t\t\t<\/dt>\n\t\t\t\t<dd class='wp-caption-text gallery-caption' id='gallery-2-5689'>\n\t\t\t\t21-pc-28\n\t\t\t\t<\/dd><\/dl><dl class='gallery-item'>\n\t\t\t<dt class='gallery-icon portrait'>\n\t\t\t\t<a href='https:\/\/www.inesmedina.com\/wp-content\/uploads\/2018\/07\/28-CRISTAL-GRANDE.jpg'><img loading=\"lazy\" decoding=\"async\" width=\"191\" height=\"300\" src=\"https:\/\/www.inesmedina.com\/wp-content\/uploads\/2018\/07\/28-CRISTAL-GRANDE-191x300.jpg\" class=\"attachment-medium size-medium\" alt=\"\" aria-describedby=\"gallery-2-5674\" srcset=\"https:\/\/www.inesmedina.com\/wp-content\/uploads\/2018\/07\/28-CRISTAL-GRANDE-191x300.jpg 191w, https:\/\/www.inesmedina.com\/wp-content\/uploads\/2018\/07\/28-CRISTAL-GRANDE.jpg 509w\" sizes=\"auto, (max-width: 191px) 100vw, 191px\" \/><\/a>\n\t\t\t<\/dt>\n\t\t\t\t<dd class='wp-caption-text gallery-caption' id='gallery-2-5674'>\n\t\t\t\t21-pc-29\n\t\t\t\t<\/dd><\/dl><dl class='gallery-item'>\n\t\t\t<dt class='gallery-icon portrait'>\n\t\t\t\t<a href='https:\/\/www.inesmedina.com\/wp-content\/uploads\/2018\/07\/REPETIR.jpg'><img loading=\"lazy\" decoding=\"async\" width=\"205\" height=\"300\" src=\"https:\/\/www.inesmedina.com\/wp-content\/uploads\/2018\/07\/REPETIR-205x300.jpg\" class=\"attachment-medium size-medium\" alt=\"\" aria-describedby=\"gallery-2-5687\" srcset=\"https:\/\/www.inesmedina.com\/wp-content\/uploads\/2018\/07\/REPETIR-205x300.jpg 205w, https:\/\/www.inesmedina.com\/wp-content\/uploads\/2018\/07\/REPETIR.jpg 546w\" sizes=\"auto, (max-width: 205px) 100vw, 205px\" \/><\/a>\n\t\t\t<\/dt>\n\t\t\t\t<dd class='wp-caption-text gallery-caption' id='gallery-2-5687'>\n\t\t\t\t21-pc-30\n\t\t\t\t<\/dd><\/dl><br style=\"clear: both\" \/><dl class='gallery-item'>\n\t\t\t<dt class='gallery-icon landscape'>\n\t\t\t\t<a href='https:\/\/www.inesmedina.com\/wp-content\/uploads\/2018\/05\/21-pc-29.jpg'><img loading=\"lazy\" decoding=\"async\" width=\"300\" height=\"185\" src=\"https:\/\/www.inesmedina.com\/wp-content\/uploads\/2018\/05\/21-pc-29-300x185.jpg\" class=\"attachment-medium size-medium\" alt=\"\" aria-describedby=\"gallery-2-5725\" srcset=\"https:\/\/www.inesmedina.com\/wp-content\/uploads\/2018\/05\/21-pc-29-300x185.jpg 300w, https:\/\/www.inesmedina.com\/wp-content\/uploads\/2018\/05\/21-pc-29-768x474.jpg 768w, https:\/\/www.inesmedina.com\/wp-content\/uploads\/2018\/05\/21-pc-29.jpg 800w, https:\/\/www.inesmedina.com\/wp-content\/uploads\/2018\/05\/21-pc-29-700x432.jpg 700w\" sizes=\"auto, (max-width: 300px) 100vw, 300px\" \/><\/a>\n\t\t\t<\/dt>\n\t\t\t\t<dd class='wp-caption-text gallery-caption' id='gallery-2-5725'>\n\t\t\t\t21-pc-31\n\t\t\t\t<\/dd><\/dl><dl class='gallery-item'>\n\t\t\t<dt class='gallery-icon landscape'>\n\t\t\t\t<a href='https:\/\/www.inesmedina.com\/wp-content\/uploads\/2018\/07\/ni\u00f1a.jpg'><img loading=\"lazy\" decoding=\"async\" width=\"300\" height=\"163\" src=\"https:\/\/www.inesmedina.com\/wp-content\/uploads\/2018\/07\/ni\u00f1a-300x163.jpg\" class=\"attachment-medium size-medium\" alt=\"\" aria-describedby=\"gallery-2-5733\" srcset=\"https:\/\/www.inesmedina.com\/wp-content\/uploads\/2018\/07\/ni\u00f1a-300x163.jpg 300w, https:\/\/www.inesmedina.com\/wp-content\/uploads\/2018\/07\/ni\u00f1a-768x418.jpg 768w, https:\/\/www.inesmedina.com\/wp-content\/uploads\/2018\/07\/ni\u00f1a.jpg 800w, https:\/\/www.inesmedina.com\/wp-content\/uploads\/2018\/07\/ni\u00f1a-700x381.jpg 700w\" sizes=\"auto, (max-width: 300px) 100vw, 300px\" \/><\/a>\n\t\t\t<\/dt>\n\t\t\t\t<dd class='wp-caption-text gallery-caption' id='gallery-2-5733'>\n\t\t\t\t21-pc-32\n\t\t\t\t<\/dd><\/dl><dl class='gallery-item'>\n\t\t\t<dt class='gallery-icon landscape'>\n\t\t\t\t<a href='https:\/\/www.inesmedina.com\/wp-content\/uploads\/2018\/07\/8-TITULO.jpg'><img loading=\"lazy\" decoding=\"async\" width=\"300\" height=\"129\" src=\"https:\/\/www.inesmedina.com\/wp-content\/uploads\/2018\/07\/8-TITULO-300x129.jpg\" class=\"attachment-medium size-medium\" alt=\"\" aria-describedby=\"gallery-2-5656\" srcset=\"https:\/\/www.inesmedina.com\/wp-content\/uploads\/2018\/07\/8-TITULO-300x129.jpg 300w, https:\/\/www.inesmedina.com\/wp-content\/uploads\/2018\/07\/8-TITULO-768x330.jpg 768w, https:\/\/www.inesmedina.com\/wp-content\/uploads\/2018\/07\/8-TITULO.jpg 800w, https:\/\/www.inesmedina.com\/wp-content\/uploads\/2018\/07\/8-TITULO-700x301.jpg 700w\" sizes=\"auto, (max-width: 300px) 100vw, 300px\" \/><\/a>\n\t\t\t<\/dt>\n\t\t\t\t<dd class='wp-caption-text gallery-caption' id='gallery-2-5656'>\n\t\t\t\t21-pc-33\n\t\t\t\t<\/dd><\/dl><br style=\"clear: both\" \/><dl class='gallery-item'>\n\t\t\t<dt class='gallery-icon portrait'>\n\t\t\t\t<a href='https:\/\/www.inesmedina.com\/wp-content\/uploads\/2018\/07\/10-REPETIR-TITULO_1024.jpg'><img loading=\"lazy\" decoding=\"async\" width=\"128\" height=\"300\" src=\"https:\/\/www.inesmedina.com\/wp-content\/uploads\/2018\/07\/10-REPETIR-TITULO_1024-128x300.jpg\" class=\"attachment-medium size-medium\" alt=\"\" aria-describedby=\"gallery-2-5726\" srcset=\"https:\/\/www.inesmedina.com\/wp-content\/uploads\/2018\/07\/10-REPETIR-TITULO_1024-128x300.jpg 128w, https:\/\/www.inesmedina.com\/wp-content\/uploads\/2018\/07\/10-REPETIR-TITULO_1024.jpg 341w\" sizes=\"auto, (max-width: 128px) 100vw, 128px\" \/><\/a>\n\t\t\t<\/dt>\n\t\t\t\t<dd class='wp-caption-text gallery-caption' id='gallery-2-5726'>\n\t\t\t\t21-pc-34\n\t\t\t\t<\/dd><\/dl>\n\t\t\t<br style='clear: both' \/>\n\t\t<\/div>\n\n<p><strong>Serie 21: Estructura de la Creaci\u00f3n. La Capacidad de Visualizar la Totalidad. Identificaci\u00f3n, Visualizaci\u00f3n y Transparencia de los abusos de poder de la sociedad patriarcal &#8211; machista, investigada en sus manifestaciones m\u00e1s oscuras y crueles. Investigadas igualmente las l\u00edneas de comunicaci\u00f3n inconscientes entre generaciones y los estragos sufridos entre ellas, 2014-2019 pinturas grandes formatos .<\/strong><\/p>\n<p>Posiblemente la investigaci\u00f3n mas dolorosa, por la profundidad y oscuridad del plano del inconsciente investigado.<\/p>\n<p>Pl\u00e1sticamente hablando y en funci\u00f3n de las relaciones de la luz-espacio, cuando se crea un mueve un plano espacial hacia arriba, hay que crear o mover un plano espacial hacia abajo. Lo mismo ocurre cuando se crea un plano en una profundidad horizontal respecto a la mirada. Por la misma relaci\u00f3n de luz-espacio, plano que se crea mas lejos, exige plano mas cercano a la mirada. Si ampliamos espacio asumido, en la direcci\u00f3n que sea, hemos de crear su opuesto.<\/p>\n<p>&nbsp;<\/p>\n<p>A nivel de investigaci\u00f3n psicoanal\u00edtico-pl\u00e1stico, ocurre lo mismo. Si elevamos el plano desde donde mirar, (yo lo llamo el plano de la cuarta dimensi\u00f3n, pues vamos a observar a la tercera dimensi\u00f3n, es decir, LA TOTALIDAD tridimensional en el planeta en el que vivimos), nos encontramos con el fondo mas hondo del inconsciente.<\/p>\n<p>Es lo que ocurri\u00f3 con este punto de la investigaci\u00f3n de la Serie 21, treinta y seis a\u00f1os mas tarde del inicio de la misma, consecuencia inevitable en un proceso creador permanente y apasionadamente implicada.<\/p>\n<p>Esta Serie fue iniciada en Nueva York , encerr\u00e1ndome en el estudio totalmente mentalizada a abordar planos de investigaci\u00f3n muy definitivos y concluyentes que cerraran y explicaran la intencionalidad de la primera propuesta para la investigaci\u00f3n total, muy bien definida en el propio t\u00edtulo de la tesis doctoral que matricul\u00e9 en la Facultad de Bellas Artes, en el a\u00f1o 1989: <em>Experimentaci\u00f3n, an\u00e1lisis y definici\u00f3n del concepto de Energ\u00eda Pl\u00e1stica, como elemento Unificador de la composici\u00f3n. El Concepto de Divisi\u00f3n Pl\u00e1stica.<\/em><\/p>\n<p>En New York, primeros de mayo 2014, escrib\u00eda:<\/p>\n<p>\u00a8B\u00e1sicamente la estructura de la creaci\u00f3n consiste en superar la gravedad (concepto de diferenciaci\u00f3n para mi, irse independizando absolutamente de todo objeto del tipo que sea, f\u00edsico, emocional, mental o transcendente) y esto es lo mismo que para que se produzca la creaci\u00f3n es necesario el concepto de Divisi\u00f3n. Todo se divide para crearse: re creprearse. Yo \u2013 cualquier persona &#8211; ha de dividirse: diferenciarse de todos los dem\u00e1s, si quiere ir hacia s\u00ed misma, si quiere SER LA QUE ES.<\/p>\n<p>En este proceso de diferenciaci\u00f3n es creadora, todo lo que haga o realice ser\u00e1creador, estar\u00e1 creando. Hay que separarse absolutamente de todo!<\/p>\n<p>Mi proceso de diferenciaci\u00f3n intelectual-f\u00edsica se fue realizando con la obra de investigaci\u00f3n geom\u00e9trica, intelectual-mental con las Series de Puntos y la intelectual- emocional con todo el proceso de investigaci\u00f3n psicoanal\u00edtica pl\u00e1stica.<\/p>\n<p>Ahora lo que pretendo realizar es la obra art\u00edstica que est\u00e9 relacionada precisamente con la obtenci\u00f3n de esa liberaci\u00f3n de la materia, de toda la materia. Por lo que tambi\u00e9n me gusta llamarlo la cuarta dimensi\u00f3n. Desde la cuarta dimensi\u00f3n, o desde este lugar o posicionamiento en el que a todo se respeta, a todo se deja ser, la creaci\u00f3n se supone debiera ser instant\u00e1nea, puesto que absolutamente nada interno lo est\u00e1 bloqueando.<\/p>\n<p>Pienso que la mente superior, es decir, la mente sin ning\u00fan tipo de bloqueo, tiene la facultad de crear todo lo que se necesita y en el momento en que ello ocurre. No quiere decir que yo lo haya logrado de manera firme y permanente, pero creo que las cosas, por l\u00f3gica, han de ser as\u00ed. Todo esto es lo que deseo ir trabajando y conociendo en mi actual Serie 21 de investigaci\u00f3n art\u00edstica\u00a8.<\/p>\n<p>El 29\/7\/16, escribo sobre Serie 21:<\/p>\n<p>\u00a8ESTRUCTURA DE LA CREACI\u00d3N o Evoluci\u00f3n de la inteligencia superior femenina, por la capacidad de asimilaci\u00f3n del espacio tridimensional horizontal + m\u00e1s el espacio tridimensional vertical, que confiere la ascensi\u00f3n a una dimensi\u00f3n o nivel superior de visi\u00f3n.<\/p>\n<p>Creo que entender la estructura de la creaci\u00f3n, es entender la lucha de los opuestos, en la que, necesariamente en cada nivel y circunstancia, HA DE PODER EL BIEN, ya que de otra manera la vida no seguir\u00eda.<\/p>\n<p>Es decir, para poder ascender a otro nivel superior al de la dualidad de la tridimensi\u00f3n de esta vida humana, se ha de poder ver dicha guerra de opuestos, saber como funciona y, desde la capacidad FEMENINA, con estrategias de inteligencia superior, es decir, sin violencia, VENCER, ANIQUILAR LA ACCI\u00d3N AGRESORA MASCULINA.<\/p>\n<p>La estrategia de inteligencia superior femenina, requiere para empezar, <strong>tener una autoestima tan alta que pueda <em>diferenciarse <\/em>de los poderes y estrategias masculinas. <\/strong>Por lo general, lo masculino, quien se siente con el poder social adquirido desde siempre, <strong>no teme a la feminidad, <\/strong>no conoce a la feminidad, no sabe, porque no puede percibirla, su nivel de evoluci\u00f3n e inteligencia, por lo que no se protege de ella, lo cual es una ventaja en este momento en el que valorar la feminidad se hace universalmente necesario.<\/p>\n<p>La estrategia de inteligencia superior femenina requiere tambi\u00e9n enormes dosis de paciencia, observaci\u00f3n y an\u00e1lisis, m\u00e1s una cualidad femenina muy poderosa que es la capacidad de <strong>percepci\u00f3n<\/strong>. Percepci\u00f3n, a la que ha de escuchar y hacer caso, atendiendo a su desarrollo hasta convertirla una herramienta de conocimiento eficaz e inmediata.<\/p>\n<p>Lo siguiente es la capacidad de ascensi\u00f3n a un nivel superior de observaci\u00f3n.<\/p>\n<p>&#8211; Es decir, ha de desarrollar la capacidad de diferenciaci\u00f3n y perspectiva horizontal, con el enemigo, con el opuesto, por un lado. Crear espacio entre una misma y el oponente (que con mucha frecuencia es una oponente)<\/p>\n<p>&#8211; Por el otro, ha de desarrollar la capacidad de diferenciaci\u00f3n y perspectiva vertical, ENTRE ELLA MISMA (la feminidad, ya est\u00e9 en cuerpo de hombre o en cuerpo de mujer) EN RELACI\u00d3N CON EL OPUESTO (igualmente sea hombre o mujer).<\/p>\n<p>LA CONSTRUCCI\u00d3N Y CIERRE DE UN C\u00cdRCULO HORIZONTAL, M\u00c1S LA CONSTRUCCI\u00d3N Y CIERRE DE UN C\u00cdRCULO VERTICAL = volumen tridimensional visualizado desde la CUARTA DIMENSI\u00d3N. Visualizado desde un nivel de perspectiva superior.<\/p>\n<p>&#8230;..<\/p>\n<p>Esto es lo te\u00f3rico. Ahora lo que corresponde es aplicar esto en la pr\u00e1ctica diaria. En lo que a mi persona respecta, por toda la experiencia y el dolor sufrido a lo largo de mi vida , la opci\u00f3n que tengo es, adem\u00e1s de <strong>colocarme<\/strong> (ascensi\u00f3n ) en ese nivel de perspectiva superior, por la diferenciaci\u00f3n y espacio horizontal + por la diferenciaci\u00f3n y espacio vertical que explic\u00f3 arriba,<\/p>\n<p>&#8211; CREER, confiar, en una inteligencia femenina superior ADQUIRIDA por dicha ascensi\u00f3n o asimilaci\u00f3n del espacio horizontal + asimilaci\u00f3n del espacio vertical, y obrar como corresponde. Con el poder y la seguridad que se adquiere por LA OBJETIVIDAD de <em><u>NO MEZCLARSE, <\/u><\/em>no confundirse ni con el opuesto en s\u00ed, ni con la lucha en si de opuestos\u00a8.<\/p>\n<p><strong>\u00a0<\/strong><\/p>\n","protected":false},"excerpt":{"rendered":"<p>Serie 21: Estructura de la Creaci\u00f3n. La Capacidad de Visualizar la Totalidad. Identificaci\u00f3n, Visualizaci\u00f3n y Transparencia de los abusos de poder de la sociedad patriarcal &#8211; machista, investigada en sus manifestaciones m\u00e1s oscuras y crueles. Investigadas igualmente las l\u00edneas de comunicaci\u00f3n inconscientes entre generaciones y&#8230;<\/p>\n","protected":false},"author":2,"featured_media":0,"parent":4859,"menu_order":0,"comment_status":"closed","ping_status":"closed","template":"","meta":{"footnotes":""},"class_list":["post-5723","page","type-page","status-publish","hentry"],"_links":{"self":[{"href":"https:\/\/www.inesmedina.com\/es\/wp-json\/wp\/v2\/pages\/5723","targetHints":{"allow":["GET"]}}],"collection":[{"href":"https:\/\/www.inesmedina.com\/es\/wp-json\/wp\/v2\/pages"}],"about":[{"href":"https:\/\/www.inesmedina.com\/es\/wp-json\/wp\/v2\/types\/page"}],"author":[{"embeddable":true,"href":"https:\/\/www.inesmedina.com\/es\/wp-json\/wp\/v2\/users\/2"}],"replies":[{"embeddable":true,"href":"https:\/\/www.inesmedina.com\/es\/wp-json\/wp\/v2\/comments?post=5723"}],"version-history":[{"count":10,"href":"https:\/\/www.inesmedina.com\/es\/wp-json\/wp\/v2\/pages\/5723\/revisions"}],"predecessor-version":[{"id":7057,"href":"https:\/\/www.inesmedina.com\/es\/wp-json\/wp\/v2\/pages\/5723\/revisions\/7057"}],"up":[{"embeddable":true,"href":"https:\/\/www.inesmedina.com\/es\/wp-json\/wp\/v2\/pages\/4859"}],"wp:attachment":[{"href":"https:\/\/www.inesmedina.com\/es\/wp-json\/wp\/v2\/media?parent=5723"}],"curies":[{"name":"wp","href":"https:\/\/api.w.org\/{rel}","templated":true}]}}